{"id":941,"date":"2014-09-09T18:56:39","date_gmt":"2014-09-09T16:56:39","guid":{"rendered":"http:\/\/www.patchworkmanufaktur.de\/?page_id=941"},"modified":"2021-08-08T17:12:32","modified_gmt":"2021-08-08T15:12:32","slug":"social-beta","status":"publish","type":"page","link":"https:\/\/www.patchworkmanufaktur.de\/?page_id=941","title":{"rendered":"Soziale Projekte \/ Quillt-Angels"},"content":{"rendered":"<h1 style=\"text-align: center;\"><strong><span style=\"color: #ff0000;\">2017<\/span><\/strong><\/h1>\n<p style=\"text-align: center;\">Wir sind sehr stolz auf die Nominierung f\u00fcr eine Spende \u00a0\u00fcber 500 \u20ac von der<\/p>\n<p style=\"text-align: center;\">Firma Open Grid Europe aus Essen.<\/p>\n<p><a href=\"http:\/\/www.patchworkmanufaktur.de\/wp-content\/uploads\/Spende-2017-Open-Grid-Europe-CIMG4756.jpg\"><img loading=\"lazy\" decoding=\"async\" class=\"aligncenter wp-image-2222\" src=\"http:\/\/www.patchworkmanufaktur.de\/wp-content\/uploads\/Spende-2017-Open-Grid-Europe-CIMG4756-1024x768.jpg\" alt=\"\" width=\"255\" height=\"191\" srcset=\"https:\/\/www.patchworkmanufaktur.de\/wp-content\/uploads\/Spende-2017-Open-Grid-Europe-CIMG4756-1024x768.jpg 1024w, https:\/\/www.patchworkmanufaktur.de\/wp-content\/uploads\/Spende-2017-Open-Grid-Europe-CIMG4756-300x225.jpg 300w, https:\/\/www.patchworkmanufaktur.de\/wp-content\/uploads\/Spende-2017-Open-Grid-Europe-CIMG4756-768x576.jpg 768w, https:\/\/www.patchworkmanufaktur.de\/wp-content\/uploads\/Spende-2017-Open-Grid-Europe-CIMG4756.jpg 2048w\" sizes=\"auto, (max-width: 255px) 100vw, 255px\" \/><\/a><\/p>\n<h5 style=\"text-align: center;\"><\/h5>\n<h5 style=\"text-align: center;\">Am 1. Dezember 2017 hatte ich die Ehre und gro\u00dfe Freude Ihre Spende f\u00fcr<\/h5>\n<h5 style=\"text-align: center;\">meine Gruppe <strong>\u00b4Quilt \u2013 Angels<\/strong>\u00b4 bei der Rest \u2013 Cent Spenden\u00fcbergabe<\/h5>\n<h5 style=\"text-align: center;\">in Ihrem Haus entgegen zu nehmen.<\/h5>\n<h5 style=\"text-align: center;\">Auf diesem Wege m\u00f6chte ich mich namens aller Quilt \u2013 Angel recht herzlich bei allen<\/h5>\n<h5 style=\"text-align: center;\">Mitarbeiterinnen und Mitarbeitern der <strong>Open Grid Europe <\/strong>f\u00fcr Ihre Bereitschaft zu<\/h5>\n<h5 style=\"text-align: center;\">spenden bedanken.<\/h5>\n<h5 style=\"text-align: center;\">Es ist eine gro\u00dfe Wertsch\u00e4tzung, welche alle sozial engagierten Gruppen erfahren.<\/h5>\n<h5 style=\"text-align: center;\">Diese Spende wird ganz selbstverst\u00e4ndlich wieder in unser Engagement<\/h5>\n<h5 style=\"text-align: center;\">einflie\u00dfen; konkret werden wieder Baumwollstoffe und F\u00fcllwatte<\/h5>\n<h5 style=\"text-align: center;\">finanziert um auch in Zukunft unsere Hilfe f\u00fcr krebskranke<\/h5>\n<h5 style=\"text-align: center;\">Frauen und Kinder zu leisten.<\/h5>\n<h5 style=\"text-align: center;\">Wir w\u00fcnschen Ihnen allen eine friedliche Weihnachtszeit<\/h5>\n<h5 style=\"text-align: center;\">und ein erfolgreiches Neues Jahr 2018.<\/h5>\n<h5 style=\"text-align: center;\">Herzlichen Dank.<\/h5>\n<h5 style=\"text-align: center;\"><em>Angelika Graichen<\/em><\/h5>\n<h5 style=\"text-align: center;\"><em>Jelka Bertram<\/em><\/h5>\n<h5 style=\"text-align: center;\"><em>Uschi Helmich<\/em><\/h5>\n<h5 style=\"text-align: center;\"><em>Hannelore Neuber<\/em><\/h5>\n<h5 style=\"text-align: center;\"><em>Irina Jansen<\/em><\/h5>\n<h5 style=\"text-align: center;\"><em>Waltraud M\u00fcller<\/em><\/h5>\n<h5 style=\"text-align: center;\"><em>Marion Meyer<\/em><\/h5>\n<h5 style=\"text-align: center;\"><em>Hanna Lange<\/em><\/h5>\n<h5 style=\"text-align: center;\"><em>Dorothea Michel<\/em><\/h5>\n<h5 style=\"text-align: center;\"><em>Christine Hirsch<\/em><\/h5>\n<h5 style=\"text-align: center;\"><em>*********************************************\u00a0<\/em><\/h5>\n<p>&nbsp;<\/p>\n<p><strong>Auch in dieses Jahr 2017 haben wir wieder umfangreich das Kinderhospiz Regenbogenland in D\u00fcsseldorf , die Kinderonkologie der Heinrich Heine Universit\u00e4tsklinik in D\u00fcsseldorf, das Brustzentrum in Hilden, das Alfried Krupp Krankenhaus in Essen, das Sana Krankenhaus in Gerresheim, die Kinderonkologie der Carl Gustav Cars Universit\u00e4tsklinik in Dresden und nicht zuletzt die Kita \u00b4Plapperfr\u00f6sche\u00b4in Haan- Gruiten unterst\u00fctzt.<\/strong><\/p>\n<p style=\"text-align: center;\">Noch vor dem 1. Advent geht eine letzte Lieferung in diesem Jahr an die Kinderonkologie in Dresden mit diesem weihnachtlichen Quilt und \u00a0Kuschelkissen f\u00fcr die Kinderstation.<\/p>\n<p><a href=\"http:\/\/www.patchworkmanufaktur.de\/wp-content\/uploads\/freie-Gestaltung-1-CIMG4743.jpg\"><img loading=\"lazy\" decoding=\"async\" class=\"aligncenter wp-image-2169\" src=\"http:\/\/www.patchworkmanufaktur.de\/wp-content\/uploads\/freie-Gestaltung-1-CIMG4743-785x1024.jpg\" alt=\"\" width=\"450\" height=\"587\" srcset=\"https:\/\/www.patchworkmanufaktur.de\/wp-content\/uploads\/freie-Gestaltung-1-CIMG4743-785x1024.jpg 785w, https:\/\/www.patchworkmanufaktur.de\/wp-content\/uploads\/freie-Gestaltung-1-CIMG4743-230x300.jpg 230w, https:\/\/www.patchworkmanufaktur.de\/wp-content\/uploads\/freie-Gestaltung-1-CIMG4743-768x1002.jpg 768w, https:\/\/www.patchworkmanufaktur.de\/wp-content\/uploads\/freie-Gestaltung-1-CIMG4743.jpg 1259w\" sizes=\"auto, (max-width: 450px) 100vw, 450px\" \/><\/a><\/p>\n<p><a href=\"http:\/\/www.patchworkmanufaktur.de\/wp-content\/uploads\/Dresden-122017CIMG4747.jpg\"><img loading=\"lazy\" decoding=\"async\" class=\"aligncenter wp-image-2174\" src=\"http:\/\/www.patchworkmanufaktur.de\/wp-content\/uploads\/Dresden-122017CIMG4747-838x1024.jpg\" alt=\"\" width=\"346\" height=\"423\" srcset=\"https:\/\/www.patchworkmanufaktur.de\/wp-content\/uploads\/Dresden-122017CIMG4747-838x1024.jpg 838w, https:\/\/www.patchworkmanufaktur.de\/wp-content\/uploads\/Dresden-122017CIMG4747-245x300.jpg 245w, https:\/\/www.patchworkmanufaktur.de\/wp-content\/uploads\/Dresden-122017CIMG4747-768x939.jpg 768w, https:\/\/www.patchworkmanufaktur.de\/wp-content\/uploads\/Dresden-122017CIMG4747.jpg 1529w\" sizes=\"auto, (max-width: 346px) 100vw, 346px\" \/><\/a><\/p>\n<p>**********************************************************************************<\/p>\n<p style=\"text-align: center;\">Im September haben wir wieder Kissen und Decken \u00fcbergeben.<\/p>\n<p style=\"text-align: center;\">Hier der Link zur Webseite des Regenbogenlandes:<\/p>\n<p style=\"text-align: center;\"><a href=\"http:\/\/www.kinderhospiz-regenbogenland.de\">http:\/\/www.kinderhospiz-regenbogenland.de<\/a><\/p>\n<p style=\"text-align: center;\"><span style=\"color: #0000ff;\">*****************************************<\/span><\/p>\n<p style=\"text-align: center;\"><strong> 09. Juli 2017 er\u00f6ffnete das Hospiz Regenbogenland in D\u00fcsseldorf das neuen Jugendhaus.<\/strong><\/p>\n<p style=\"text-align: center;\">Wir Quilt &#8211; Angels waren mit dabei. Nat\u00fcrlich hatten wir einen gro\u00dfen Sack unseren typischen Sachen als Spende \u00a0dabei.<\/p>\n<p><a href=\"http:\/\/www.patchworkmanufaktur.de\/wp-content\/uploads\/Hospiz-2017-image9.jpg\"><img loading=\"lazy\" decoding=\"async\" class=\"aligncenter size-medium wp-image-2013\" src=\"http:\/\/www.patchworkmanufaktur.de\/wp-content\/uploads\/Hospiz-2017-image9-225x300.jpg\" alt=\"\" width=\"225\" height=\"300\" srcset=\"https:\/\/www.patchworkmanufaktur.de\/wp-content\/uploads\/Hospiz-2017-image9-225x300.jpg 225w, https:\/\/www.patchworkmanufaktur.de\/wp-content\/uploads\/Hospiz-2017-image9-768x1024.jpg 768w, https:\/\/www.patchworkmanufaktur.de\/wp-content\/uploads\/Hospiz-2017-image9.jpg 960w\" sizes=\"auto, (max-width: 225px) 100vw, 225px\" \/><\/a><\/p>\n<p>&nbsp;<\/p>\n<p><a href=\"http:\/\/www.patchworkmanufaktur.de\/wp-content\/uploads\/Hospiz-2017image5.jpg\"><img loading=\"lazy\" decoding=\"async\" class=\"aligncenter size-medium wp-image-2018\" src=\"http:\/\/www.patchworkmanufaktur.de\/wp-content\/uploads\/Hospiz-2017image5-300x225.jpg\" alt=\"\" width=\"300\" height=\"225\" srcset=\"https:\/\/www.patchworkmanufaktur.de\/wp-content\/uploads\/Hospiz-2017image5-300x225.jpg 300w, https:\/\/www.patchworkmanufaktur.de\/wp-content\/uploads\/Hospiz-2017image5-768x576.jpg 768w, https:\/\/www.patchworkmanufaktur.de\/wp-content\/uploads\/Hospiz-2017image5-1024x768.jpg 1024w, https:\/\/www.patchworkmanufaktur.de\/wp-content\/uploads\/Hospiz-2017image5.jpg 1280w\" sizes=\"auto, (max-width: 300px) 100vw, 300px\" \/><\/a><\/p>\n<p style=\"text-align: center;\">Wie wir wissen, immer wieder eine gro\u00dfe Freude f\u00fcr die Kinder und Jugendlichen.<\/p>\n<p style=\"text-align: center;\"><span style=\"color: #0000ff;\">**********************************************************************************<\/span><\/p>\n<p><a href=\"http:\/\/www.kinderhospiz-regenbogenland.de\/aktuelles\/nachrichten\/wundersch%C3%B6ne-kuscheldecken-f%C3%BCr-\"><br \/>\n<img loading=\"lazy\" decoding=\"async\" class=\"aligncenter size-medium wp-image-1846\" src=\"http:\/\/www.patchworkmanufaktur.de\/wp-content\/uploads\/Hospiz-2017-3IMG_2289-300x225.jpg\" alt=\"Hospiz 2017 3IMG_2289\" width=\"300\" height=\"225\" srcset=\"https:\/\/www.patchworkmanufaktur.de\/wp-content\/uploads\/Hospiz-2017-3IMG_2289-300x225.jpg 300w, https:\/\/www.patchworkmanufaktur.de\/wp-content\/uploads\/Hospiz-2017-3IMG_2289.jpg 640w\" sizes=\"auto, (max-width: 300px) 100vw, 300px\" \/><\/a><\/p>\n<p style=\"text-align: center;\">Die <span style=\"color: #008000;\">&#8220; Quilt &#8211; Angels&#8220;<\/span> haben wieder flei\u00dfig gen\u00e4ht und so konnte ich im Februar 2017 \u00a0wieder viele, viele wunderbare Kuschelkissen und -figuren f\u00fcr die Kinder im Hospiz &#8220; Regenbogenland&#8220; Duesseldorf abgeben.<\/p>\n<p style=\"text-align: center;\">Frau Melanie van Dijk und das ganze Team freuen sich immer auf den Moment, diese Sachen\u00a0an die Kinder weiter zu geben. Heute war der gro\u00dfe Elefant,<\/p>\n<p style=\"text-align: center;\">gen\u00e4ht von <i>\u00a0\u00a0<\/i><span style=\"color: #ff6600;\">Hanna Lange\u00a0<\/span><span style=\"color: #0000ff;\"><span style=\"color: #ff6600;\">aus Haan<\/span> <\/span>das Lieblingsst\u00fcck!<\/p>\n<p style=\"text-align: center;\"><span style=\"color: #0000ff;\">******************************************<\/span><\/p>\n<h3 style=\"text-align: center;\"><span style=\"text-decoration: underline;\"><span style=\"color: #008000; text-decoration: underline;\">Ein kurzer R\u00fcckblick:<\/span><\/span><\/h3>\n<p style=\"text-align: center;\">Zum Abschluss des Jahres 2016 organisierte die Uniklinik &#8211; Duesseldorf einen kleinen \u00a0Weihnachtsmarkt.\u00a0Wir waren auch mit einem Stand vertreten. Das Wetter war gut, so da\u00df viele Patienten und Mitarbeiter\u00a0den Markt besuchten.<\/p>\n<p style=\"text-align: center;\">Wir boten \u00a0sowohl weihnachtliche Kleinigkeiten an als auch viele, viele Dinge aus Stoff, welche Kindern Freude machen.<\/p>\n<p style=\"text-align: center;\">Alle Dinge, welche am Ende noch \u00fcbrig waren haben wir der\u00a0Station K4 -Kinderonkologie der Uniklinik Duesseldorf und dem Hospiz &#8220; Regenbogenland&#8220; in Duesseldorf gespendet.<\/p>\n<p style=\"text-align: center;\"><span style=\"color: #ff6600;\">Vom Verkaufserl\u00f6s haben\u00a0wir 30% an Frau Friedland f\u00fcr die\u00a0 <\/span><span style=\"color: #ff6600;\">Mukoviszidose &#8211; Stiftung \u00a0zur Verf\u00fcgung gestellt.<\/span><\/p>\n<p style=\"text-align: center;\">Der Rest flie\u00dft wieder in die Beschaffung von Material f\u00fcr unsere sozialen Projekte.<\/p>\n<p style=\"text-align: center;\"><a href=\"http:\/\/www.patchworkmanufaktur.de\/wp-content\/uploads\/Weihnachtsmarkt-Ddorf-Uni-2016-1692.jpg\"><img loading=\"lazy\" decoding=\"async\" class=\"aligncenter size-medium wp-image-1701\" src=\"http:\/\/www.patchworkmanufaktur.de\/wp-content\/uploads\/Weihnachtsmarkt-Ddorf-Uni-2016-1692-300x180.jpg\" alt=\"Weihnachtsmarkt D&#96;dorf Uni 2016 1692\" width=\"300\" height=\"180\" srcset=\"https:\/\/www.patchworkmanufaktur.de\/wp-content\/uploads\/Weihnachtsmarkt-Ddorf-Uni-2016-1692-300x180.jpg 300w, https:\/\/www.patchworkmanufaktur.de\/wp-content\/uploads\/Weihnachtsmarkt-Ddorf-Uni-2016-1692-1024x614.jpg 1024w\" sizes=\"auto, (max-width: 300px) 100vw, 300px\" \/><\/a><em>Jelka Bertram und Angelika Graichen am Stand<\/em><\/p>\n<p style=\"text-align: center;\">Wir haben einmal \u00fcberschlagen, was <span style=\"color: #ff00ff;\">alle &#8220; Quilt &#8211; Angels&#8220; und Mitn\u00e4herinnen seit der<\/span> <span style=\"color: #ff00ff;\">Gr\u00fcndung 2010<\/span> an Artikeln hergestellt haben:<\/p>\n<p style=\"text-align: center;\"><span style=\"color: #0000ff;\">*****************************<\/span><\/p>\n<p style=\"text-align: center;\"><strong><span style=\"color: #ff0000;\">Es sind rund 20.000 Teile<\/span><\/strong><\/p>\n<p style=\"text-align: center;\">im Wert von 100.000 \u20ac<\/p>\n<p style=\"text-align: center;\"><strong><span style=\"color: #ff002f;\">Darauf sind wir alle sehr stolz!<\/span><\/strong><\/p>\n<p style=\"text-align: center;\"><span style=\"color: #339966;\">******************************<\/span><\/p>\n<p style=\"text-align: left;\">\u00a0 \u00a0 \u00a0 \u00a0 \u00a0 \u00a0 Es sind:<\/p>\n<ul>\n<li style=\"text-align: left;\">Herzkissen und Umh\u00e4ngetaschen f\u00fcr an Brustkrebs erkrankte Frauen<\/li>\n<li style=\"text-align: left;\">Broviac-Katheterbeutel,<\/li>\n<li style=\"text-align: left;\">Kuschelkissen,<\/li>\n<li style=\"text-align: left;\">Kopfkissenquilts,<\/li>\n<li style=\"text-align: left;\">Stofftiere,<\/li>\n<li style=\"text-align: left;\">Mut -Perlen- Beutel,<\/li>\n<li style=\"text-align: left;\">Kinderkuscheldecken,<\/li>\n<li style=\"text-align: left;\">Bez\u00fcge f\u00fcr Kirschkernkissen,<\/li>\n<li style=\"text-align: left;\">Bez\u00fcge f\u00fcr Lagerungskissen,<\/li>\n<li style=\"text-align: left;\">Nesteldeckchen<\/li>\n<li style=\"text-align: left;\">und viele Kleinigkeiten als Trostgeschenke f\u00fcr die Kinder.<\/li>\n<\/ul>\n<h3 style=\"text-align: center;\"><span style=\"text-decoration: underline;\"><span style=\"color: #ff0000; text-decoration: underline;\">Unglaublich!<\/span><\/span><\/h3>\n<h3 style=\"text-align: center;\">Ich bedanke mich sehr herzlich bei allen Menschen, welche mit spontanen Sachspenden und finanzieller Unterst\u00fctzung dieses Engagement\u00a0mitgetragen haben.<\/h3>\n<h3 style=\"text-align: center;\">***********************<\/h3>\n<h3 style=\"text-align: center;\"><span style=\"color: #000000;\">Nat\u00fcrlich machen wir weiter und hoffen,\u00a0<\/span>da\u00df es uns gelingt, wieder Erleichterung f\u00fcr betroffene Frauen in Form der Herzkissen zur Verf\u00fcgung zu stellen.\u00a0Freude, Hoffnung und Mutzuspruch f\u00fcr erkrankte Kinder und deren Angeh\u00f6rige ist eine besondere Aufgabe.<\/h3>\n<p style=\"text-align: center;\"><strong>Viele positive Gedanke begleiten unser Tun!<\/strong><\/p>\n<p style=\"text-align: center;\">*************************************<\/p>\n<h1 style=\"text-align: center;\"><strong><span style=\"color: #ff0000;\">2016<\/span><\/strong><\/h1>\n<p style=\"text-align: center;\"><span style=\"color: #008000;\">Und schon sind wir wieder mit unserer Herzenssache dabei !<\/span><\/p>\n<p style=\"text-align: center;\"><span style=\"color: #ff0000;\">********************<\/span><\/p>\n<p style=\"text-align: center;\">Im November 2016 konnten wir auch dem <span style=\"color: #0000ff;\">Brustzentrum im Hildener Kankenhaus<\/span> \u00fcber <span style=\"color: #ff00ff;\">120<\/span> Herzkissen zur Verf\u00fcgung stellen.<\/p>\n<p style=\"text-align: center;\"><a href=\"http:\/\/www.patchworkmanufaktur.de\/wp-content\/uploads\/Brustzentrum-Hilden-2-IMGP7812.jpg\"><img loading=\"lazy\" decoding=\"async\" class=\"aligncenter size-medium wp-image-1687\" src=\"http:\/\/www.patchworkmanufaktur.de\/wp-content\/uploads\/Brustzentrum-Hilden-2-IMGP7812-300x225.jpg\" alt=\"brustzentrum-hilden-2-imgp7812\" width=\"300\" height=\"225\" srcset=\"https:\/\/www.patchworkmanufaktur.de\/wp-content\/uploads\/Brustzentrum-Hilden-2-IMGP7812-300x225.jpg 300w, https:\/\/www.patchworkmanufaktur.de\/wp-content\/uploads\/Brustzentrum-Hilden-2-IMGP7812-1024x768.jpg 1024w\" sizes=\"auto, (max-width: 300px) 100vw, 300px\" \/><\/a><\/p>\n<p style=\"text-align: center;\"><span style=\"color: #ff0000;\">*******************************<\/span><\/p>\n<p style=\"text-align: center;\"><strong><span style=\"color: #ff0000;\">Weihnachtsmarkt in der Uniklinik D\u00fcsseldorf<\/span><\/strong><\/p>\n<p style=\"text-align: center;\">In der Zeit vom 01. bis 16. Dezember 2016 findet in Uniklinik D\u00fcsseldorf &#8211; Kinderonkologie ein Weihnachtsmarkt statt.<span style=\"color: #ff0000;\"> Die Quilt &#8211; Angels<\/span> werden auch mit einem Stand dabei sein.<\/p>\n<p style=\"text-align: center;\"><strong>Unser Termin : am 07.12 und 08.12 2016 sind wir jeweils von 11 &#8211; 18 Uhr da.<\/strong><\/p>\n<p style=\"text-align: center;\"><span style=\"color: #ff0000;\">*****************************<\/span><\/p>\n<p style=\"text-align: center;\"><span style=\"color: #ff0000;\"><strong>Erntedank 2016<\/strong><\/span><\/p>\n<p style=\"text-align: center;\"><strong>Montag, 03. Oktober2016<\/strong> findet wieder das Erntedankfest auf dem Hof von Familie Br\u00f6cker im <strong>&#8220; Gut zur Linden &#8222;<\/strong> statt.<\/p>\n<p style=\"text-align: center;\">Ein Stand zu Gunsten der Quilt &#8211; Angels ist auch wieder dabei.<\/p>\n<p style=\"text-align: center;\"><a href=\"http:\/\/www.patchworkmanufaktur.de\/wp-content\/uploads\/Erntedank-2016-RIMG0790.jpeg\"><img loading=\"lazy\" decoding=\"async\" class=\"aligncenter size-medium wp-image-1638\" src=\"http:\/\/www.patchworkmanufaktur.de\/wp-content\/uploads\/Erntedank-2016-RIMG0790-300x267.jpeg\" alt=\"erntedank-2016-rimg0790\" width=\"300\" height=\"267\" srcset=\"https:\/\/www.patchworkmanufaktur.de\/wp-content\/uploads\/Erntedank-2016-RIMG0790-300x267.jpeg 300w, https:\/\/www.patchworkmanufaktur.de\/wp-content\/uploads\/Erntedank-2016-RIMG0790.jpeg 916w\" sizes=\"auto, (max-width: 300px) 100vw, 300px\" \/><\/a><\/p>\n<p style=\"text-align: center;\"><span style=\"color: #ff0000;\">****************************<\/span><\/p>\n<p style=\"text-align: center;\"><strong>Juli 2016<\/strong><\/p>\n<p style=\"text-align: center;\">Mit zwei gro\u00dfen Taschen,\u00a0gef\u00fcllt\u00a0mit\u00a0Broviac-Katheterbeuteln, Kopfkissenquilts, Kuschelkissen, Stofftieren und vielen, vielen <span style=\"text-decoration: underline;\"><strong style=\"color: #ff6600; text-decoration: underline;\">Mut &#8211; Perlen &#8211; Beuteln <\/strong><\/span><span style=\"text-decoration: underline;\"><span class=\"Apple-style-span\" style=\"color: #ff6600; text-decoration: underline;\">\u00a0<span style=\"color: #000000; text-decoration: underline;\">r<\/span><\/span><\/span>eiste ich im Juli nach Dresden und \u00fcbergab Frau Diana Heynold, der f\u00fcrsorglichen Kinderschwester im Haus 65 \u00a0der \u00b4Carl Gustav Carus Uniklinik `diese Sachen.<\/p>\n<p style=\"text-align: center;\"><a href=\"http:\/\/www.patchworkmanufaktur.de\/wp-content\/uploads\/DD-Diana-Heynold-7-16-I-20160718_112230-Kopie.jpg\"><img loading=\"lazy\" decoding=\"async\" class=\"aligncenter size-medium wp-image-1598\" src=\"http:\/\/www.patchworkmanufaktur.de\/wp-content\/uploads\/DD-Diana-Heynold-7-16-I-20160718_112230-Kopie-278x300.jpg\" alt=\"DD Diana Heynold 7 : 16 ( I ) 20160718_112230 - Kopie\" width=\"278\" height=\"300\" srcset=\"https:\/\/www.patchworkmanufaktur.de\/wp-content\/uploads\/DD-Diana-Heynold-7-16-I-20160718_112230-Kopie-278x300.jpg 278w, https:\/\/www.patchworkmanufaktur.de\/wp-content\/uploads\/DD-Diana-Heynold-7-16-I-20160718_112230-Kopie-950x1024.jpg 950w\" sizes=\"auto, (max-width: 278px) 100vw, 278px\" \/><\/a><\/p>\n<p style=\"text-align: center;\">Die Freude war wieder riesig. Mein lieber Mann, welcher alle sozialen Aktivit\u00e4ten meiner Gruppe \u00b4Quit &#8211; Angels \u00b4im Hintergrund unterst\u00fctzt und mit tr\u00e4gt, bekommt ja sonst selten etwas von dieser Freude mit.<\/p>\n<p style=\"text-align: center;\"><a href=\"http:\/\/www.patchworkmanufaktur.de\/wp-content\/uploads\/DD-Diana-Heynold-III-716-20160718_112242-Kopie.jpg\"><img loading=\"lazy\" decoding=\"async\" class=\"aligncenter size-medium wp-image-1601\" src=\"http:\/\/www.patchworkmanufaktur.de\/wp-content\/uploads\/DD-Diana-Heynold-III-716-20160718_112242-Kopie-300x271.jpg\" alt=\"DD Diana Heynold ( III ) 7:16 20160718_112242 - Kopie\" width=\"300\" height=\"271\" srcset=\"https:\/\/www.patchworkmanufaktur.de\/wp-content\/uploads\/DD-Diana-Heynold-III-716-20160718_112242-Kopie-300x271.jpg 300w, https:\/\/www.patchworkmanufaktur.de\/wp-content\/uploads\/DD-Diana-Heynold-III-716-20160718_112242-Kopie-1024x924.jpg 1024w\" sizes=\"auto, (max-width: 300px) 100vw, 300px\" \/><\/a><\/p>\n<p style=\"text-align: center;\">An dieser Stelle m\u00f6chte ich auch allen Interessierten das wunderbare<\/p>\n<p style=\"text-align: center;\"><span style=\"color: #ff0000;\"><strong>MutPerlen &#8211; Projekt<\/strong>\u00a0 \u00a0<\/span><\/p>\n<p style=\"text-align: center;\"><span style=\"color: #ff0000;\">\u00a0<\/span>vorstellen:<\/p>\n<p style=\"text-align: center;\">Bitte Link anklicken<\/p>\n<p style=\"text-align: center;\"><a href=\"http:\/\/www.patchworkmanufaktur.de\/wp-content\/uploads\/Flyer_dt_RZ_Neutral_Mutperlen.pdf\">Flyer_dt_RZ_Neutral_Mutperlen<\/a><\/p>\n<p style=\"text-align: center;\">Wir \u00b4Quilt &#8211; Angels ` helfen bei\u00a0diesem Projekt mit gro\u00dfer Begeisterung !<\/p>\n<p style=\"text-align: center;\">Den folgenden\u00a0Link fand ein \u00b4Quilt &#8211; Angel\u00b4 bei You Tube:<\/p>\n<p><iframe loading=\"lazy\"  id=\"_ytid_60469\"  width=\"640\" height=\"360\"  data-origwidth=\"640\" data-origheight=\"360\" src=\"https:\/\/www.youtube.com\/embed\/sg2VIB6Fdy8?enablejsapi=1&#038;autoplay=0&#038;cc_load_policy=0&#038;cc_lang_pref=&#038;iv_load_policy=1&#038;loop=0&#038;modestbranding=0&#038;rel=1&#038;fs=1&#038;playsinline=0&#038;autohide=2&#038;theme=dark&#038;color=red&#038;controls=1&#038;\" class=\"__youtube_prefs__  epyt-is-override  no-lazyload\" title=\"YouTube player\"  allow=\"accelerometer; autoplay; clipboard-write; encrypted-media; gyroscope; picture-in-picture\" allowfullscreen data-no-lazy=\"1\" data-skipgform_ajax_framebjll=\"\"><\/iframe><\/p>\n<p style=\"text-align: center;\">Dieses Aktion\u00a0ist so\u00a0gro\u00dfartig und hilft\u00a0den betroffenen Kindern und deren Angeh\u00f6rigen. Es ist eine ganz\u00a0wichtige\u00a0psychologische und moralische Unterst\u00fctzung.<\/p>\n<p style=\"text-align: center;\">Ich habe im Namen aller \u00b4Quilt &#8211; Angels\u00b4 mein Versprechen gegeben, immer f\u00fcr gen\u00fcgend MutPerlen &#8211; Beutel zu sorgen.<\/p>\n<p style=\"text-align: center;\"><a href=\"http:\/\/www.patchworkmanufaktur.de\/wp-content\/uploads\/DD-Diana-Heynold-II-716-20160718_112316-Kopie.jpg\"><img loading=\"lazy\" decoding=\"async\" class=\"aligncenter size-medium wp-image-1606\" src=\"http:\/\/www.patchworkmanufaktur.de\/wp-content\/uploads\/DD-Diana-Heynold-II-716-20160718_112316-Kopie-300x205.jpg\" alt=\"DD Diana Heynold ( II )7:16 20160718_112316 - Kopie\" width=\"300\" height=\"205\" srcset=\"https:\/\/www.patchworkmanufaktur.de\/wp-content\/uploads\/DD-Diana-Heynold-II-716-20160718_112316-Kopie-300x205.jpg 300w, https:\/\/www.patchworkmanufaktur.de\/wp-content\/uploads\/DD-Diana-Heynold-II-716-20160718_112316-Kopie-1024x701.jpg 1024w\" sizes=\"auto, (max-width: 300px) 100vw, 300px\" \/><\/a><\/p>\n<p style=\"text-align: center;\"><span style=\"color: #ff0000;\">******************************************************<\/span><\/p>\n<p style=\"text-align: center;\"><strong>Mai 2016<\/strong><\/p>\n<p style=\"text-align: center;\">Im sch\u00f6nen Monat Mai sendeten wir wieder ein Paket an die Kinderonkologie der<\/p>\n<p style=\"text-align: center;\"><span style=\"color: #ff00ff;\">Carl -Gustav &#8211; Carus Universit\u00e4tsklinik in Dresden<\/span><\/p>\n<p style=\"text-align: center;\">Wieder waren es 68 Teile.<\/p>\n<p style=\"text-align: center;\">Unter vielen anderen sch\u00f6nen und kuscheligen Sachen diese besonders sch\u00f6nen Kopfkissen-Quilts, gen\u00e4ht vom <span style=\"color: #ff9900;\">\u00b4Quilt-Angel\u00b4 <\/span>Hannelore Neuber.<\/p>\n<p style=\"text-align: center;\"><a href=\"http:\/\/www.patchworkmanufaktur.de\/wp-content\/uploads\/Kopfkissenquilts-von-Hannelore-2-CIMG4168.jpg\"><img loading=\"lazy\" decoding=\"async\" class=\"aligncenter size-medium wp-image-1538\" src=\"http:\/\/www.patchworkmanufaktur.de\/wp-content\/uploads\/Kopfkissenquilts-von-Hannelore-2-CIMG4168-225x300.jpg\" alt=\"Kopfkissenquilts von Hannelore 2 CIMG4168\" width=\"225\" height=\"300\" srcset=\"https:\/\/www.patchworkmanufaktur.de\/wp-content\/uploads\/Kopfkissenquilts-von-Hannelore-2-CIMG4168-225x300.jpg 225w, https:\/\/www.patchworkmanufaktur.de\/wp-content\/uploads\/Kopfkissenquilts-von-Hannelore-2-CIMG4168-768x1024.jpg 768w, https:\/\/www.patchworkmanufaktur.de\/wp-content\/uploads\/Kopfkissenquilts-von-Hannelore-2-CIMG4168.jpg 1536w\" sizes=\"auto, (max-width: 225px) 100vw, 225px\" \/><\/a><\/p>\n<p style=\"text-align: center;\"><a href=\"http:\/\/www.patchworkmanufaktur.de\/wp-content\/uploads\/Kopfkissenquilts-f.-DD-von-Hannelore-1CIMG4169.jpg\"><img loading=\"lazy\" decoding=\"async\" class=\"aligncenter size-medium wp-image-1539\" src=\"http:\/\/www.patchworkmanufaktur.de\/wp-content\/uploads\/Kopfkissenquilts-f.-DD-von-Hannelore-1CIMG4169-300x290.jpg\" alt=\"Kopfkissenquilts f. DD von Hannelore 1CIMG4169\" width=\"300\" height=\"290\" srcset=\"https:\/\/www.patchworkmanufaktur.de\/wp-content\/uploads\/Kopfkissenquilts-f.-DD-von-Hannelore-1CIMG4169-300x290.jpg 300w, https:\/\/www.patchworkmanufaktur.de\/wp-content\/uploads\/Kopfkissenquilts-f.-DD-von-Hannelore-1CIMG4169-1024x990.jpg 1024w, https:\/\/www.patchworkmanufaktur.de\/wp-content\/uploads\/Kopfkissenquilts-f.-DD-von-Hannelore-1CIMG4169.jpg 1436w\" sizes=\"auto, (max-width: 300px) 100vw, 300px\" \/><\/a><\/p>\n<p style=\"text-align: center;\">Liebevoll hergestellt h\u00e4ngt an jedem Kopfkissen &#8211; Quilt ein kleines Herz!<\/p>\n<p style=\"text-align: center;\">Die Freude der Kinder k\u00f6nnen wir nicht sehen, aber daf\u00fcr sind wir halt Engel &#8211;<\/p>\n<p style=\"text-align: center;\"><span style=\"color: #993366;\">\u00b4Quilt &#8211; Angel\u00b4<\/span> und unsere besten W\u00fcnsche f\u00fcr jedes Kind haben wir mit hinein gen\u00e4ht.<\/p>\n<p style=\"text-align: center;\"><span style=\"color: #ff0000;\">***********************************<\/span><\/p>\n<p style=\"text-align: center;\"><strong>April 2016<\/strong><\/p>\n<p style=\"text-align: center;\">waren wieder fast 100\u00a0Herzkissen mit passenden Umh\u00e4ngetaschen f\u00fcr<\/p>\n<p style=\"text-align: center;\">das <strong>SANA &#8211; Krankenhaus<\/strong> in Duesseldorf -Gerresheim fertig.<\/p>\n<p style=\"text-align: center;\">Frau Smees holte wie immer, zuverl\u00e4ssig und selbstverst\u00e4ndlich die Herzkissen f\u00fcr die\u00a0Patientinnen ab.<\/p>\n<p style=\"text-align: center;\"><a href=\"http:\/\/www.patchworkmanufaktur.de\/wp-content\/uploads\/Abholung-Herzkissen-Fr.-Smeets-42016-CIMG4150.jpg\"><img loading=\"lazy\" decoding=\"async\" class=\"aligncenter size-medium wp-image-1524\" src=\"http:\/\/www.patchworkmanufaktur.de\/wp-content\/uploads\/Abholung-Herzkissen-Fr.-Smeets-42016-CIMG4150-225x300.jpg\" alt=\"Abholung Herzkissen Fr. Smeets 4:2016 CIMG4150\" width=\"225\" height=\"300\" srcset=\"https:\/\/www.patchworkmanufaktur.de\/wp-content\/uploads\/Abholung-Herzkissen-Fr.-Smeets-42016-CIMG4150-225x300.jpg 225w, https:\/\/www.patchworkmanufaktur.de\/wp-content\/uploads\/Abholung-Herzkissen-Fr.-Smeets-42016-CIMG4150-768x1024.jpg 768w, https:\/\/www.patchworkmanufaktur.de\/wp-content\/uploads\/Abholung-Herzkissen-Fr.-Smeets-42016-CIMG4150.jpg 1536w\" sizes=\"auto, (max-width: 225px) 100vw, 225px\" \/><\/a><\/p>\n<p style=\"text-align: center;\">Und einen Tag sp\u00e4ter\u00a0noch die Abholung von 100 Herzkissen + 100 Umh\u00e4ngetaschen<\/p>\n<p style=\"text-align: center;\">f\u00fcr das <strong>&#8220; Alfried Krupp Krankenhaus &#8222;<\/strong>in Essen.<\/p>\n<p style=\"text-align: center;\">Wie immer machte sich Frau Pelz f\u00fcr diese Klinik auf den Weg, damit allePatientinnen\u00a0versorgt sind!<\/p>\n<p style=\"text-align: center;\"><a href=\"http:\/\/www.patchworkmanufaktur.de\/wp-content\/uploads\/Abholung-Herzkissen-Essen-42016-CIMG4151.jpg\"><img loading=\"lazy\" decoding=\"async\" class=\"aligncenter size-medium wp-image-1529\" src=\"http:\/\/www.patchworkmanufaktur.de\/wp-content\/uploads\/Abholung-Herzkissen-Essen-42016-CIMG4151-225x300.jpg\" alt=\"Abholung Herzkissen Essen 4:2016 CIMG4151\" width=\"225\" height=\"300\" srcset=\"https:\/\/www.patchworkmanufaktur.de\/wp-content\/uploads\/Abholung-Herzkissen-Essen-42016-CIMG4151-225x300.jpg 225w, https:\/\/www.patchworkmanufaktur.de\/wp-content\/uploads\/Abholung-Herzkissen-Essen-42016-CIMG4151-768x1024.jpg 768w, https:\/\/www.patchworkmanufaktur.de\/wp-content\/uploads\/Abholung-Herzkissen-Essen-42016-CIMG4151.jpg 1536w\" sizes=\"auto, (max-width: 225px) 100vw, 225px\" \/><\/a><\/p>\n<p style=\"text-align: center;\">*<\/p>\n<p style=\"text-align: center;\">Und wir, <strong><span style=\"color: #ff6600;\"><em>die Quilt &#8211; Angels<\/em><\/span><\/strong> w\u00fcnschen allen betroffenen Frauen alles, alles Gute.<\/p>\n<p style=\"text-align: center;\">Werden Sie recht bald wieder gesund!<\/p>\n<p style=\"text-align: center;\"><span style=\"color: #ff0000;\">*********************<\/span><\/p>\n<p style=\"text-align: center;\"><strong>Die Plapperfr\u00f6sche &#8211; eine KITA in Haan &#8211; Gruiten<\/strong><\/p>\n<p style=\"text-align: center;\"><a href=\"http:\/\/www.patchworkmanufaktur.de\/wp-content\/uploads\/Plapperfr\u00f6sche-Logo-logo.jpg\"><img loading=\"lazy\" decoding=\"async\" class=\"aligncenter size-medium wp-image-1535\" src=\"http:\/\/www.patchworkmanufaktur.de\/wp-content\/uploads\/Plapperfr\u00f6sche-Logo-logo-300x165.jpg\" alt=\"Plapperfr\u00f6sche Logo logo\" width=\"300\" height=\"165\" srcset=\"https:\/\/www.patchworkmanufaktur.de\/wp-content\/uploads\/Plapperfr\u00f6sche-Logo-logo-300x165.jpg 300w, https:\/\/www.patchworkmanufaktur.de\/wp-content\/uploads\/Plapperfr\u00f6sche-Logo-logo.jpg 753w\" sizes=\"auto, (max-width: 300px) 100vw, 300px\" \/><\/a><\/p>\n<p style=\"text-align: center;\">Im M\u00e4rz 2016 durften sich die kleinen <strong><span style=\"color: #ff6600;\">Plapper<\/span><span style=\"color: #339966;\">fr\u00f6sche<\/span><\/strong> wieder \u00fcber lustige, kuschelige Spielsachen von uns freuen.<\/p>\n<p style=\"text-align: center;\">Wenn ein Kind so herzlich lacht wie der kleine <span style=\"color: #339966;\">Frosch<\/span>\u00a0&#8211;<span style=\"color: #ff0000;\"> \u00b4Pascal\u00b4<\/span><\/p>\n<p style=\"text-align: center;\">ist es sch\u00f6nste Lohn f\u00fcr uns <span style=\"color: #ff00ff;\">Quilt &#8211; Angels!<\/span><\/p>\n<p style=\"text-align: center;\"><a href=\"http:\/\/www.patchworkmanufaktur.de\/wp-content\/uploads\/Plapperfr\u00f6sche-Pascal-IMG_9206.jpg\"><img loading=\"lazy\" decoding=\"async\" class=\"aligncenter size-medium wp-image-1533\" src=\"http:\/\/www.patchworkmanufaktur.de\/wp-content\/uploads\/Plapperfr\u00f6sche-Pascal-IMG_9206-292x300.jpg\" alt=\"Plapperfr\u00f6sche - Pascal IMG_9206\" width=\"292\" height=\"300\" srcset=\"https:\/\/www.patchworkmanufaktur.de\/wp-content\/uploads\/Plapperfr\u00f6sche-Pascal-IMG_9206-292x300.jpg 292w, https:\/\/www.patchworkmanufaktur.de\/wp-content\/uploads\/Plapperfr\u00f6sche-Pascal-IMG_9206-997x1024.jpg 997w, https:\/\/www.patchworkmanufaktur.de\/wp-content\/uploads\/Plapperfr\u00f6sche-Pascal-IMG_9206.jpg 1176w\" sizes=\"auto, (max-width: 292px) 100vw, 292px\" \/><\/a><\/p>\n<p style=\"text-align: center;\"><span style=\"color: #ff0000;\">***********************************************************<\/span><\/p>\n<p style=\"text-align: center;\"><strong>M\u00e4rz 2016<\/strong><\/p>\n<p style=\"text-align: center;\">das <strong>HELIOS Unuversit\u00e4tsklinikum Wuppertal<\/strong><\/p>\n<p style=\"text-align: center;\">erhielt von uns 80 Herzkissen.<\/p>\n<p style=\"text-align: center;\"><span style=\"color: #ff0000;\">****************************************<\/span><\/p>\n<p style=\"text-align: center;\">Nachdem die 1. Lieferung vor Weihnachten 2015 in der <span style=\"color: #ff00ff;\">Carl Gustav Carus &#8211;<\/span> <span style=\"color: #ff00ff;\">Universit\u00e4tsklinik<\/span> in Dresden gro\u00dfe Freude ausgel\u00f6st hat, haben wir uns nun beeilt schnell ein paar<\/p>\n<p style=\"text-align: center;\"><span style=\"color: #3366ff;\">Trost<\/span>&#8211;<span style=\"color: #ff6600;\">Kuschel<\/span> <span style=\"color: #339966;\">Kissen <\/span><\/p>\n<p style=\"text-align: center;\">f\u00fcr die Kinder, welche zu Fasching im Krankenhaus bleiben m\u00fcssen zu n\u00e4hen !<\/p>\n<p style=\"text-align: center;\">Brovibeutel und Kopfkissenquilts sind nat\u00fcrlich auch mit dabei.<\/p>\n<p style=\"text-align: center;\"><a href=\"http:\/\/www.patchworkmanufaktur.de\/wp-content\/uploads\/Kinderklinik-DD-1-2016-CIMG4026.jpg\"><img loading=\"lazy\" decoding=\"async\" class=\"aligncenter size-medium wp-image-1442\" src=\"http:\/\/www.patchworkmanufaktur.de\/wp-content\/uploads\/Kinderklinik-DD-1-2016-CIMG4026-223x300.jpg\" alt=\"Kinderklinik DD 1: 2016 CIMG4026\" width=\"223\" height=\"300\" srcset=\"https:\/\/www.patchworkmanufaktur.de\/wp-content\/uploads\/Kinderklinik-DD-1-2016-CIMG4026-223x300.jpg 223w, https:\/\/www.patchworkmanufaktur.de\/wp-content\/uploads\/Kinderklinik-DD-1-2016-CIMG4026-760x1024.jpg 760w, https:\/\/www.patchworkmanufaktur.de\/wp-content\/uploads\/Kinderklinik-DD-1-2016-CIMG4026.jpg 1292w\" sizes=\"auto, (max-width: 223px) 100vw, 223px\" \/><\/a><\/p>\n<p style=\"text-align: center;\"><span style=\"color: #ff0000;\">***************************<\/span><\/p>\n<h1 style=\"text-align: center;\"><strong>2015<\/strong><\/h1>\n<p style=\"text-align: center;\"><strong>\u00a0 \u00a0 \u00a0 \u00a0 \u00a0 \u00a0 \u00a0 \u00a0 \u00a0Der Name &#8220; Quilt &#8211; Angel &#8220; verpflichtet!<\/strong><\/p>\n<h3 style=\"text-align: center;\">auch 2015 werden Quilt &#8211; Angel wieder f\u00fcr Betroffene t\u00e4tig sein. Dieses Jahr sind keine \u00f6ffentlichen Veranstaltungen geplant, im Focus \u00a0steht\u00a0<strong>ausschlie\u00dflich die soziale\u00a0Arbeit.<\/strong><\/h3>\n<p style=\"text-align: center;\">*************************************<\/p>\n<h3 style=\"text-align: center;\">\u00a0<span style=\"color: #339966;\">Wieder<\/span> geht ein Jahr zur Neige.<\/h3>\n<h3 style=\"text-align: center;\"><span style=\"color: #339966;\">wieder<\/span> haben die \u00a0Quilt &#8211; Angels viel geleistet.<\/h3>\n<h3 style=\"text-align: center;\"><span style=\"color: #339966;\">Wieder<\/span> vielen betroffenen Frauen in dem Alfried Krupp Krankenhaus Essen und dem Brustzentrum der Sanaklinik Duesseldorf &#8211; Gerresheim die wichtigen <span style=\"text-decoration: underline;\">\u00a0<span style=\"color: #ff6600; text-decoration: underline;\">&#8222;Herzkissen&#8220;<\/span><\/span> zur Verf\u00fcgung gestellt.<\/h3>\n<h3 style=\"text-align: center;\"><span style=\"color: #339966;\">Wieder<\/span> f\u00fcr die Kinder der Kinderonkologie in der Uniklinik Duesseldorf und seit Dezember diesen Jahres der Kinderonkologie in der Universit\u00e4tsklinik Dresden<\/h3>\n<h3 style=\"text-align: center;\">die wichtigen <span style=\"text-decoration: underline; color: #ff6600;\">Broviac &#8211; Katheterbeutel<\/span> gen\u00e4ht und<\/h3>\n<h3 style=\"text-align: center;\"><span style=\"color: #339966;\">wieder<\/span>\u00a0viele, <span style=\"text-decoration: underline;\">kleine Decken<\/span> ( Quilts ), <span style=\"text-decoration: underline;\">Kuschelkissen<\/span> und <span style=\"text-decoration: underline;\">Tiere aus Stoff<\/span> zur Freude f\u00fcr die Kinder und f\u00fcr jedes Kinderbett auf der Station hergestellt.<\/h3>\n<h3 style=\"text-align: center;\"><span style=\"color: #ff0000;\">***********<\/span><\/h3>\n<h3 style=\"text-align: center;\">An dieser Stelle m\u00f6chte ich mich ganz herzlich bei allen <span style=\"color: #ff0000;\">&#8220; Quit &#8211; Angels &#8222;<\/span> und allen <span style=\"color: #ff0000;\">&#8222;Mitn\u00e4herinnen &#8220;\u00a0<\/span>f\u00fcr ihr selbstverst\u00e4ndliches Engagement bedanken!<\/h3>\n<h3 style=\"text-align: center;\">Als ich 2009\u00a0diese Idee zu einer solchen Gruppe hatte war ich mir nicht sicher so\u00a0viele <span style=\"color: #ff0000;\">`Mitmacher`\u00a0<\/span>zu finden .<\/h3>\n<h3 style=\"text-align: center;\"><span style=\"color: #ff0000;\">DANKE an:<\/span><\/h3>\n<h3 style=\"text-align: center;\">Jelka Bertram, Uschi Hellmich, Christine Hirsch, Waltraud M\u00fcller, Marion Meyer, Hanna Lange, Hannelore Neuber, Anita K\u00f6nig, Dorothea Michel und allen Spender<\/h3>\n<h3 style=\"text-align: center;\">wie zum Beispiel Karin Weiding und Gertraud Winneberger, ein Gruitener Privatmann und nicht zuletzt viele meiner Kunden im Friseursalon stecken etwas in eine Spardose f\u00fcr die Anschaffung von Stoffen, N\u00e4hgarn, F\u00fcllwatte, den kleinen Einn\u00e4her mit unserm Logo u.s.w.<\/h3>\n<h3 style=\"text-align: center;\">Hinter diesen Frauen stehen aber auch Familien, welche es mit tragen, da\u00df man f\u00fcr ein solches Engagement auch viele Stunden an der N\u00e4hmaschine sitzt und auch einiges an Geld investieren mu\u00df,<\/h3>\n<h3 style=\"text-align: center;\">DANKE<\/h3>\n<h3 style=\"text-align: center;\">Angelika Graichen<\/h3>\n<h3 style=\"text-align: center;\"><strong>**********************<\/strong><\/h3>\n<h3 style=\"text-align: center;\"><strong><span style=\"color: #000000;\">Nun ist die 1. Lieferung an die Kinderklinik der \u00b4Carl Gustav Carus Universit\u00e4tsklinik` in Dresden fertig !<\/span><\/strong><\/h3>\n<h3 style=\"text-align: center;\"><span style=\"color: #000000;\">Wir haben <span style=\"color: #ff6600;\">Kuschelkissen<\/span>,<span style=\"color: #0000ff;\"> Kopfkissenquilts<\/span>, <span style=\"color: #008000;\">Karofanten<\/span><strong>, <\/strong><span style=\"color: #ff00ff;\">kunterbunte Hunde<\/span><strong>, <span style=\"color: #ffcc00;\">Enten<\/span><\/strong> und nat\u00fcrlich die wichtigen Taschen f\u00fcr\u00a0<span style=\"color: #ff0000;\">Broviac &#8211; Katheter <\/span>gen\u00e4ht.<\/span><\/h3>\n<p style=\"text-align: center;\">Ein <span style=\"color: #800000;\">Patchwork &#8211;\u00a0Adventskalender<\/span> ist p\u00fcnktlich zum 1. Dezember auch schon auf der Station KIK &#8211; S2 &#8211; die Kinderinsel im Haus 65.<\/p>\n<p style=\"text-align: center;\"><img loading=\"lazy\" decoding=\"async\" class=\"aligncenter size-medium wp-image-1395\" src=\"http:\/\/www.patchworkmanufaktur.de\/wp-content\/uploads\/Adventskalender-Baum-CIMG3918-127x300.jpg\" alt=\"Adventskalender Baum CIMG3918\" width=\"127\" height=\"300\" srcset=\"https:\/\/www.patchworkmanufaktur.de\/wp-content\/uploads\/Adventskalender-Baum-CIMG3918-127x300.jpg 127w, https:\/\/www.patchworkmanufaktur.de\/wp-content\/uploads\/Adventskalender-Baum-CIMG3918-434x1024.jpg 434w, https:\/\/www.patchworkmanufaktur.de\/wp-content\/uploads\/Adventskalender-Baum-CIMG3918.jpg 841w\" sizes=\"auto, (max-width: 127px) 100vw, 127px\" \/><\/p>\n<p style=\"text-align: center;\">Die Taschen f\u00fcr Broviackatheter \u00a0:<\/p>\n<p style=\"text-align: center;\"><img loading=\"lazy\" decoding=\"async\" class=\"aligncenter size-medium wp-image-1392\" src=\"http:\/\/www.patchworkmanufaktur.de\/wp-content\/uploads\/Broviackatheter-beutel-12-2015-CIMG3970-300x225.jpg\" alt=\"Broviackatheter- beutel 12 : 2015 CIMG3970\" width=\"300\" height=\"225\" srcset=\"https:\/\/www.patchworkmanufaktur.de\/wp-content\/uploads\/Broviackatheter-beutel-12-2015-CIMG3970-300x225.jpg 300w, https:\/\/www.patchworkmanufaktur.de\/wp-content\/uploads\/Broviackatheter-beutel-12-2015-CIMG3970-1024x768.jpg 1024w, https:\/\/www.patchworkmanufaktur.de\/wp-content\/uploads\/Broviackatheter-beutel-12-2015-CIMG3970.jpg 2048w\" sizes=\"auto, (max-width: 300px) 100vw, 300px\" \/><\/p>\n<p style=\"text-align: center;\">Die `Karofanten `, kunterbunten Hunde u. Enten:<\/p>\n<p style=\"text-align: center;\"><img loading=\"lazy\" decoding=\"async\" class=\"aligncenter size-medium wp-image-1391\" src=\"http:\/\/www.patchworkmanufaktur.de\/wp-content\/uploads\/Karofanten-12-2015-CIMG3969-300x225.jpg\" alt=\"Karofanten 12 : 2015 CIMG3969\" width=\"300\" height=\"225\" srcset=\"https:\/\/www.patchworkmanufaktur.de\/wp-content\/uploads\/Karofanten-12-2015-CIMG3969-300x225.jpg 300w, https:\/\/www.patchworkmanufaktur.de\/wp-content\/uploads\/Karofanten-12-2015-CIMG3969-1024x768.jpg 1024w, https:\/\/www.patchworkmanufaktur.de\/wp-content\/uploads\/Karofanten-12-2015-CIMG3969.jpg 2048w\" sizes=\"auto, (max-width: 300px) 100vw, 300px\" \/><\/p>\n<p style=\"text-align: center;\">Die Kopfkissenquilts sind wattierte, kleine Decken, so gro\u00df wie ein Kopfkissen<\/p>\n<p style=\"text-align: center;\">gen\u00e4ht in Patchworktechniken:<\/p>\n<p style=\"text-align: center;\"><img loading=\"lazy\" decoding=\"async\" class=\"aligncenter size-medium wp-image-1390\" src=\"http:\/\/www.patchworkmanufaktur.de\/wp-content\/uploads\/Kopfkissenquilts-u.-mehr-12-2015-CIMG3967-225x300.jpg\" alt=\"Kopfkissenquilts u. mehr 12 : 2015 CIMG3967\" width=\"225\" height=\"300\" srcset=\"https:\/\/www.patchworkmanufaktur.de\/wp-content\/uploads\/Kopfkissenquilts-u.-mehr-12-2015-CIMG3967-225x300.jpg 225w, https:\/\/www.patchworkmanufaktur.de\/wp-content\/uploads\/Kopfkissenquilts-u.-mehr-12-2015-CIMG3967-768x1024.jpg 768w, https:\/\/www.patchworkmanufaktur.de\/wp-content\/uploads\/Kopfkissenquilts-u.-mehr-12-2015-CIMG3967.jpg 1536w\" sizes=\"auto, (max-width: 225px) 100vw, 225px\" \/><\/p>\n<p style=\"text-align: center;\">Und dies sind ganz viele verschiedene Kuschelkissen zum lieb haben !<\/p>\n<p style=\"text-align: center;\"><a href=\"http:\/\/www.patchworkmanufaktur.de\/wp-content\/uploads\/Kuschelkissen-12-2015-CIMG3968.jpg\"><img loading=\"lazy\" decoding=\"async\" class=\"aligncenter size-medium wp-image-1389\" src=\"http:\/\/www.patchworkmanufaktur.de\/wp-content\/uploads\/Kuschelkissen-12-2015-CIMG3968-300x225.jpg\" alt=\"Kuschelkissen 12 : 2015 CIMG3968\" width=\"300\" height=\"225\" srcset=\"https:\/\/www.patchworkmanufaktur.de\/wp-content\/uploads\/Kuschelkissen-12-2015-CIMG3968-300x225.jpg 300w, https:\/\/www.patchworkmanufaktur.de\/wp-content\/uploads\/Kuschelkissen-12-2015-CIMG3968-1024x768.jpg 1024w, https:\/\/www.patchworkmanufaktur.de\/wp-content\/uploads\/Kuschelkissen-12-2015-CIMG3968.jpg 2048w\" sizes=\"auto, (max-width: 300px) 100vw, 300px\" \/><\/a><\/p>\n<p style=\"text-align: center;\">Wir w\u00fcnschen den Kindern und den Mitarbeitern der Station KIK &#8211; S2 viel Freude beim Auspacken der Pakete, eine sch\u00f6ne Adventszeit und Frohe Weihnacht !<\/p>\n<p style=\"text-align: center;\">************************<\/p>\n<p style=\"text-align: center;\">P\u00fcnktlich zum 1. Dezember hat auch die KITA in Haan\/ Gruiten ( NRW )<\/p>\n<p style=\"text-align: center;\">einen Adventskalender bekommen:<\/p>\n<p style=\"text-align: center;\"><a href=\"http:\/\/www.patchworkmanufaktur.de\/wp-content\/uploads\/Adventskalender-Baum-CIMG3918.jpg\"><img loading=\"lazy\" decoding=\"async\" class=\"aligncenter size-medium wp-image-1395\" src=\"http:\/\/www.patchworkmanufaktur.de\/wp-content\/uploads\/Adventskalender-Baum-CIMG3918-127x300.jpg\" alt=\"Adventskalender Baum CIMG3918\" width=\"127\" height=\"300\" srcset=\"https:\/\/www.patchworkmanufaktur.de\/wp-content\/uploads\/Adventskalender-Baum-CIMG3918-127x300.jpg 127w, https:\/\/www.patchworkmanufaktur.de\/wp-content\/uploads\/Adventskalender-Baum-CIMG3918-434x1024.jpg 434w, https:\/\/www.patchworkmanufaktur.de\/wp-content\/uploads\/Adventskalender-Baum-CIMG3918.jpg 841w\" sizes=\"auto, (max-width: 127px) 100vw, 127px\" \/><\/a><\/p>\n<p style=\"text-align: center;\">****************************************************************<\/p>\n<p style=\"text-align: center;\">*******************<\/p>\n<p style=\"text-align: center;\"><strong>September 2015 wurde wieder eine Lieferung f\u00fcr die Kinderonkologie der Uniklinik Duesseldorf fertig \u00fcbergeben.<\/strong><\/p>\n<p style=\"text-align: center;\"><span style=\"color: #ff0000;\">An dieser Stelle bedanke ich mich mal wieder ganz herzlich bei allen flei\u00dfigen Mitn\u00e4hrinnen., welche das gro\u00dfe Engagement der `Quilt &#8211; Angels `so\u00a0\u00a0selbstverst\u00e4ndlich unterst\u00fctzen.<\/span><\/p>\n<p style=\"text-align: center;\"><a href=\"http:\/\/www.patchworkmanufaktur.de\/wp-content\/uploads\/Kinderonkologie-Ddorf-Uni-Sep.-2015CIMG3912.jpg\"><img loading=\"lazy\" decoding=\"async\" class=\"aligncenter size-medium wp-image-1299\" src=\"http:\/\/www.patchworkmanufaktur.de\/wp-content\/uploads\/Kinderonkologie-Ddorf-Uni-Sep.-2015CIMG3912-163x300.jpg\" alt=\"Kinderonkologie D&#96;dorf - Uni Sep. 2015CIMG3912\" width=\"163\" height=\"300\" srcset=\"https:\/\/www.patchworkmanufaktur.de\/wp-content\/uploads\/Kinderonkologie-Ddorf-Uni-Sep.-2015CIMG3912-163x300.jpg 163w, https:\/\/www.patchworkmanufaktur.de\/wp-content\/uploads\/Kinderonkologie-Ddorf-Uni-Sep.-2015CIMG3912-559x1024.jpg 559w, https:\/\/www.patchworkmanufaktur.de\/wp-content\/uploads\/Kinderonkologie-Ddorf-Uni-Sep.-2015CIMG3912.jpg 1058w\" sizes=\"auto, (max-width: 163px) 100vw, 163px\" \/><\/a><\/p>\n<p style=\"text-align: center;\">Diese vielen Kuschelkisse werden den Kindern als Geschenk \u00fcbergeben und tr\u00f6sten so \u00fcber machen Kummer hinweg.<\/p>\n<p style=\"text-align: center;\">*******************<\/p>\n<p style=\"text-align: center;\"><span class=\"Apple-style-span\" style=\"color: #000000; font-size: 29px; line-height: 43px;\">Im Juni 2015 wurden die Gruppe Quilt-Angels f\u00fcr eine Rest Cent Spendenaktion nominiert.<\/span><\/p>\n<p style=\"text-align: center;\">Wir bedanken uns ganz herzlich bei der Mitarbeiterinnen und Mitarbeitern der Essener \u00a0 \u00a0 \u00a0Firma <strong>Open Grid Europe GmbH<\/strong> und ihren Tochtergesellschaften.<\/p>\n<p style=\"text-align: center;\"><a href=\"http:\/\/www.patchworkmanufaktur.de\/wp-content\/uploads\/Spendenscheck-CIMG3702.jpg\"><img loading=\"lazy\" decoding=\"async\" class=\"aligncenter size-medium wp-image-1097\" src=\"http:\/\/www.patchworkmanufaktur.de\/wp-content\/uploads\/Spendenscheck-CIMG3702-300x225.jpg\" alt=\"Spendenscheck ! CIMG3702\" width=\"300\" height=\"225\" srcset=\"https:\/\/www.patchworkmanufaktur.de\/wp-content\/uploads\/Spendenscheck-CIMG3702-300x225.jpg 300w, https:\/\/www.patchworkmanufaktur.de\/wp-content\/uploads\/Spendenscheck-CIMG3702-1024x768.jpg 1024w, https:\/\/www.patchworkmanufaktur.de\/wp-content\/uploads\/Spendenscheck-CIMG3702.jpg 1986w\" sizes=\"auto, (max-width: 300px) 100vw, 300px\" \/><\/a><\/p>\n<h1 style=\"text-align: center;\"><a href=\"http:\/\/www.patchworkmanufaktur.de\/wp-content\/uploads\/Spende-Essen-IMG_8342.jpg\"><img loading=\"lazy\" decoding=\"async\" class=\"aligncenter size-medium wp-image-1104\" src=\"http:\/\/www.patchworkmanufaktur.de\/wp-content\/uploads\/Spende-Essen-IMG_8342-300x200.jpg\" alt=\"Spende : Essen !IMG_8342\" width=\"300\" height=\"200\" srcset=\"https:\/\/www.patchworkmanufaktur.de\/wp-content\/uploads\/Spende-Essen-IMG_8342-300x200.jpg 300w, https:\/\/www.patchworkmanufaktur.de\/wp-content\/uploads\/Spende-Essen-IMG_8342-1024x682.jpg 1024w\" sizes=\"auto, (max-width: 300px) 100vw, 300px\" \/><\/a><\/h1>\n<h2 style=\"text-align: center;\">Schon im Juli 2015 haben wir haben wir \u00a0das Geld wieder in F\u00fcllwatte angelegt um neue Herzkissen f\u00fcr die Frauenklinik und Kuschelkissen f\u00fcr die Kinderonkologie zu f\u00fcllen.<\/h2>\n<h4 style=\"text-align: center;\"><strong>**********************<\/strong><strong style=\"font-family: Georgia, 'Bitstream Charter', serif; color: #000000; line-height: 1.5; font-weight: bold;\">**<\/strong><\/h4>\n<p><strong><span class=\"Apple-style-span\" style=\"font-size: 17px; line-height: 25px;\">\u00a0 \u00a0 \u00a0 \u00a0 \u00a0 \u00a0 \u00a0 \u00a0 \u00a0 \u00a0 \u00a0 \u00a0 \u00a0 \u00a0 \u00a0 \u00a0 \u00a0 \u00a0<\/span><\/strong><\/p>\n<div><\/div>\n<h1 style=\"text-align: center;\"><a href=\"http:\/\/www.patchworkmanufaktur.de\/wp-content\/uploads\/Stoffspende-von-Karin-Weiding-April-2015-RIMG05411.jpeg\"><img loading=\"lazy\" decoding=\"async\" class=\"aligncenter size-medium wp-image-1070\" src=\"http:\/\/www.patchworkmanufaktur.de\/wp-content\/uploads\/Stoffspende-von-Karin-Weiding-April-2015-RIMG05411-300x225.jpeg\" alt=\"Stoffspende von Karin Weiding April 2015 RIMG0541\" width=\"300\" height=\"225\" srcset=\"https:\/\/www.patchworkmanufaktur.de\/wp-content\/uploads\/Stoffspende-von-Karin-Weiding-April-2015-RIMG05411-300x225.jpeg 300w, https:\/\/www.patchworkmanufaktur.de\/wp-content\/uploads\/Stoffspende-von-Karin-Weiding-April-2015-RIMG05411.jpeg 640w\" sizes=\"auto, (max-width: 300px) 100vw, 300px\" \/><\/a><\/h1>\n<h3 style=\"text-align: center;\">Herzlichen Dank auch f\u00fcr diese Stoffspende von Frau Karin Weiding !<\/h3>\n<h3 style=\"text-align: center;\">Schon bald werden aus diesen Stoffen wieder Herzkissen f\u00fcr das Sana- Krankenhaus<\/h3>\n<h3 style=\"text-align: center;\">in D\u00fcsseldorf-Gerresheim.<\/h3>\n<h1 style=\"text-align: center;\">*<\/h1>\n<h1 style=\"text-align: center;\"><a href=\"http:\/\/www.patchworkmanufaktur.de\/wp-content\/uploads\/Herzkissen-Aktion-1-April-2015-RIMG0540.jpeg\"><img loading=\"lazy\" decoding=\"async\" class=\"aligncenter size-medium wp-image-1057\" src=\"http:\/\/www.patchworkmanufaktur.de\/wp-content\/uploads\/Herzkissen-Aktion-1-April-2015-RIMG0540-300x225.jpeg\" alt=\"Herzkissen Aktion 1, April 2015 RIMG0540\" width=\"300\" height=\"225\" srcset=\"https:\/\/www.patchworkmanufaktur.de\/wp-content\/uploads\/Herzkissen-Aktion-1-April-2015-RIMG0540-300x225.jpeg 300w, https:\/\/www.patchworkmanufaktur.de\/wp-content\/uploads\/Herzkissen-Aktion-1-April-2015-RIMG0540.jpeg 640w\" sizes=\"auto, (max-width: 300px) 100vw, 300px\" \/><\/a><\/h1>\n<h1 style=\"text-align: center;\">Herzkissen &#8211; Aktion April 2015<\/h1>\n<p style=\"text-align: center;\">f\u00fcr das &#8220; Alfried Krupp Krankenhaus in Essen<\/p>\n<p style=\"text-align: center;\">\u00a0Die \u00dcbergabe \u00a0von 120 Herzkissen mit \u00a0Umh\u00e4ngetaschen f\u00fcr die Drainagebeutel l\u00f6ste nat\u00fcrlich wieder gro\u00dfe Freude aus. Gro\u00dfe Dankbarkeit f\u00fcr den Flei\u00df \u00a0aller &#8220; Quilt &#8211; Angels &#8222;, Mitn\u00e4hern, Spendern und allen Unterst\u00fctzern dieses sozialen Engagements.<\/p>\n<h1 style=\"text-align: center;\"><\/h1>\n<h1 style=\"text-align: center;\">********************<\/h1>\n<h3 style=\"text-align: center;\"><strong>Dank aller flei\u00dfigen Mitn\u00e4herinnen und Stoff &#8211; sowie F\u00fcllwattespendern \u00a0sind nun auch wieder 45 Herzkissen mit passenden Umh\u00e4ngetaschen f\u00fcr das Sana Krankenhaus in D\u00fcsseldorf &#8211; Gerresheim fertig. Diese werden jetzt wieder den betroffenen Frauen zur Verf\u00fcgung gestellt !<\/strong><\/h3>\n<h3><\/h3>\n<p><a href=\"http:\/\/www.patchworkmanufaktur.de\/wp-content\/uploads\/Herzkissen-042014-2-CIMG3648.jpg\"><img loading=\"lazy\" decoding=\"async\" class=\"aligncenter size-medium wp-image-1074\" src=\"http:\/\/www.patchworkmanufaktur.de\/wp-content\/uploads\/Herzkissen-042014-2-CIMG3648-300x225.jpg\" alt=\"Herzkissen 04:2014 2 CIMG3648\" width=\"300\" height=\"225\" srcset=\"https:\/\/www.patchworkmanufaktur.de\/wp-content\/uploads\/Herzkissen-042014-2-CIMG3648-300x225.jpg 300w, https:\/\/www.patchworkmanufaktur.de\/wp-content\/uploads\/Herzkissen-042014-2-CIMG3648-1024x768.jpg 1024w, https:\/\/www.patchworkmanufaktur.de\/wp-content\/uploads\/Herzkissen-042014-2-CIMG3648.jpg 2048w\" sizes=\"auto, (max-width: 300px) 100vw, 300px\" \/><\/a><\/p>\n<p>&nbsp;<\/p>\n<h3>\u00a0 \u00a0 \u00a0 \u00a0 \u00a0 \u00a0 \u00a0 \u00a0 \u00a0 \u00a0 \u00a0 \u00a0 \u00a0 \u00a0 \u00a0 \u00a0 \u00a0 \u00a0 \u00a0 \u00a0 \u00a0 \u00a0 \u00a0 <strong>\u00a0 \u00a0Wir w\u00fcnschen gute Besserung !<\/strong><\/h3>\n<h1>\u00a0 \u00a0 \u00a0 \u00a0 \u00a0 \u00a0 \u00a0 \u00a0 \u00a0 \u00a0 \u00a0 \u00a0 \u00a0 \u00a0 \u00a0 \u00a0 \u00a0 \u00a0 \u00a0 \u00a0 \u00a0 \u00a0 <strong>\u00a0*<\/strong><\/h1>\n<p>&nbsp;<\/p>\n<p>&nbsp;<\/p>\n<h1 style=\"text-align: center;\"><span style=\"text-decoration: underline; color: #ff0000;\"><strong>2014<\/strong><\/span><\/h1>\n<p style=\"text-align: center;\"><span style=\"color: #ff0000;\">Oktober<br \/>\n<\/span><\/p>\n<p style=\"text-align: center;\"><strong>Soziales Engangement der <span style=\"color: #000000;\">Q<\/span><span style=\"color: #000000;\">uilt-<\/span>Angels im <span style=\"color: #000000;\">Oktober<\/span><\/strong><\/p>\n<p style=\"text-align: center;\">Nun bereiten wir schon die n\u00e4chste Veranstaltung vor.<\/p>\n<p style=\"text-align: center;\">Die Quilt &#8211; Angels werden \u00f6ffentlich f\u00fcr den guten Zweck n\u00e4hen.<\/p>\n<p style=\"text-align: center;\">wir freuen uns auf alle Besucher, Mitmacher und auch nur Interessierte.<\/p>\n<p style=\"text-align: center;\"><strong>_______________________________________________________<br \/>\n<\/strong><\/p>\n<p style=\"text-align: center;\"><span style=\"color: #ff0000;\">M\u00e4rz<br \/>\n<\/span><\/p>\n<p style=\"text-align: center;\">Die Messe &#8220; <strong>Creativa<\/strong> &#8220; in <strong>Dortmund<\/strong> war ein voller Erfolg.<\/p>\n<p style=\"text-align: center;\">Wir f\u00fchrten ehrlich interessierte Gespr\u00e4che und konnten umfangreich aufkl\u00e4ren!<\/p>\n<p style=\"text-align: center;\">Gro\u00dfes Interesse und Teilnahme hatte unser Workshop<\/p>\n<p style=\"text-align: center;\">\u00a0&#8220; vom Kreis zum Quadrat &#8222;<\/p>\n<p style=\"text-align: center;\">An dieser Stelle m\u00f6chten sich die Quilt &#8211; Angels bei allen Messebesuchern bedanken,<\/p>\n<p style=\"text-align: center;\">und bei unseren Sponsoren f\u00fcr die Stoffspenden zum Workshop.<\/p>\n<p style=\"text-align: center;\">Allen Workshop &#8211; Teilnehmern viel Freude bei dieser Handarbeitstechnik und wir hoffen auch sehr, da\u00df es uns gelungen ist, den Ansto\u00df zum sozialen Engagement zu geben.<\/p>\n<p style=\"text-align: center;\">Auch wir haben in Gespr\u00e4chen mit anderen N\u00e4hgruppen Impulse f\u00fcr hilfreiche Dinge auf dem sozialen Gebiet erhalten.<\/p>\n<p style=\"text-align: center;\">Vielleicht sieht man sich wieder auf der einen oder anderen Messe oder bei Patchworkausstellungen.<\/p>\n<p style=\"text-align: center;\">Danke allen, welche nach der Creativa gleich gehandelt haben und auch denen, welche uns mit Sachspenden ( z.B. Stoff ) unterst\u00fctzt haben.<\/p>\n<p style=\"text-align: center;\">Erste Stoffe sind schon wieder verarbeitet !<\/p>\n<p style=\"text-align: center;\">_______________________________________________________<\/p>\n<p style=\"text-align: center;\"><span style=\"color: #ff0000;\">Februar<\/span><\/p>\n<p style=\"text-align: center;\">2014 werden die<strong>\u00a0Quilt\u00a0\u00a0&#8211; Angels<\/strong> w\u00e4hrend der <strong>`Kreativa `<\/strong>in Dortmund ihre sozialen Projekte ausstellen. Man findet uns auf der Standfl\u00e4che der\u00a0<strong>\u00a0<\/strong><\/p>\n<p style=\"text-align: center;\"><strong>Deutschen Patchworkgilde<\/strong> in Halle 6 \/ Textil &#8211; Forum.<\/p>\n<p style=\"text-align: center;\">Au\u00dferdem werden wir an allen Messetagen einen Workshop durchf\u00fchren mit dem Thema: <strong>&#8220; vom Kreis zum Quadrat &#8222;<\/strong>. Auf B\u00fcgeleisen mu\u00df auf dem Messegel\u00e4nde aus Sicherheitsgr\u00fcnden leider verzichtet werden. Aber es geht auch ohne und wir werden interessierten Besuchern diese wunderbare, japanische Patchwork- N\u00e4htechnik n\u00e4her bringen.<\/p>\n<p style=\"text-align: center;\">Viele Beispiele zum anschauen werden \u00a0die Vielf\u00e4ltigkeit dieser Technik zeigen.<\/p>\n<p style=\"text-align: center;\">Sch\u00f6ne Stoffe wurden uns f\u00fcr den Workshop gespendet und wir organisierten die\u00a0Umsetzung . Nadel und Faden warten auf Sie.<\/p>\n<p style=\"text-align: center;\">Die `Kreativa `findet statt in der Dortmunder Westfalenhalle<\/p>\n<p style=\"text-align: center;\">\u00a0 \u00a0 \u00a0 \u00a0 \u00a0 \u00a0 \u00a0 \u00a0<strong><span style=\"color: #ff0000;\"> vom 19.03.2014 bis 23.03.2014<\/span> \u00a0 jeweils von 9:00 Uhr bis 18:00 Uhr<\/strong><\/p>\n<p style=\"text-align: center;\">&lt;&lt;&lt;&lt;&lt;&lt;&lt;&lt;&lt;&lt;&lt;&lt;&lt;&lt;&lt;&lt;&lt;&lt;&lt;&lt;&lt;&lt;&lt;&lt;&lt;&lt;&lt;&lt;&lt;&lt;&lt;&lt;&lt;<\/p>\n<p style=\"text-align: center;\"><strong>Ab Januar 2014<br \/>\n<\/strong><\/p>\n<p style=\"text-align: center;\">erh\u00e4lt auch das<strong> Alfried Krupp Krankenhaus in Essen<\/strong><\/p>\n<p style=\"text-align: center;\">Herzkissen und passende Umh\u00e4ngetaschen f\u00fcr jede Brust &#8211; OP von uns.<\/p>\n<p style=\"text-align: center;\"><a href=\"http:\/\/www.patchworkmanufaktur.de\/wp-content\/uploads\/Logo-CIMG3422.jpg\"><img loading=\"lazy\" decoding=\"async\" src=\"http:\/\/www.patchworkmanufaktur.de\/wp-content\/uploads\/Logo-CIMG3422-300x225.jpg\" alt=\"Logo CIMG3422\" width=\"300\" height=\"225\" \/><\/a><\/p>\n<h1 style=\"text-align: center;\"><span style=\"text-decoration: underline; color: #ff0000;\"><strong>2013<\/strong><\/span><\/h1>\n<p style=\"text-align: center;\">2013 ging unser Engagement nat\u00fcrlich weiter. Wir liefern monatlich an das<\/p>\n<p style=\"text-align: center;\">Sana &#8211; Krankenhaus in D\u00fcsseldorf &#8211; Gerresheim Herzkissen mit dazu passenden Umh\u00e4ngetaschen.<\/p>\n<p style=\"text-align: center;\">Auch die Kinderonkologie der D`dorfer Uniklinik erh\u00e4lt jeden Monat von uns ca.<\/p>\n<p style=\"text-align: center;\">30 Broviak -Kathetertaschen f\u00fcr die betroffenen Kinder.<\/p>\n<p style=\"text-align: center;\">Und jedes Kinderbett bekommt wieder von uns einen kuscheligen Kopfkissenquilt.<\/p>\n<p style=\"text-align: center;\">Wir haben &#8220; Mitn\u00e4herinnen &#8220; die sich mit uns engagieren und Sachen f\u00fcr die Kinder und betroffenen Frauen n\u00e4hen. \u00a0Zum Beispiel auch M\u00fctzen n\u00e4hen und stricken ! Einige dieser Frauen schicken uns die Sachen, weil sie z. B. in Bayern \u00a0oder im Sauerland leben . \u00a0 Einfach toll !! Ein herzliches Dankesch\u00f6n auf diesem Wege an :<\/p>\n<p style=\"text-align: center;\">Jeder, der sich auf diesem Gebiet engagieren m\u00f6chte, kann sich an uns wenden, f\u00fcr N\u00e4hanleitungen oder Informationen.<\/p>\n<p style=\"text-align: center;\">In jeder Stadt gibt es ein Krankenhaus, jeder kann da erfragen, was in der Kinderabteilung und \/ oder Frauenstation gebraucht wird.<\/p>\n<p style=\"text-align: center;\">Die Dankbarkeit der Betroffenen ist unser aller Lohn.<\/p>\n<p style=\"text-align: center;\">Vielen Dank f\u00fcr Ihre Aufmerksamkeit und Interesse und wenn es gelungen ist<\/p>\n<p style=\"text-align: center;\">einen Ansto\u00df zum auch <strong>TUN<\/strong> freuen wir uns sehr.<\/p>\n<p style=\"text-align: center;\">Bleiben Sie gesund,<\/p>\n<p style=\"text-align: center;\">\u00a0alles Gute w\u00fcnschen die<\/p>\n<p style=\"text-align: center;\">QUILT &#8211; ANGELS<\/p>\n<p style=\"text-align: center;\"><a href=\"http:\/\/www.patchworkmanufaktur.de\/wp-content\/uploads\/Fleyer-verkleinert.jpg\">\u00a0<\/a><\/p>\n<p style=\"text-align: center;\"><strong>\u00a0<\/strong><\/p>\n<h1 style=\"text-align: center;\"><span style=\"text-decoration: underline; color: #ff0000;\"><strong>2012<\/strong><\/span><\/h1>\n<p style=\"text-align: center;\">In diesem Jahr, \u00a0n\u00e4hten wir f\u00fcr die Kinderonkologie der Uniklinik Duesseldorf,\u00a0auch eine sehr wichtige Aufgabe. Ben\u00f6tigen doch die Kinder auch kleine Umh\u00e4ngetaschen f\u00fcr den Broviac &#8211; Katheter.<\/p>\n<p style=\"text-align: center;\"><a href=\"http:\/\/www.patchworkmanufaktur.de\/wp-content\/uploads\/Broviac-Kathetertasche-CIMG3360.jpg\"><img loading=\"lazy\" decoding=\"async\" src=\"http:\/\/www.patchworkmanufaktur.de\/wp-content\/uploads\/Broviac-Kathetertasche-CIMG3360-282x300.jpg\" alt=\"Broviac-Kathetertasche CIMG3360\" width=\"289\" height=\"307\" \/><\/a><\/p>\n<p style=\"text-align: center;\">Und zur Aufmunterung bekommt jedes Bettchen von uns einen kleinen Quilt in der Gr\u00f6\u00dfe 40 x 80 cm auf das Kopfkissen. Nat\u00fcrlich mit h\u00fcbschen, lustigen Kindermotiven. Warum machen wir dies? Nun, weil wir auch M\u00fctter sind und wissen wie gl\u00fccklich Kinder lachen k\u00f6nnen.<\/p>\n<p style=\"text-align: center;\">Diese Kopfkissenquilts nehmen die Kinder mit nach Hause, wenn sie hoffentlich gesund die Klinik verlassen k\u00f6nnen.<\/p>\n<p style=\"text-align: center;\">Wir n\u00e4hen monatlich neue, versprochen !<\/p>\n<p style=\"text-align: center;\"><a href=\"http:\/\/www.patchworkmanufaktur.de\/wp-content\/uploads\/Kopfkissenquilt-CIMG3434.jpg\"><img loading=\"lazy\" decoding=\"async\" src=\"http:\/\/www.patchworkmanufaktur.de\/wp-content\/uploads\/Kopfkissenquilt-CIMG3434-300x225.jpg\" alt=\"Kopfkissenquilt CIMG3434\" width=\"300\" height=\"225\" \/><\/a><\/p>\n<p style=\"text-align: center;\">Im Fr\u00fchjahr 2012 wurde der WDR auf uns aufmerksam und hat eine Sendung \u00fcber unser soziales Engagement gemacht. Wir hoffen sehr, da\u00df auch andere Patchwork &#8211; Gruppen gerne ihre F\u00e4higkeiten &amp; Fertigkeiten sowie Zeit &amp; Geld f\u00fcr \u00e4hnliche Projekte einsetzen.<\/p>\n<p style=\"text-align: center;\">Wie schon in den Jahren zuvor, spenden wir auch \u00a02012 weiterhin jeden Monat f\u00fcr das Kinderhospiz Regenbogenland in D\u00fcsseldorf individuell hergestellte Kuschelkissen. Auch n\u00e4hten wir neue Bez\u00fcge f\u00fcr die Lagerungskissen.<\/p>\n<p style=\"text-align: center;\"><a href=\"http:\/\/www.patchworkmanufaktur.de\/wp-content\/uploads\/Regenbogenland.jpg\"><img loading=\"lazy\" decoding=\"async\" title=\"Regenbogenland\" src=\"http:\/\/www.patchworkmanufaktur.de\/wp-content\/uploads\/Regenbogenland-300x225.jpg\" alt=\"\" width=\"300\" height=\"225\" \/><\/a><\/p>\n<h1 style=\"text-align: center;\"><span style=\"text-decoration: underline; color: #ff0000;\"><strong>2011<\/strong><\/span><\/h1>\n<p style=\"text-align: center;\"><em>F\u00fcr das Kinderhospiz Regenbogenland in D\u00fcsseldorf haben wir eine grosse Kuscheldecke angefertigt und stellen laufend Kuschelkissen her. Vielen Kindern haben wir auf diese Weise ein wenig Freude bereiten k\u00f6nnen.<\/em><\/p>\n<p style=\"text-align: center;\"><em>Eine sehr hilfreiche Sache sind die `F\u00fchldecken ` auch f\u00fcr die Kinder im Hospiz. <\/em><\/p>\n<p style=\"text-align: center;\"><a href=\"http:\/\/www.patchworkmanufaktur.de\/wp-content\/uploads\/L10004821.jpg\"><img loading=\"lazy\" decoding=\"async\" title=\"L1000482\" src=\"http:\/\/www.patchworkmanufaktur.de\/wp-content\/uploads\/L10004821-150x150.jpg\" alt=\"\" width=\"150\" height=\"150\" \/><\/a><\/p>\n<p style=\"text-align: center;\"><img loading=\"lazy\" decoding=\"async\" title=\"Kuscheldecke Kinderhospiz\" src=\"http:\/\/www.patchworkmanufaktur.de\/wp-content\/uploads\/L1000480-150x150.jpg\" alt=\"\" width=\"150\" height=\"150\" \/><\/p>\n<p style=\"text-align: center;\">Jeden Monat liefern wir an das Kinderhospiz &#8220; Regenbogenland &#8220; in D\u00fcsseldorf Kuschelkissen sowieso und was sonst noch schnell mal gen\u00e4ht werden mu\u00df, z. B. neue Bez\u00fcge f\u00fcr Lagerungskissen, Bez\u00fcge f\u00fcr kleine Kirschkernkissen ect.<\/p>\n<p style=\"text-align: center;\">&lt;&lt;&lt;&lt;&lt;&lt;&lt;&lt;&lt;&lt;&lt;&lt;&lt;&lt;&lt;&lt;&lt;&lt;&lt;&lt;&lt;&lt;&lt;&lt;&lt;&lt;&lt;&lt;&lt;&lt;&lt;&lt;&lt;&lt;&lt;<\/p>\n<p style=\"text-align: center;\"><em>Dem Brustzentrum an der Universit\u00e4tsklinik D\u00fcsseldorf haben die <strong>Quilt-Angels<\/strong> bereits ein Jahr lang herzf\u00f6rmige so genannte &#8222;Herzkissen&#8220; zur Verf\u00fcgung gestellt &#8211; zum Set erg\u00e4nzt durch farbenfrohe Umh\u00e4ngetaschen f\u00fcr die Drainageflaschen. Wie wir von der Klinik wissen, eine ganz grosse Freude f\u00fcr die Patientinnen nach einer so schweren Operation! <\/em><\/p>\n<p style=\"text-align: center;\">Am Ende des Jahres 2011 gab es einen Patiententag und wir konnten viele dankbare Frauen kennen lernen.<\/p>\n<p style=\"text-align: center;\">Wir<strong> &#8222;Quilt &#8211; Angels&#8220;<\/strong> haben 2011 insgesamt 400 Herzkissen mit dazugeh\u00f6rigen Taschen gearbeitet und gespendet.<\/p>\n<p style=\"text-align: center;\"><a href=\"http:\/\/www.patchworkmanufaktur.de\/wp-content\/uploads\/Patiententag-Uni.jpg\"><img loading=\"lazy\" decoding=\"async\" title=\"Patiententag Uni\" src=\"http:\/\/www.patchworkmanufaktur.de\/wp-content\/uploads\/Patiententag-Uni-300x225.jpg\" alt=\"\" width=\"300\" height=\"225\" \/><\/a><\/p>\n<p style=\"text-align: center;\">Zum Abschlu\u00df dieser Aktion haben wir dem Brustzentrum Duesseldorf in der Uniklinik ein Erinnerungsgeschenk gespendet. Ein Quilt in Form eines Herzes, in der N\u00e4htechnik `Log Cabin `<\/p>\n<p style=\"text-align: center;\"><a href=\"http:\/\/www.patchworkmanufaktur.de\/wp-content\/uploads\/Herzenssache.jpg\"><img loading=\"lazy\" decoding=\"async\" class=\"aligncenter\" title=\"Herzenssache\" src=\"http:\/\/www.patchworkmanufaktur.de\/wp-content\/uploads\/Herzenssache-300x225.jpg\" alt=\"\" width=\"300\" height=\"225\" \/><\/a><\/p>\n<p style=\"text-align: center;\">Der Quilt &#8220; HERZENSSACHE &#8220; h\u00e4ngt jetzt im Wartebereich des Brustzentrums &#8222;<\/p>\n<h1 style=\"text-align: center;\"><span style=\"text-decoration: underline;\"><strong><span style=\"color: #ff0000; text-decoration: underline;\">2010<\/span> <\/strong><\/span><\/h1>\n<p style=\"text-align: center;\"><strong>begann das soziale Engagement der QUILT &#8211; ANGELS\u00a0<\/strong><\/p>\n","protected":false},"excerpt":{"rendered":"<p>2017 Wir sind sehr stolz auf die Nominierung f\u00fcr eine Spende \u00a0\u00fcber 500 \u20ac von der Firma Open Grid Europe aus Essen. Am 1. Dezember 2017 hatte ich die Ehre und gro\u00dfe Freude Ihre Spende f\u00fcr meine Gruppe \u00b4Quilt \u2013 &hellip; <a href=\"https:\/\/www.patchworkmanufaktur.de\/?page_id=941\">Weiterlesen <span class=\"meta-nav\">&rarr;<\/span><\/a><\/p>\n","protected":false},"author":2,"featured_media":1097,"parent":0,"menu_order":1,"comment_status":"closed","ping_status":"closed","template":"","meta":{"footnotes":"","_links_to":"","_links_to_target":""},"class_list":["post-941","page","type-page","status-publish","has-post-thumbnail","hentry"],"_links":{"self":[{"href":"https:\/\/www.patchworkmanufaktur.de\/index.php?rest_route=\/wp\/v2\/pages\/941","targetHints":{"allow":["GET"]}}],"collection":[{"href":"https:\/\/www.patchworkmanufaktur.de\/index.php?rest_route=\/wp\/v2\/pages"}],"about":[{"href":"https:\/\/www.patchworkmanufaktur.de\/index.php?rest_route=\/wp\/v2\/types\/page"}],"author":[{"embeddable":true,"href":"https:\/\/www.patchworkmanufaktur.de\/index.php?rest_route=\/wp\/v2\/users\/2"}],"replies":[{"embeddable":true,"href":"https:\/\/www.patchworkmanufaktur.de\/index.php?rest_route=%2Fwp%2Fv2%2Fcomments&post=941"}],"version-history":[{"count":166,"href":"https:\/\/www.patchworkmanufaktur.de\/index.php?rest_route=\/wp\/v2\/pages\/941\/revisions"}],"predecessor-version":[{"id":2868,"href":"https:\/\/www.patchworkmanufaktur.de\/index.php?rest_route=\/wp\/v2\/pages\/941\/revisions\/2868"}],"wp:featuredmedia":[{"embeddable":true,"href":"https:\/\/www.patchworkmanufaktur.de\/index.php?rest_route=\/wp\/v2\/media\/1097"}],"wp:attachment":[{"href":"https:\/\/www.patchworkmanufaktur.de\/index.php?rest_route=%2Fwp%2Fv2%2Fmedia&parent=941"}],"curies":[{"name":"wp","href":"https:\/\/api.w.org\/{rel}","templated":true}]}}