{"id":4,"date":"2011-05-22T13:40:36","date_gmt":"2011-05-22T11:40:36","guid":{"rendered":"http:\/\/www.patchworkmanufaktur.de\/?page_id=4"},"modified":"2021-10-16T14:50:56","modified_gmt":"2021-10-16T12:50:56","slug":"meine-angebote","status":"publish","type":"page","link":"https:\/\/www.patchworkmanufaktur.de\/?page_id=4","title":{"rendered":"Kreativ &#8211;  N\u00e4hkreis"},"content":{"rendered":"<p><strong><a href=\"http:\/\/www.patchworkmanufaktur.de\/wp-content\/uploads\/Sabine-Lange-Bodenkissen-1-P_20150906_151105.jpg\">\u00a0<\/a><\/strong><\/p>\r\n<h2 style=\"text-align: center;\"><span style=\"text-decoration: underline;\"><strong><span style=\"color: #ff0000; text-decoration: underline;\">PATCHWORK &amp; QUILTEN<\/span>\u00a0\u00a0<span style=\"color: #339966; text-decoration: underline;\">IN MEINEM<\/span><span class=\"Apple-style-span\" style=\"color: #000000; text-decoration: underline;\">\u00a0<\/span><\/strong><\/span><\/h2>\r\n<h2 style=\"text-align: center;\"><span style=\"color: #0000ff;\"><strong><span style=\"text-decoration: underline;\"><span style=\"color: #0000ff; text-decoration: underline;\">KREATIV &#8211;\u00a0<\/span><span style=\"color: #0000ff; text-decoration: underline;\">N\u00c4HKREIS<\/span><\/span><span style=\"color: #0000ff;\">\u00a0<\/span><\/strong><\/span><\/h2>\r\n<p>Patchwork &amp; Quilten in meinem &#8222;Kreativ \u2013 N\u00e4hkreis&#8220; \u00a0k\u00f6nnen Sie mit meiner Hilfe aus den unterschiedlichsten Materialien im Mix\u00a0 kreative Dinge f\u00fcr den t\u00e4glichen Gebrauch, zur pers\u00f6nlichen Freude und Lust entwickeln. Dabei bildet Patchwork nur EINEN Schwerpunkt \u2013 aber alles ist m\u00f6glich. Sie haben eine vage Vorstellung und ich helfe Ihnen, daraus ein Unikat zu machen.<\/p>\r\n<p style=\"text-align: center;\">Hier\u00a0ist auch immer m\u00f6glich an eigenen \u201e UFO\u00b4s\u201c (<span style=\"color: #ff0000;\">u<\/span>n<span style=\"color: #ff0000;\">f<\/span>ertige <span style=\"color: #ff0000;\">O<\/span>bjekten) weiter zu n\u00e4hen. <strong>F\u00fcr Anf\u00e4nger und Fortgeschrittene, n\u00e4hen unter Gleichgesinnten.<\/strong><\/p>\r\n<p style=\"text-align: center;\">Der Kreativ \u2013 N\u00e4hkreis lebt von unterschiedlichen Altersgruppen mit N\u00e4herfahrungen ganz vielf\u00e4ltiger Art. Vom gegenseitigen Austausch in lockerer Runde profitiert<\/p>\r\n<p style=\"text-align: center;\"><strong>Jeder von Jedem!<\/strong><\/p>\r\n<p style=\"text-align: center;\">Dies ist f\u00fcr alle N\u00e4her, Patcher \/ Quilter welche nicht nur Hilfe brauchen, eine Idee oder mit einem neuen Projekt starten wollen sondern auch gern in Gesellschaft n\u00e4hen m\u00f6chten, schauen was andere so n\u00e4hen und wie sie n\u00e4hen und welche N\u00e4herfahrung sie haben<\/p>\r\n<p style=\"text-align: center;\"><span style=\"color: #0000ff;\">Patchworktechniken<\/span> biete ich immer standardm\u00e4\u00dfig an. Um die Patchworktechnik zu erlernen wird ein Probest\u00fcck hergestellt. Den Stoff f\u00fcr das Probest\u00fcck\u00a0stelle<span style=\"color: #0000ff;\"> ich Ihnen zur Verf\u00fcgung.<strong>\u00a0<\/strong>\u00a0<\/span>Nat\u00fcrlich ist dieses Probe Ihr Eigentum und kann als Anschauungsst\u00fcck mit nach Hause genommen werden. Wenn Sie eine spezielle Patchworktechnik erlernen wollen, bitte informieren Sie mich etwa eine Woche vor dem N\u00e4hkreistermin. So sind Sie sicher, da\u00df ich mich speziell auf Ihren Wunsch vorbereiten kann.<\/p>\r\n<p style=\"text-align: center;\"><strong>Selbstverst\u00e4ndlich kann bei mir auch &#8220; Gelieselt&#8220; werden.<\/strong><\/p>\r\n<p>F\u00fcr alle, welche nicht wissen was &#8220; Liesel&#8220; bedeutet, nun es ist reine und 100%ige Handn\u00e4harbeit. Es werden \u00a0Schablonen mit Stoff bezogen und dann in speziellen Formen wieder nur per Hand zusammen gesetzt. Dies kann \u00fcber Kleinigkeiten bis hin zu gro\u00dfen Quilt erarbeitet werden.<\/p>\r\n<p><a href=\"http:\/\/www.patchworkmanufaktur.de\/wp-content\/uploads\/Lieseln-1-CIMG4677.jpg\"><img loading=\"lazy\" decoding=\"async\" class=\"aligncenter size-medium wp-image-1975\" src=\"http:\/\/www.patchworkmanufaktur.de\/wp-content\/uploads\/Lieseln-1-CIMG4677-300x172.jpg\" alt=\"\" width=\"300\" height=\"172\" srcset=\"https:\/\/www.patchworkmanufaktur.de\/wp-content\/uploads\/Lieseln-1-CIMG4677-300x172.jpg 300w, https:\/\/www.patchworkmanufaktur.de\/wp-content\/uploads\/Lieseln-1-CIMG4677-768x439.jpg 768w, https:\/\/www.patchworkmanufaktur.de\/wp-content\/uploads\/Lieseln-1-CIMG4677-1024x586.jpg 1024w, https:\/\/www.patchworkmanufaktur.de\/wp-content\/uploads\/Lieseln-1-CIMG4677.jpg 1985w\" sizes=\"auto, (max-width: 300px) 100vw, 300px\" \/><\/a><a href=\"http:\/\/www.patchworkmanufaktur.de\/wp-content\/uploads\/Paperpiecing-CIMG4978.jpg\"><img loading=\"lazy\" decoding=\"async\" class=\"aligncenter wp-image-2326\" src=\"http:\/\/www.patchworkmanufaktur.de\/wp-content\/uploads\/Paperpiecing-CIMG4978-666x1024.jpg\" alt=\"\" width=\"255\" height=\"392\" srcset=\"https:\/\/www.patchworkmanufaktur.de\/wp-content\/uploads\/Paperpiecing-CIMG4978-666x1024.jpg 666w, https:\/\/www.patchworkmanufaktur.de\/wp-content\/uploads\/Paperpiecing-CIMG4978-195x300.jpg 195w, https:\/\/www.patchworkmanufaktur.de\/wp-content\/uploads\/Paperpiecing-CIMG4978-768x1182.jpg 768w, https:\/\/www.patchworkmanufaktur.de\/wp-content\/uploads\/Paperpiecing-CIMG4978.jpg 1274w\" sizes=\"auto, (max-width: 255px) 100vw, 255px\" \/><\/a><\/p>\r\n<p style=\"text-align: center;\">Beispiel I weihnachtliche Ornamente<\/p>\r\n<p><a href=\"http:\/\/www.patchworkmanufaktur.de\/wp-content\/uploads\/Lieseln-2-CIMG4678.jpg\"><img loading=\"lazy\" decoding=\"async\" class=\"aligncenter size-medium wp-image-1977\" src=\"http:\/\/www.patchworkmanufaktur.de\/wp-content\/uploads\/Lieseln-2-CIMG4678-300x239.jpg\" alt=\"\" width=\"300\" height=\"239\" srcset=\"https:\/\/www.patchworkmanufaktur.de\/wp-content\/uploads\/Lieseln-2-CIMG4678-300x239.jpg 300w, https:\/\/www.patchworkmanufaktur.de\/wp-content\/uploads\/Lieseln-2-CIMG4678-768x613.jpg 768w, https:\/\/www.patchworkmanufaktur.de\/wp-content\/uploads\/Lieseln-2-CIMG4678-1024x817.jpg 1024w, https:\/\/www.patchworkmanufaktur.de\/wp-content\/uploads\/Lieseln-2-CIMG4678.jpg 1550w\" sizes=\"auto, (max-width: 300px) 100vw, 300px\" \/><\/a><\/p>\r\n<p style=\"text-align: center;\">Beispiel II kleines Utensilo<\/p>\r\n<p><a href=\"http:\/\/www.patchworkmanufaktur.de\/wp-content\/uploads\/Lieseln-3-CIMG4679.jpg\"><img loading=\"lazy\" decoding=\"async\" class=\"aligncenter size-medium wp-image-1979\" src=\"http:\/\/www.patchworkmanufaktur.de\/wp-content\/uploads\/Lieseln-3-CIMG4679-300x201.jpg\" alt=\"\" width=\"300\" height=\"201\" srcset=\"https:\/\/www.patchworkmanufaktur.de\/wp-content\/uploads\/Lieseln-3-CIMG4679-300x201.jpg 300w, https:\/\/www.patchworkmanufaktur.de\/wp-content\/uploads\/Lieseln-3-CIMG4679-768x515.jpg 768w, https:\/\/www.patchworkmanufaktur.de\/wp-content\/uploads\/Lieseln-3-CIMG4679-1024x687.jpg 1024w, https:\/\/www.patchworkmanufaktur.de\/wp-content\/uploads\/Lieseln-3-CIMG4679.jpg 1745w\" sizes=\"auto, (max-width: 300px) 100vw, 300px\" \/><\/a><\/p>\r\n<p style=\"text-align: center;\">Beispiel III Utensil z.B. im Bad<\/p>\r\n<p style=\"text-align: center;\">Beispiele gibt es viele, \u00a0Dresdener Teller, Sterne, Anh\u00e4nger f\u00fcr den Weihnachtsbaum, Geschenke u.s.w.<\/p>\r\n<p style=\"text-align: center;\"><strong><span style=\"color: #0000ff;\">*************************************************************<\/span><\/strong><\/p>\r\n<h2 style=\"text-align: center;\"><strong><span style=\"color: #ff0000;\">Ein sehr erfolgreiche Event war ein <\/span><\/strong><\/h2>\r\n<h2 style=\"text-align: center;\"><strong><span style=\"color: #ff0000;\"><span style=\"color: #0000ff;\">Patchwork<\/span> &#8211;<span style=\"color: #008000;\"> Crash<\/span> &#8211; <span style=\"color: #ff6600;\">Kurs<\/span> <\/span><\/strong><\/h2>\r\n<h2 style=\"text-align: center;\"><strong><span style=\"color: #ff0000;\">im Stoffdschungel Solingen mit dem vollst\u00e4ndigen Team.<\/span><\/strong><\/h2>\r\n<p style=\"text-align: center;\"><a href=\"http:\/\/www.stoff-dschungel.de\">http:\/\/www.stoff-dschungel.de<\/a><\/p>\r\n<p style=\"text-align: center;\">Nicht nur, da\u00df das \u00a0Team in Sachen Patchwork einen umfassenden Einblick gewonnen hat, alle waren mit viel Spa\u00df, ja sogar Begeisterung dabei. In Zukunft k\u00f6nnen nun auch zu einigen N\u00e4htechniken Tipps und Anregungen an die Kunden des Gesch\u00e4ftes weiter geben werden.<\/p>\r\n<p style=\"text-align: center;\">Im Programm waren ausschlie\u00dflich Techniken, welche in Kleidung gut umgesetzt werden k\u00f6nnen.<\/p>\r\n<p style=\"text-align: center;\">Einige Jacken, T-Shirts, Kleider und div. Oberteile konnte ich als Beispiel vorlegen.<\/p>\r\n<p style=\"text-align: center;\">Dieser Spezialkurs war ein Geschenk an das besonders freundliche, kompetente und hilfsbereite Team des Stoffdschungels von der Patchworkmanufaktur<\/p>\r\n<p style=\"text-align: center;\"><a href=\"http:\/\/www.patchworkmanufaktur.de\/\">www.patchworkmanufaktur.de<\/a><\/p>\r\n<p style=\"text-align: center;\"><a href=\"http:\/\/www.patchworkmanufaktur.de\/wp-content\/uploads\/IMG_0887.jpg\"><img loading=\"lazy\" decoding=\"async\" class=\"aligncenter wp-image-2310\" src=\"http:\/\/www.patchworkmanufaktur.de\/wp-content\/uploads\/IMG_0887.jpg\" alt=\"\" width=\"271\" height=\"219\" srcset=\"https:\/\/www.patchworkmanufaktur.de\/wp-content\/uploads\/IMG_0887.jpg 595w, https:\/\/www.patchworkmanufaktur.de\/wp-content\/uploads\/IMG_0887-300x242.jpg 300w\" sizes=\"auto, (max-width: 271px) 100vw, 271px\" \/><\/a> <a href=\"http:\/\/www.patchworkmanufaktur.de\/wp-content\/uploads\/IMG_0888.jpg\"><img loading=\"lazy\" decoding=\"async\" class=\"aligncenter wp-image-2311\" src=\"http:\/\/www.patchworkmanufaktur.de\/wp-content\/uploads\/IMG_0888.jpg\" alt=\"\" width=\"199\" height=\"265\" srcset=\"https:\/\/www.patchworkmanufaktur.de\/wp-content\/uploads\/IMG_0888.jpg 480w, https:\/\/www.patchworkmanufaktur.de\/wp-content\/uploads\/IMG_0888-225x300.jpg 225w\" sizes=\"auto, (max-width: 199px) 100vw, 199px\" \/><\/a> <a href=\"http:\/\/www.patchworkmanufaktur.de\/wp-content\/uploads\/IMG_0890.jpg\"><img loading=\"lazy\" decoding=\"async\" class=\"aligncenter wp-image-2312\" src=\"http:\/\/www.patchworkmanufaktur.de\/wp-content\/uploads\/IMG_0890.jpg\" alt=\"\" width=\"186\" height=\"248\" srcset=\"https:\/\/www.patchworkmanufaktur.de\/wp-content\/uploads\/IMG_0890.jpg 480w, https:\/\/www.patchworkmanufaktur.de\/wp-content\/uploads\/IMG_0890-225x300.jpg 225w\" sizes=\"auto, (max-width: 186px) 100vw, 186px\" \/><\/a> <a href=\"http:\/\/www.patchworkmanufaktur.de\/wp-content\/uploads\/IMG_0891.jpg\"><img loading=\"lazy\" decoding=\"async\" class=\"aligncenter wp-image-2313\" src=\"http:\/\/www.patchworkmanufaktur.de\/wp-content\/uploads\/IMG_0891.jpg\" alt=\"\" width=\"158\" height=\"211\" srcset=\"https:\/\/www.patchworkmanufaktur.de\/wp-content\/uploads\/IMG_0891.jpg 480w, https:\/\/www.patchworkmanufaktur.de\/wp-content\/uploads\/IMG_0891-225x300.jpg 225w\" sizes=\"auto, (max-width: 158px) 100vw, 158px\" \/><\/a> <a href=\"http:\/\/www.patchworkmanufaktur.de\/wp-content\/uploads\/IMG_0894.jpg\"><img loading=\"lazy\" decoding=\"async\" class=\"aligncenter wp-image-2314\" src=\"http:\/\/www.patchworkmanufaktur.de\/wp-content\/uploads\/IMG_0894.jpg\" alt=\"\" width=\"140\" height=\"187\" srcset=\"https:\/\/www.patchworkmanufaktur.de\/wp-content\/uploads\/IMG_0894.jpg 480w, https:\/\/www.patchworkmanufaktur.de\/wp-content\/uploads\/IMG_0894-225x300.jpg 225w\" sizes=\"auto, (max-width: 140px) 100vw, 140px\" \/><\/a> <a href=\"http:\/\/www.patchworkmanufaktur.de\/wp-content\/uploads\/IMG_0903.jpg\"><img loading=\"lazy\" decoding=\"async\" class=\"aligncenter wp-image-2315\" src=\"http:\/\/www.patchworkmanufaktur.de\/wp-content\/uploads\/IMG_0903.jpg\" alt=\"\" width=\"324\" height=\"243\" srcset=\"https:\/\/www.patchworkmanufaktur.de\/wp-content\/uploads\/IMG_0903.jpg 640w, https:\/\/www.patchworkmanufaktur.de\/wp-content\/uploads\/IMG_0903-300x225.jpg 300w\" sizes=\"auto, (max-width: 324px) 100vw, 324px\" \/><\/a> <a href=\"http:\/\/www.patchworkmanufaktur.de\/wp-content\/uploads\/IMG_0904.jpg\"><img loading=\"lazy\" decoding=\"async\" class=\"aligncenter wp-image-2316\" src=\"http:\/\/www.patchworkmanufaktur.de\/wp-content\/uploads\/IMG_0904.jpg\" alt=\"\" width=\"310\" height=\"204\" srcset=\"https:\/\/www.patchworkmanufaktur.de\/wp-content\/uploads\/IMG_0904.jpg 640w, https:\/\/www.patchworkmanufaktur.de\/wp-content\/uploads\/IMG_0904-300x197.jpg 300w\" sizes=\"auto, (max-width: 310px) 100vw, 310px\" \/><\/a><\/p>\r\n<p style=\"text-align: center;\"><strong>Alle sind sehr gute N\u00e4herinnen mit exzellenten Erfahrungen und nun noch reicher um den Kunden zufrieden zu stellen.<\/strong><\/p>\r\n<p style=\"text-align: center;\">Jeder Einkauf ein Erfolg!<\/p>\r\n<p style=\"text-align: center;\">***************************************************************<\/p>\r\n<p style=\"text-align: center;\"><strong>Jeder\u00a0<span style=\"color: #ff0000;\">&#8222;Kreativ \u2013 N\u00e4hkreis&#8220;<\/span> dauert 3 bis 4 Stunden.<\/strong><\/p>\r\n<p style=\"text-align: center;\"><strong>Er findet<span style=\"color: #0000ff;\">\u00a0nach Verabredung + Anmeldung statt.<\/span><\/strong><\/p>\r\n<p style=\"text-align: center;\"><strong>Startzeit ist 10:00 Uhr<\/strong><\/p>\r\n<p style=\"text-align: center;\">**************************************<\/p>\r\n<p style=\"text-align: center;\">Original Patchworkstoffe in gro\u00dfer Auswahl \u00a0k\u00f6nnen Sie bei mir auch in <span style=\"color: #0000ff;\">kleinen<\/span> Mengen kaufen.<\/p>\r\n<p style=\"text-align: center;\">Es ist unbedingt erforderlich, da\u00df Sie sich anmelden ! Die Teilnehmerzahl ist begrenzt. Telefonisch oder per e- Mail ( warten Sie meine R\u00fcckantwort ab, <span style=\"color: #0000ff;\">ich antworte immer !<\/span> ).<\/p>\r\n<p style=\"text-align: center;\">********<\/p>\r\n<p style=\"text-align: center;\">\u00a0Sich vorher beraten vermeidet nerviges trennen. Viele Interessierte k\u00f6nnen sich erst in den Abendstunden diesem Hobby widmen.<\/p>\r\n<p style=\"text-align: center;\">Bei Fragen oder Problemen helfe ich auch gern mal\u00a0abends.<\/p>\r\n<p style=\"text-align: center;\">Rufen Sie mich an: 02104\/46613<\/p>\r\n<p style=\"text-align: center;\"><span style=\"color: #ff0000;\">********<\/span><\/p>\r\n<p style=\"text-align: center;\"><strong><span style=\"color: #ff0000;\">Idee und Erfahrung &#8211; Die Wurzeln der Kreativit\u00e4t<\/span><\/strong><\/p>\r\n<ul>\r\n<li>\u00a0Taschen, Kissen, Vorh\u00e4nge, Tischdeko &#8211; Dinge die man gern mag, wie auch Zopfgummis aus dem Lieblingsstoff oder auch Schals, Loops und Stulpen.<\/li>\r\n<li>Viele, viele Anregungen f\u00fcr N\u00e4hlust und n\u00fctzliche Dinge findet man auf dieser \u00a0 \u00a0 Homepage z. B. unter dem Buttons \u00a0<span style=\"color: #008000;\">DEKO<\/span> , <span style=\"color: #0000ff;\">TISCHDECKEN<\/span> und <span style=\"color: #ff99cc;\">WOHNDECKEN<\/span>, <span style=\"color: #993366;\">TASCHEN<\/span>, <span style=\"color: #ff6600;\">BEKLEIDUNG.<\/span><\/li>\r\n<li>Bekleidung wie z. B. R\u00f6cke, Westen, eine Tunika, ein Schal, vorhandene Kleidung aufpeppen, Badvorlagen und vieles, vieles mehr&#8230;<\/li>\r\n<\/ul>\r\n<p style=\"text-align: center;\"><strong>******<\/strong><\/p>\r\n<p style=\"text-align: center;\">Wer beim \u00b4Kreativ &#8211; N\u00e4hkreis \u00b4<strong>mal rein schnuppern<\/strong> m\u00f6chte,\u00a0kann sich auch <strong>kurzfristig von heute auf morgen<\/strong> bei mir anmelden, ist noch ein Platz frei dann kommen sie dazu.<\/p>\r\n<p style=\"text-align: center;\"><span style=\"color: #ff0000;\">Patchwork<\/span> <span style=\"color: #339966;\">&amp;<\/span> <span style=\"color: #0000ff;\">Co.<\/span> Angelika Graichen\u00a0Nelkenweg 7 42781 Haan &#8211; Gruiten<\/p>\r\n<p style=\"text-align: center;\">Telefon: 02104 \/46613 a<span style=\"color: #0000ff;\">ngelika.g1206@gmx.de<\/span><\/p>\r\n<p style=\"text-align: center;\"><span style=\"color: #ff0000;\"><strong>*****<\/strong><\/span><\/p>\r\n<p style=\"text-align: center;\"><strong>Neu\u00a0ist dazu gekommen<\/strong> :<\/p>\r\n<ul>\r\n<li>F\u00fcr <strong><span style=\"color: #ff0000;\">Tierliebhaber<\/span><\/strong> alles zum Kuscheln f\u00fcr <span style=\"color: #ff0000;\"><span style=\"color: #339966;\">HUND<\/span> &amp; <span style=\"color: #800080;\">KATZE\u00a0<span style=\"color: #ff0000;\">+<\/span><\/span>\u00a0<span style=\"color: #ff00ff;\">Co<\/span>.<\/span>; selbst eine\u00a0nette Abdeckung\u00a0f\u00fcr den <span style=\"color: #800000;\">VOGELK\u00c4FIG<\/span> z.B. kann gen\u00e4ht werden. Mit <span style=\"color: #0000ff;\">Patchworktechniken <\/span>lassen sich die fantasievollsten Sachen herstellen!<\/li>\r\n<li>Die Besitzer verwenden oft eigene, vorhandene \u00a0Materialien aus dem Kleiderschrank \/ dem Haushalt, in den unterschiedlichsten Mix. Alles was entsteht riecht dann nach Frauchen oder Herrchen .<\/li>\r\n<li>Kuschelvlies und Stoffe sind nat\u00fcrlich auch\u00a0zu erweben. K\u00f6nnen aber auch mitgebracht werden.<\/li>\r\n<\/ul>\r\n<p style=\"text-align: center;\">\u00a0Hier ein paar Beispielbilder.<\/p>\r\n<p style=\"text-align: center;\"><a href=\"http:\/\/www.patchworkmanufaktur.de\/wp-content\/uploads\/Hundedecke-1-CIMG4121.jpg\"><img loading=\"lazy\" decoding=\"async\" class=\"aligncenter size-medium wp-image-1486\" src=\"http:\/\/www.patchworkmanufaktur.de\/wp-content\/uploads\/Hundedecke-1-CIMG4121-252x300.jpg\" alt=\"Hundedecke 1 CIMG4121\" width=\"252\" height=\"300\" srcset=\"https:\/\/www.patchworkmanufaktur.de\/wp-content\/uploads\/Hundedecke-1-CIMG4121-252x300.jpg 252w, https:\/\/www.patchworkmanufaktur.de\/wp-content\/uploads\/Hundedecke-1-CIMG4121-860x1024.jpg 860w, https:\/\/www.patchworkmanufaktur.de\/wp-content\/uploads\/Hundedecke-1-CIMG4121.jpg 1371w\" sizes=\"auto, (max-width: 252px) 100vw, 252px\" \/><\/a><\/p>\r\n<p style=\"text-align: center;\">\u00a0Eine Hundedecke f\u00fcr den treuen Vierbeiner.<\/p>\r\n<p style=\"text-align: center;\"><a href=\"http:\/\/www.patchworkmanufaktur.de\/wp-content\/uploads\/Katzendeckchen-2-B-CIMG4120.jpg\"><img loading=\"lazy\" decoding=\"async\" class=\"aligncenter size-medium wp-image-1487\" src=\"http:\/\/www.patchworkmanufaktur.de\/wp-content\/uploads\/Katzendeckchen-2-B-CIMG4120-300x286.jpg\" alt=\"Katzendeckchen 2 B CIMG4120\" width=\"300\" height=\"286\" srcset=\"https:\/\/www.patchworkmanufaktur.de\/wp-content\/uploads\/Katzendeckchen-2-B-CIMG4120-300x286.jpg 300w, https:\/\/www.patchworkmanufaktur.de\/wp-content\/uploads\/Katzendeckchen-2-B-CIMG4120-1024x975.jpg 1024w, https:\/\/www.patchworkmanufaktur.de\/wp-content\/uploads\/Katzendeckchen-2-B-CIMG4120.jpg 1388w\" sizes=\"auto, (max-width: 300px) 100vw, 300px\" \/><\/a><\/p>\r\n<p style=\"text-align: center;\">Luxus-Katzen- Kuschel- Deckchen f\u00fcr den schnurrenden Tiger!<\/p>\r\n<p style=\"text-align: center;\"><a href=\"http:\/\/www.patchworkmanufaktur.de\/wp-content\/uploads\/Katzenk\u00f6rbchen-3-a-CIMG4114.jpg\"><img loading=\"lazy\" decoding=\"async\" class=\"aligncenter size-medium wp-image-1488\" src=\"http:\/\/www.patchworkmanufaktur.de\/wp-content\/uploads\/Katzenk\u00f6rbchen-3-a-CIMG4114-196x300.jpg\" alt=\"Katzenk\u00f6rbchen 3 a CIMG4114\" width=\"196\" height=\"300\" srcset=\"https:\/\/www.patchworkmanufaktur.de\/wp-content\/uploads\/Katzenk\u00f6rbchen-3-a-CIMG4114-196x300.jpg 196w, https:\/\/www.patchworkmanufaktur.de\/wp-content\/uploads\/Katzenk\u00f6rbchen-3-a-CIMG4114-670x1024.jpg 670w, https:\/\/www.patchworkmanufaktur.de\/wp-content\/uploads\/Katzenk\u00f6rbchen-3-a-CIMG4114.jpg 1261w\" sizes=\"auto, (max-width: 196px) 100vw, 196px\" \/><\/a><\/p>\r\n<p style=\"text-align: center;\">Ein kuschelweiches Katzen &#8211; K\u00f6rbchen \ud83d\ude42<\/p>\r\n<p style=\"text-align: center;\"><a href=\"http:\/\/www.patchworkmanufaktur.de\/wp-content\/uploads\/Katzenk\u00f6rbchen-4-a-CIMG4112.jpg\"><img loading=\"lazy\" decoding=\"async\" class=\"aligncenter size-medium wp-image-1489\" src=\"http:\/\/www.patchworkmanufaktur.de\/wp-content\/uploads\/Katzenk\u00f6rbchen-4-a-CIMG4112-300x225.jpg\" alt=\"Katzenk\u00f6rbchen 4 a CIMG4112\" width=\"300\" height=\"225\" srcset=\"https:\/\/www.patchworkmanufaktur.de\/wp-content\/uploads\/Katzenk\u00f6rbchen-4-a-CIMG4112-300x225.jpg 300w, https:\/\/www.patchworkmanufaktur.de\/wp-content\/uploads\/Katzenk\u00f6rbchen-4-a-CIMG4112-1024x768.jpg 1024w, https:\/\/www.patchworkmanufaktur.de\/wp-content\/uploads\/Katzenk\u00f6rbchen-4-a-CIMG4112.jpg 2048w\" sizes=\"auto, (max-width: 300px) 100vw, 300px\" \/><\/a><\/p>\r\n<p style=\"text-align: center;\">Und noch ein Katzenk\u00f6rbchen mit separatem Kuschelkissen aus Fellimitat<\/p>\r\n<p style=\"text-align: center;\"><a href=\"http:\/\/www.patchworkmanufaktur.de\/wp-content\/uploads\/Katzenk\u00f6rbchen-1-CIMG4105.jpg\"><img loading=\"lazy\" decoding=\"async\" class=\"aligncenter size-medium wp-image-1490\" src=\"http:\/\/www.patchworkmanufaktur.de\/wp-content\/uploads\/Katzenk\u00f6rbchen-1-CIMG4105-300x197.jpg\" alt=\"Katzenk\u00f6rbchen 1 CIMG4105\" width=\"300\" height=\"197\" srcset=\"https:\/\/www.patchworkmanufaktur.de\/wp-content\/uploads\/Katzenk\u00f6rbchen-1-CIMG4105-300x197.jpg 300w, https:\/\/www.patchworkmanufaktur.de\/wp-content\/uploads\/Katzenk\u00f6rbchen-1-CIMG4105-1024x673.jpg 1024w, https:\/\/www.patchworkmanufaktur.de\/wp-content\/uploads\/Katzenk\u00f6rbchen-1-CIMG4105.jpg 1685w\" sizes=\"auto, (max-width: 300px) 100vw, 300px\" \/><\/a><\/p>\r\n<p style=\"text-align: center;\">Ja und dieses K\u00f6rbchen belegt meine k\u00f6nigliche \ud83d\ude42\u00a0Katze .<\/p>\r\n<p style=\"text-align: center;\">Alle Kuschelsachen f\u00fcr \u00a0Haustiere findet man nochmals unter dem Punkt &#8220; DEKO &#8220; auf diese Homepage.<\/p>\r\n<p style=\"text-align: center;\">****************************************<\/p>\r\n<ul>\r\n<li>Hier zwei Beispiele f\u00fcr R\u00f6cke :<\/li>\r\n<li>1. ein Wickelrock<\/li>\r\n<li>2. ein weiter Rock, gen\u00e4ht aus vielen kleinen \u00a0Quadraten<\/li>\r\n<\/ul>\r\n<p><a href=\"http:\/\/www.patchworkmanufaktur.de\/wp-content\/uploads\/Rock-9\u00b0-CIMG4016.jpg\"><img loading=\"lazy\" decoding=\"async\" class=\"aligncenter size-medium wp-image-1422\" src=\"http:\/\/www.patchworkmanufaktur.de\/wp-content\/uploads\/Rock-9\u00b0-CIMG4016-238x300.jpg\" alt=\"Rock 9\u00b0 CIMG4016\" width=\"238\" height=\"300\" srcset=\"https:\/\/www.patchworkmanufaktur.de\/wp-content\/uploads\/Rock-9\u00b0-CIMG4016-238x300.jpg 238w, https:\/\/www.patchworkmanufaktur.de\/wp-content\/uploads\/Rock-9\u00b0-CIMG4016-812x1024.jpg 812w, https:\/\/www.patchworkmanufaktur.de\/wp-content\/uploads\/Rock-9\u00b0-CIMG4016.jpg 1536w\" sizes=\"auto, (max-width: 238px) 100vw, 238px\" \/><\/a><\/p>\r\n<p><a href=\"http:\/\/www.patchworkmanufaktur.de\/wp-content\/uploads\/Cathedral-Window-OberteilRock-CIMG4686.jpg\"><img loading=\"lazy\" decoding=\"async\" class=\"aligncenter size-medium wp-image-1985\" src=\"http:\/\/www.patchworkmanufaktur.de\/wp-content\/uploads\/Cathedral-Window-OberteilRock-CIMG4686-143x300.jpg\" alt=\"\" width=\"143\" height=\"300\" srcset=\"https:\/\/www.patchworkmanufaktur.de\/wp-content\/uploads\/Cathedral-Window-OberteilRock-CIMG4686-143x300.jpg 143w, https:\/\/www.patchworkmanufaktur.de\/wp-content\/uploads\/Cathedral-Window-OberteilRock-CIMG4686-768x1613.jpg 768w, https:\/\/www.patchworkmanufaktur.de\/wp-content\/uploads\/Cathedral-Window-OberteilRock-CIMG4686-488x1024.jpg 488w, https:\/\/www.patchworkmanufaktur.de\/wp-content\/uploads\/Cathedral-Window-OberteilRock-CIMG4686.jpg 857w\" sizes=\"auto, (max-width: 143px) 100vw, 143px\" \/><\/a><\/p>\r\n<p>Zum Kursthema &#8222;Cathedral Window&#8220; ein Oberteil mit passendem, schmalen Wickelrock.<\/p>\r\n<p style=\"text-align: center;\">***********************************<\/p>\r\n<p>Bringen Sie einfach Ihr Lieblingsmaterial und Ihre Ideen mit. Garantiert wird daraus ein ganz pers\u00f6nliches Teil, \u00a0welches Ihnen gef\u00e4llt und Ihren Erwartungen entspricht. Sie werden es mit Stolz zeigen k\u00f6nnen. Obendrein erweitern, verbesseren \u00a0und bereichern\u00a0 Sie Ihre N\u00e4hfertigkeiten:<\/p>\r\n<ul>\r\n<li>Wenn aus einer ehemaligen Bluse\u00a0 oder Halstuch ein kleines\u00a0Kosmetikt\u00e4schchen wird, ist es ein toller Erfolg und ein Unikat sowieso !<\/li>\r\n<\/ul>\r\n<h2 style=\"text-align: center;\">\u00a0<\/h2>\r\n<p>*<\/p>\r\n<h1 style=\"text-align: center;\" align=\"center\"><span style=\"text-decoration: underline; color: #ff0000;\"><strong>Projektbeispiele :<\/strong><\/span><\/h1>\r\n<p>Platzdeckchen:<a href=\"http:\/\/www.patchworkmanufaktur.de\/wp-content\/uploads\/Platzdeckchen-1-CIMG3321.jpg\"><img loading=\"lazy\" decoding=\"async\" class=\"aligncenter size-medium wp-image-1208\" src=\"http:\/\/www.patchworkmanufaktur.de\/wp-content\/uploads\/Platzdeckchen-1-CIMG3321-300x247.jpg\" alt=\"Platzdeckchen 1 CIMG3321\" width=\"300\" height=\"247\" srcset=\"https:\/\/www.patchworkmanufaktur.de\/wp-content\/uploads\/Platzdeckchen-1-CIMG3321-300x247.jpg 300w, https:\/\/www.patchworkmanufaktur.de\/wp-content\/uploads\/Platzdeckchen-1-CIMG3321-1024x845.jpg 1024w, https:\/\/www.patchworkmanufaktur.de\/wp-content\/uploads\/Platzdeckchen-1-CIMG3321.jpg 1754w\" sizes=\"auto, (max-width: 300px) 100vw, 300px\" \/><\/a><\/p>\r\n<p>Handarbeitsk\u00f6rbchen :<\/p>\r\n<p style=\"text-align: center;\"><a href=\"http:\/\/www.patchworkmanufaktur.de\/wp-content\/uploads\/Handarbeitsk\u00f6rbchen-2.jpg\"><img loading=\"lazy\" decoding=\"async\" class=\"aligncenter size-medium wp-image-1359\" src=\"http:\/\/www.patchworkmanufaktur.de\/wp-content\/uploads\/Handarbeitsk\u00f6rbchen-2-300x258.jpg\" alt=\"Handarbeitsk\u00f6rbchen 2\" width=\"300\" height=\"258\" srcset=\"https:\/\/www.patchworkmanufaktur.de\/wp-content\/uploads\/Handarbeitsk\u00f6rbchen-2-300x258.jpg 300w, https:\/\/www.patchworkmanufaktur.de\/wp-content\/uploads\/Handarbeitsk\u00f6rbchen-2-1024x880.jpg 1024w, https:\/\/www.patchworkmanufaktur.de\/wp-content\/uploads\/Handarbeitsk\u00f6rbchen-2.jpg 1280w\" sizes=\"auto, (max-width: 300px) 100vw, 300px\" \/><\/a><\/p>\r\n<p>Kleine Tasche :<\/p>\r\n<p><a href=\"http:\/\/www.patchworkmanufaktur.de\/wp-content\/uploads\/T\u00e4schchen-1-CIMG3778.jpg\"><img loading=\"lazy\" decoding=\"async\" class=\"aligncenter size-medium wp-image-1361\" src=\"http:\/\/www.patchworkmanufaktur.de\/wp-content\/uploads\/T\u00e4schchen-1-CIMG3778-300x160.jpg\" alt=\"T\u00e4schchen 1 CIMG3778\" width=\"300\" height=\"160\" srcset=\"https:\/\/www.patchworkmanufaktur.de\/wp-content\/uploads\/T\u00e4schchen-1-CIMG3778-300x160.jpg 300w, https:\/\/www.patchworkmanufaktur.de\/wp-content\/uploads\/T\u00e4schchen-1-CIMG3778-1024x546.jpg 1024w, https:\/\/www.patchworkmanufaktur.de\/wp-content\/uploads\/T\u00e4schchen-1-CIMG3778.jpg 1827w\" sizes=\"auto, (max-width: 300px) 100vw, 300px\" \/><\/a><br \/>Sch\u00fcrze:<\/p>\r\n<p><a href=\"http:\/\/www.patchworkmanufaktur.de\/wp-content\/uploads\/Sch\u00fcrze-1-CIMG3548.jpg\"><img loading=\"lazy\" decoding=\"async\" class=\"aligncenter size-medium wp-image-1363\" src=\"http:\/\/www.patchworkmanufaktur.de\/wp-content\/uploads\/Sch\u00fcrze-1-CIMG3548-225x300.jpg\" alt=\"Sch\u00fcrze 1 CIMG3548\" width=\"225\" height=\"300\" srcset=\"https:\/\/www.patchworkmanufaktur.de\/wp-content\/uploads\/Sch\u00fcrze-1-CIMG3548-225x300.jpg 225w, https:\/\/www.patchworkmanufaktur.de\/wp-content\/uploads\/Sch\u00fcrze-1-CIMG3548-768x1024.jpg 768w, https:\/\/www.patchworkmanufaktur.de\/wp-content\/uploads\/Sch\u00fcrze-1-CIMG3548.jpg 1422w\" sizes=\"auto, (max-width: 225px) 100vw, 225px\" \/><\/a><\/p>\r\n<p>K\u00e4tzchen :<\/p>\r\n<p><a href=\"http:\/\/www.patchworkmanufaktur.de\/wp-content\/uploads\/3-K\u00e4tzchen-gro\u00df-2-CIMG3768.jpg\"><img loading=\"lazy\" decoding=\"async\" class=\"aligncenter size-medium wp-image-1365\" src=\"http:\/\/www.patchworkmanufaktur.de\/wp-content\/uploads\/3-K\u00e4tzchen-gro\u00df-2-CIMG3768-300x157.jpg\" alt=\"3 K\u00e4tzchen gro\u00df 2 CIMG3768\" width=\"300\" height=\"157\" srcset=\"https:\/\/www.patchworkmanufaktur.de\/wp-content\/uploads\/3-K\u00e4tzchen-gro\u00df-2-CIMG3768-300x157.jpg 300w, https:\/\/www.patchworkmanufaktur.de\/wp-content\/uploads\/3-K\u00e4tzchen-gro\u00df-2-CIMG3768-1024x535.jpg 1024w, https:\/\/www.patchworkmanufaktur.de\/wp-content\/uploads\/3-K\u00e4tzchen-gro\u00df-2-CIMG3768.jpg 1561w\" sizes=\"auto, (max-width: 300px) 100vw, 300px\" \/><\/a><\/p>\r\n<p>Kleine Umh\u00e4ngetaschen :<\/p>\r\n<p><img loading=\"lazy\" decoding=\"async\" class=\"aligncenter size-medium wp-image-1172\" src=\"http:\/\/www.patchworkmanufaktur.de\/wp-content\/uploads\/Mini-Taschen-1-CIMG3764-300x130.jpg\" alt=\"Mini - Taschen 1 CIMG3764\" width=\"300\" height=\"130\" srcset=\"https:\/\/www.patchworkmanufaktur.de\/wp-content\/uploads\/Mini-Taschen-1-CIMG3764-300x130.jpg 300w, https:\/\/www.patchworkmanufaktur.de\/wp-content\/uploads\/Mini-Taschen-1-CIMG3764-1024x443.jpg 1024w, https:\/\/www.patchworkmanufaktur.de\/wp-content\/uploads\/Mini-Taschen-1-CIMG3764.jpg 1776w\" sizes=\"auto, (max-width: 300px) 100vw, 300px\" \/><\/p>\r\n<p>Shopper :<\/p>\r\n<p><a href=\"http:\/\/www.patchworkmanufaktur.de\/wp-content\/uploads\/Tasche-9\u00b0-R\u00fcckseite-CIMG3662.jpg\"><img loading=\"lazy\" decoding=\"async\" class=\"aligncenter size-medium wp-image-1370\" src=\"http:\/\/www.patchworkmanufaktur.de\/wp-content\/uploads\/Tasche-9\u00b0-R\u00fcckseite-CIMG3662-241x300.jpg\" alt=\"Tasche 9\u00b0 R\u00fcckseite CIMG3662\" width=\"241\" height=\"300\" srcset=\"https:\/\/www.patchworkmanufaktur.de\/wp-content\/uploads\/Tasche-9\u00b0-R\u00fcckseite-CIMG3662-241x300.jpg 241w, https:\/\/www.patchworkmanufaktur.de\/wp-content\/uploads\/Tasche-9\u00b0-R\u00fcckseite-CIMG3662-823x1024.jpg 823w, https:\/\/www.patchworkmanufaktur.de\/wp-content\/uploads\/Tasche-9\u00b0-R\u00fcckseite-CIMG3662.jpg 1407w\" sizes=\"auto, (max-width: 241px) 100vw, 241px\" \/><\/a><br \/>Ordnerh\u00fcllen :<\/p>\r\n<p style=\"text-align: left;\" align=\"center\"><img loading=\"lazy\" decoding=\"async\" class=\"aligncenter size-medium wp-image-1178\" src=\"http:\/\/www.patchworkmanufaktur.de\/wp-content\/uploads\/Aktenordner-schwarz-CIMG3692-300x248.jpg\" alt=\"Aktenordner schwarz CIMG3692\" width=\"300\" height=\"248\" srcset=\"https:\/\/www.patchworkmanufaktur.de\/wp-content\/uploads\/Aktenordner-schwarz-CIMG3692-300x248.jpg 300w, https:\/\/www.patchworkmanufaktur.de\/wp-content\/uploads\/Aktenordner-schwarz-CIMG3692-1024x849.jpg 1024w, https:\/\/www.patchworkmanufaktur.de\/wp-content\/uploads\/Aktenordner-schwarz-CIMG3692.jpg 1643w\" sizes=\"auto, (max-width: 300px) 100vw, 300px\" \/><span class=\"Apple-style-span\" style=\"font-style: normal;\"><span class=\"Apple-style-span\" style=\"font-style: normal;\"><span class=\"Apple-style-span\" style=\"font-style: normal;\"><span class=\"Apple-style-span\" style=\"font-style: normal;\"><span class=\"Apple-style-span\" style=\"font-style: normal;\">Shopper\/ Materialmix :<\/span><\/span><\/span><\/span><\/span><\/p>\r\n<p style=\"text-align: left;\" align=\"center\"><img loading=\"lazy\" decoding=\"async\" class=\"aligncenter size-medium wp-image-1179\" src=\"http:\/\/www.patchworkmanufaktur.de\/wp-content\/uploads\/Tache-Materialmix-1-CIMG3339-232x300.jpg\" alt=\"Tache - Materialmix 1 CIMG3339\" width=\"232\" height=\"300\" srcset=\"https:\/\/www.patchworkmanufaktur.de\/wp-content\/uploads\/Tache-Materialmix-1-CIMG3339-232x300.jpg 232w, https:\/\/www.patchworkmanufaktur.de\/wp-content\/uploads\/Tache-Materialmix-1-CIMG3339-793x1024.jpg 793w, https:\/\/www.patchworkmanufaktur.de\/wp-content\/uploads\/Tache-Materialmix-1-CIMG3339.jpg 1424w\" sizes=\"auto, (max-width: 232px) 100vw, 232px\" \/><span class=\"Apple-style-span\" style=\"font-style: normal;\">Nikolaus :<\/span><\/p>\r\n<p style=\"text-align: left;\" align=\"center\"><img loading=\"lazy\" decoding=\"async\" class=\"aligncenter size-medium wp-image-1182\" src=\"http:\/\/www.patchworkmanufaktur.de\/wp-content\/uploads\/PW-Nikolaus-CIMG3084-300x290.jpg\" alt=\"PW - Nikolaus CIMG3084\" width=\"300\" height=\"290\" srcset=\"https:\/\/www.patchworkmanufaktur.de\/wp-content\/uploads\/PW-Nikolaus-CIMG3084-300x290.jpg 300w, https:\/\/www.patchworkmanufaktur.de\/wp-content\/uploads\/PW-Nikolaus-CIMG3084-1024x990.jpg 1024w, https:\/\/www.patchworkmanufaktur.de\/wp-content\/uploads\/PW-Nikolaus-CIMG3084.jpg 1423w\" sizes=\"auto, (max-width: 300px) 100vw, 300px\" \/><\/p>\r\n<p style=\"text-align: center;\" align=\"center\">Weste mit Patchworktechnik :<\/p>\r\n<p style=\"text-align: center;\" align=\"center\"><a href=\"http:\/\/www.patchworkmanufaktur.de\/wp-content\/uploads\/Weste-Flying-geeseL1000210.jpg\"><img loading=\"lazy\" decoding=\"async\" class=\"aligncenter size-medium wp-image-1177\" src=\"http:\/\/www.patchworkmanufaktur.de\/wp-content\/uploads\/Weste-Flying-geeseL1000210-226x300.jpg\" alt=\"Weste Flying geeseL1000210\" width=\"226\" height=\"300\" srcset=\"https:\/\/www.patchworkmanufaktur.de\/wp-content\/uploads\/Weste-Flying-geeseL1000210-226x300.jpg 226w, https:\/\/www.patchworkmanufaktur.de\/wp-content\/uploads\/Weste-Flying-geeseL1000210.jpg 483w\" sizes=\"auto, (max-width: 226px) 100vw, 226px\" \/><\/a><\/p>\r\n<p style=\"text-align: center;\">Kein Porzellan, kein Keramik oder Glas &#8211; nein Stoff ist meine Leidenschaft!<\/p>\r\n<p style=\"text-align: center;\">Ich n\u00e4he \u00dcbert\u00f6pfe, passend zum Zimmer oder der Pflanze.<\/p>\r\n<p style=\"text-align: center;\">Und immer passend zu irgend einem Topf in alle Gr\u00f6\u00dfen. In diesem\u00a0<strong>Kreativ &#8211; N\u00e4hkreis<\/strong> kann jeder auch erlernen wie das so geht und bekommt die N\u00e4hanleitung gratis dazu.<\/p>\r\n<p style=\"text-align: center;\" align=\"center\"><a href=\"http:\/\/www.patchworkmanufaktur.de\/wp-content\/uploads\/\u00dcbertopf-CIMG4037.jpg\"><img loading=\"lazy\" decoding=\"async\" class=\"aligncenter size-medium wp-image-1465\" src=\"http:\/\/www.patchworkmanufaktur.de\/wp-content\/uploads\/\u00dcbertopf-CIMG4037-300x288.jpg\" alt=\"\u00dcbertopf CIMG4037\" width=\"300\" height=\"288\" srcset=\"https:\/\/www.patchworkmanufaktur.de\/wp-content\/uploads\/\u00dcbertopf-CIMG4037-300x288.jpg 300w, https:\/\/www.patchworkmanufaktur.de\/wp-content\/uploads\/\u00dcbertopf-CIMG4037-1024x983.jpg 1024w, https:\/\/www.patchworkmanufaktur.de\/wp-content\/uploads\/\u00dcbertopf-CIMG4037.jpg 1520w\" sizes=\"auto, (max-width: 300px) 100vw, 300px\" \/><\/a><\/p>\r\n<p style=\"text-align: center;\" align=\"center\">Oder eine dekorative Blumenschale mit ganz individuellem Charme.<\/p>\r\n<p style=\"text-align: center;\" align=\"center\"><a href=\"http:\/\/www.patchworkmanufaktur.de\/wp-content\/uploads\/\u00dcbertopf-Blumenschale-Detail-2-CIMG4044.jpg\"><img loading=\"lazy\" decoding=\"async\" class=\"aligncenter size-medium wp-image-1469\" src=\"http:\/\/www.patchworkmanufaktur.de\/wp-content\/uploads\/\u00dcbertopf-Blumenschale-Detail-2-CIMG4044-300x225.jpg\" alt=\"\u00dcbertopf - Blumenschale Detail 2 CIMG4044\" width=\"300\" height=\"225\" srcset=\"https:\/\/www.patchworkmanufaktur.de\/wp-content\/uploads\/\u00dcbertopf-Blumenschale-Detail-2-CIMG4044-300x225.jpg 300w, https:\/\/www.patchworkmanufaktur.de\/wp-content\/uploads\/\u00dcbertopf-Blumenschale-Detail-2-CIMG4044-1024x769.jpg 1024w, https:\/\/www.patchworkmanufaktur.de\/wp-content\/uploads\/\u00dcbertopf-Blumenschale-Detail-2-CIMG4044.jpg 1934w\" sizes=\"auto, (max-width: 300px) 100vw, 300px\" \/><\/a><\/p>\r\n<p align=\"center\">\u00a0<span style=\"text-decoration: underline;\">UND NOCH SO VIELES MEHR !!<\/span><\/p>\r\n<p align=\"center\">********************************************************************************<\/p>\r\n<p align=\"center\">Ab 2015 stellen sich einige der N\u00e4hkreis &#8211; Damen<\/p>\r\n<p align=\"center\">mit ihren gearbeiteten Sachen hier vor.<\/p>\r\n<p style=\"text-align: center;\" align=\"center\"><a href=\"http:\/\/www.patchworkmanufaktur.de\/wp-content\/uploads\/Waltraud-M\u00fcller-mit-Bodenkissen-CIMG3835.jpg\"><img loading=\"lazy\" decoding=\"async\" class=\"aligncenter size-medium wp-image-1372\" src=\"http:\/\/www.patchworkmanufaktur.de\/wp-content\/uploads\/Waltraud-M\u00fcller-mit-Bodenkissen-CIMG3835-163x300.jpg\" alt=\"Waltraud M\u00fcller mit Bodenkissen CIMG3835\" width=\"163\" height=\"300\" srcset=\"https:\/\/www.patchworkmanufaktur.de\/wp-content\/uploads\/Waltraud-M\u00fcller-mit-Bodenkissen-CIMG3835-163x300.jpg 163w, https:\/\/www.patchworkmanufaktur.de\/wp-content\/uploads\/Waltraud-M\u00fcller-mit-Bodenkissen-CIMG3835-557x1024.jpg 557w, https:\/\/www.patchworkmanufaktur.de\/wp-content\/uploads\/Waltraud-M\u00fcller-mit-Bodenkissen-CIMG3835.jpg 995w\" sizes=\"auto, (max-width: 163px) 100vw, 163px\" \/><\/a><\/p>\r\n<p style=\"text-align: center;\" align=\"center\">Dieses Bodenkissen , von <strong>Waltraud M\u00fcller,<\/strong> wurde mit Dinkel gef\u00fcllt und ist hervorragend f\u00fcr die F\u00fc\u00dfe mit und ohne Teepott \ud83d\ude42<\/p>\r\n<p style=\"text-align: center;\" align=\"center\">*<\/p>\r\n<p style=\"text-align: center;\" align=\"center\"><a href=\"http:\/\/www.patchworkmanufaktur.de\/wp-content\/uploads\/W.M.-Jelly-Roll-Vatiante-CIMG38411.jpg\"><img loading=\"lazy\" decoding=\"async\" class=\"aligncenter size-medium wp-image-1153\" src=\"http:\/\/www.patchworkmanufaktur.de\/wp-content\/uploads\/W.M.-Jelly-Roll-Vatiante-CIMG38411-236x300.jpg\" alt=\"W.M. Jelly-Roll Vatiante CIMG3841\" width=\"236\" height=\"300\" srcset=\"https:\/\/www.patchworkmanufaktur.de\/wp-content\/uploads\/W.M.-Jelly-Roll-Vatiante-CIMG38411-236x300.jpg 236w, https:\/\/www.patchworkmanufaktur.de\/wp-content\/uploads\/W.M.-Jelly-Roll-Vatiante-CIMG38411-805x1024.jpg 805w, https:\/\/www.patchworkmanufaktur.de\/wp-content\/uploads\/W.M.-Jelly-Roll-Vatiante-CIMG38411.jpg 1134w\" sizes=\"auto, (max-width: 236px) 100vw, 236px\" \/><\/a><\/p>\r\n<p style=\"text-align: center;\" align=\"center\">Eine gelungene `Jelly-Roll`Variante auf der N\u00e4hmaschine gepatcht und von <span style=\"color: #0000ff;\"><a title=\"Anette Valtl Quiltstation.de\" href=\"http:\/\/quiltstation.de\/\" target=\"_blank\" rel=\"noopener noreferrer\"><span style=\"color: #0000ff;\">Anette Valtl <\/span><\/a><\/span>auf der<\/p>\r\n<p style=\"text-align: center;\" align=\"center\">Longarm &#8211; Quiltmaschine \u00a0gequiltet.<\/p>\r\n<p style=\"text-align: center;\" align=\"center\">*<\/p>\r\n<p style=\"text-align: center;\" align=\"center\">Auch diese Verschnitt-Technik kann sich sehen lassen:<\/p>\r\n<p style=\"text-align: center;\" align=\"center\">gepatcht und von Hand gequiltet!<\/p>\r\n<p style=\"text-align: center;\" align=\"center\"><a href=\"http:\/\/www.patchworkmanufaktur.de\/wp-content\/uploads\/W.M.-Verschnitttechnik-CIMG3824.jpg\"><img loading=\"lazy\" decoding=\"async\" class=\"aligncenter size-medium wp-image-1155\" src=\"http:\/\/www.patchworkmanufaktur.de\/wp-content\/uploads\/W.M.-Verschnitttechnik-CIMG3824-300x279.jpg\" alt=\"W.M. Verschnitttechnik CIMG3824\" width=\"300\" height=\"279\" srcset=\"https:\/\/www.patchworkmanufaktur.de\/wp-content\/uploads\/W.M.-Verschnitttechnik-CIMG3824-300x279.jpg 300w, https:\/\/www.patchworkmanufaktur.de\/wp-content\/uploads\/W.M.-Verschnitttechnik-CIMG3824-1024x954.jpg 1024w, https:\/\/www.patchworkmanufaktur.de\/wp-content\/uploads\/W.M.-Verschnitttechnik-CIMG3824.jpg 1480w\" sizes=\"auto, (max-width: 300px) 100vw, 300px\" \/><\/a><\/p>\r\n<p style=\"text-align: center;\" align=\"center\">*<\/p>\r\n<p style=\"text-align: center;\" align=\"center\">Hier wurde ein Rosenstoff in Log Cabin Technik umgesetzt; h\u00e4ngt bei Waltraud M. an der Wand.<\/p>\r\n<p style=\"text-align: center;\" align=\"center\"><img loading=\"lazy\" decoding=\"async\" class=\"aligncenter size-medium wp-image-1158\" src=\"http:\/\/www.patchworkmanufaktur.de\/wp-content\/uploads\/W.M.-Log-Cabin-Wandbehang-CIMG3825-285x300.jpg\" alt=\"W.M. Log Cabin- Wandbehang CIMG3825\" width=\"285\" height=\"300\" srcset=\"https:\/\/www.patchworkmanufaktur.de\/wp-content\/uploads\/W.M.-Log-Cabin-Wandbehang-CIMG3825-285x300.jpg 285w, https:\/\/www.patchworkmanufaktur.de\/wp-content\/uploads\/W.M.-Log-Cabin-Wandbehang-CIMG3825-972x1024.jpg 972w, https:\/\/www.patchworkmanufaktur.de\/wp-content\/uploads\/W.M.-Log-Cabin-Wandbehang-CIMG3825.jpg 1217w\" sizes=\"auto, (max-width: 285px) 100vw, 285px\" \/><\/p>\r\n<p style=\"text-align: center;\" align=\"center\">*<\/p>\r\n<p style=\"text-align: center;\" align=\"center\">Nach Weihnachten ist immer vor Weihnachten! Aber n\u00e4hen macht f\u00fcr jede Saison immer Spa\u00df.<\/p>\r\n<p style=\"text-align: center;\" align=\"center\"><a href=\"http:\/\/www.patchworkmanufaktur.de\/wp-content\/uploads\/W.M.-Nikolaus.-Weihnachtsente-Sterne-Kissen-CIMG3830.jpg\"><img loading=\"lazy\" decoding=\"async\" class=\"aligncenter size-medium wp-image-1160\" src=\"http:\/\/www.patchworkmanufaktur.de\/wp-content\/uploads\/W.M.-Nikolaus.-Weihnachtsente-Sterne-Kissen-CIMG3830-300x225.jpg\" alt=\"W.M. Nikolaus. Weihnachtsente &amp; Sterne-Kissen CIMG3830\" width=\"300\" height=\"225\" srcset=\"https:\/\/www.patchworkmanufaktur.de\/wp-content\/uploads\/W.M.-Nikolaus.-Weihnachtsente-Sterne-Kissen-CIMG3830-300x225.jpg 300w, https:\/\/www.patchworkmanufaktur.de\/wp-content\/uploads\/W.M.-Nikolaus.-Weihnachtsente-Sterne-Kissen-CIMG3830-1024x768.jpg 1024w, https:\/\/www.patchworkmanufaktur.de\/wp-content\/uploads\/W.M.-Nikolaus.-Weihnachtsente-Sterne-Kissen-CIMG3830.jpg 2048w\" sizes=\"auto, (max-width: 300px) 100vw, 300px\" \/><\/a><\/p>\r\n<p style=\"text-align: center;\" align=\"center\">*<\/p>\r\n<p style=\"text-align: center;\" align=\"center\">Und toll sind auch die Ideeen um vorhandene Garderobe aufzupeppen.<\/p>\r\n<p style=\"text-align: center;\" align=\"center\"><img loading=\"lazy\" decoding=\"async\" class=\"aligncenter size-medium wp-image-1166\" src=\"http:\/\/www.patchworkmanufaktur.de\/wp-content\/uploads\/W.M.-Jacke-mit-Dresdner-Teller-CIMG3836-225x300.jpg\" alt=\"W.M. Jacke mit Dresdner Teller CIMG3836\" width=\"225\" height=\"300\" srcset=\"https:\/\/www.patchworkmanufaktur.de\/wp-content\/uploads\/W.M.-Jacke-mit-Dresdner-Teller-CIMG3836-225x300.jpg 225w, https:\/\/www.patchworkmanufaktur.de\/wp-content\/uploads\/W.M.-Jacke-mit-Dresdner-Teller-CIMG3836-768x1024.jpg 768w, https:\/\/www.patchworkmanufaktur.de\/wp-content\/uploads\/W.M.-Jacke-mit-Dresdner-Teller-CIMG3836.jpg 1536w\" sizes=\"auto, (max-width: 225px) 100vw, 225px\" \/><\/p>\r\n<p style=\"text-align: center;\" align=\"center\">Neues von Waltraud M\u00fcller: Eine herrliche Kuscheldecke in Lasagne &#8211; Technik gen\u00e4ht und gequiltet von Anette Valtl &#8211; Quiltstation in Remscheid.<\/p>\r\n<p style=\"text-align: center;\" align=\"center\"><a href=\"http:\/\/www.patchworkmanufaktur.de\/wp-content\/uploads\/W.M.-Kuscheldecke-CIMG3914.jpg\"><img loading=\"lazy\" decoding=\"async\" class=\"aligncenter size-medium wp-image-1313\" src=\"http:\/\/www.patchworkmanufaktur.de\/wp-content\/uploads\/W.M.-Kuscheldecke-CIMG3914-223x300.jpg\" alt=\"W.M. Kuscheldecke CIMG3914\" width=\"223\" height=\"300\" srcset=\"https:\/\/www.patchworkmanufaktur.de\/wp-content\/uploads\/W.M.-Kuscheldecke-CIMG3914-223x300.jpg 223w, https:\/\/www.patchworkmanufaktur.de\/wp-content\/uploads\/W.M.-Kuscheldecke-CIMG3914-762x1024.jpg 762w, https:\/\/www.patchworkmanufaktur.de\/wp-content\/uploads\/W.M.-Kuscheldecke-CIMG3914.jpg 1296w\" sizes=\"auto, (max-width: 223px) 100vw, 223px\" \/><\/a><\/p>\r\n<p style=\"text-align: center;\" align=\"center\">Und schon bald steht Weihnachten vor der T\u00fcr, da m\u00fcssen es nat\u00fcrlich Nikolausstiefel sein !<\/p>\r\n<p style=\"text-align: center;\" align=\"center\"><a href=\"http:\/\/www.patchworkmanufaktur.de\/wp-content\/uploads\/W.M.-Nikolausstiefel-CIMG3915.jpg\"><img loading=\"lazy\" decoding=\"async\" class=\"aligncenter size-medium wp-image-1317\" src=\"http:\/\/www.patchworkmanufaktur.de\/wp-content\/uploads\/W.M.-Nikolausstiefel-CIMG3915-300x213.jpg\" alt=\"W.M. Nikolausstiefel CIMG3915\" width=\"300\" height=\"213\" srcset=\"https:\/\/www.patchworkmanufaktur.de\/wp-content\/uploads\/W.M.-Nikolausstiefel-CIMG3915-300x213.jpg 300w, https:\/\/www.patchworkmanufaktur.de\/wp-content\/uploads\/W.M.-Nikolausstiefel-CIMG3915-1024x729.jpg 1024w, https:\/\/www.patchworkmanufaktur.de\/wp-content\/uploads\/W.M.-Nikolausstiefel-CIMG3915.jpg 1865w\" sizes=\"auto, (max-width: 300px) 100vw, 300px\" \/><\/a><\/p>\r\n<p style=\"text-align: center;\" align=\"center\">********************************************<\/p>\r\n<p style=\"text-align: center;\" align=\"center\">Auch <strong>Sonja Oehlert<\/strong> zeigt ein paar sch\u00f6ne Sachen, z. Beispiel:<\/p>\r\n<p style=\"text-align: center;\" align=\"center\">diese sch\u00f6ne Kuscheldecke, auch in Lasagne &#8211; Technik gen\u00e4ht!<\/p>\r\n<p style=\"text-align: center;\" align=\"center\"><a href=\"http:\/\/www.patchworkmanufaktur.de\/wp-content\/uploads\/CIMG3852.jpg\"><img loading=\"lazy\" decoding=\"async\" class=\"aligncenter size-medium wp-image-1261\" src=\"http:\/\/www.patchworkmanufaktur.de\/wp-content\/uploads\/CIMG3852-193x300.jpg\" alt=\"CIMG3852\" width=\"193\" height=\"300\" srcset=\"https:\/\/www.patchworkmanufaktur.de\/wp-content\/uploads\/CIMG3852-193x300.jpg 193w, https:\/\/www.patchworkmanufaktur.de\/wp-content\/uploads\/CIMG3852-661x1024.jpg 661w, https:\/\/www.patchworkmanufaktur.de\/wp-content\/uploads\/CIMG3852.jpg 1177w\" sizes=\"auto, (max-width: 193px) 100vw, 193px\" \/><\/a><\/p>\r\n<p style=\"text-align: center;\" align=\"center\">Ein Kinderkissen in angesagten Farben<\/p>\r\n<p style=\"text-align: center;\" align=\"center\"><a href=\"http:\/\/www.patchworkmanufaktur.de\/wp-content\/uploads\/CIMG3853.jpg\"><img loading=\"lazy\" decoding=\"async\" class=\"aligncenter size-medium wp-image-1263\" src=\"http:\/\/www.patchworkmanufaktur.de\/wp-content\/uploads\/CIMG3853-295x300.jpg\" alt=\"CIMG3853\" width=\"295\" height=\"300\" srcset=\"https:\/\/www.patchworkmanufaktur.de\/wp-content\/uploads\/CIMG3853-295x300.jpg 295w, https:\/\/www.patchworkmanufaktur.de\/wp-content\/uploads\/CIMG3853-1009x1024.jpg 1009w, https:\/\/www.patchworkmanufaktur.de\/wp-content\/uploads\/CIMG3853.jpg 1354w\" sizes=\"auto, (max-width: 295px) 100vw, 295px\" \/><\/a><\/p>\r\n<p style=\"text-align: center;\" align=\"center\">und dieser herrliche Stern in einer Tischdecke oder auch Wandbehang!<\/p>\r\n<p style=\"text-align: center;\" align=\"center\"><a href=\"http:\/\/www.patchworkmanufaktur.de\/wp-content\/uploads\/CIMG3855.jpg\"><img loading=\"lazy\" decoding=\"async\" class=\"aligncenter size-medium wp-image-1264\" src=\"http:\/\/www.patchworkmanufaktur.de\/wp-content\/uploads\/CIMG3855-300x281.jpg\" alt=\"CIMG3855\" width=\"300\" height=\"281\" srcset=\"https:\/\/www.patchworkmanufaktur.de\/wp-content\/uploads\/CIMG3855-300x281.jpg 300w, https:\/\/www.patchworkmanufaktur.de\/wp-content\/uploads\/CIMG3855-1024x961.jpg 1024w, https:\/\/www.patchworkmanufaktur.de\/wp-content\/uploads\/CIMG3855.jpg 1400w\" sizes=\"auto, (max-width: 300px) 100vw, 300px\" \/><\/a><\/p>\r\n<p style=\"text-align: center;\" align=\"center\"><a href=\"http:\/\/www.patchworkmanufaktur.de\/wp-content\/uploads\/Sonja-Oehlert-Foto0008.jpg\"><img loading=\"lazy\" decoding=\"async\" class=\"aligncenter size-medium wp-image-1269\" src=\"http:\/\/www.patchworkmanufaktur.de\/wp-content\/uploads\/Sonja-Oehlert-Foto0008-225x300.jpg\" alt=\"Sonja Oehlert Foto0008\" width=\"225\" height=\"300\" srcset=\"https:\/\/www.patchworkmanufaktur.de\/wp-content\/uploads\/Sonja-Oehlert-Foto0008-225x300.jpg 225w, https:\/\/www.patchworkmanufaktur.de\/wp-content\/uploads\/Sonja-Oehlert-Foto0008-768x1024.jpg 768w, https:\/\/www.patchworkmanufaktur.de\/wp-content\/uploads\/Sonja-Oehlert-Foto0008.jpg 1536w\" sizes=\"auto, (max-width: 225px) 100vw, 225px\" \/><\/a><\/p>\r\n<p style=\"text-align: center;\" align=\"center\">Sonja hat noch zwei wunderbare Kuscheldecken, eine in Blau und eine in Rot.<\/p>\r\n<p style=\"text-align: center;\" align=\"center\"><a href=\"http:\/\/www.patchworkmanufaktur.de\/wp-content\/uploads\/Sonja-Oehlert-SAM_2253.jpg\"><img loading=\"lazy\" decoding=\"async\" class=\"aligncenter size-medium wp-image-1272\" src=\"http:\/\/www.patchworkmanufaktur.de\/wp-content\/uploads\/Sonja-Oehlert-SAM_2253-300x259.jpg\" alt=\"Sonja Oehlert SAM_2253\" width=\"300\" height=\"259\" srcset=\"https:\/\/www.patchworkmanufaktur.de\/wp-content\/uploads\/Sonja-Oehlert-SAM_2253-300x259.jpg 300w, https:\/\/www.patchworkmanufaktur.de\/wp-content\/uploads\/Sonja-Oehlert-SAM_2253-1024x887.jpg 1024w, https:\/\/www.patchworkmanufaktur.de\/wp-content\/uploads\/Sonja-Oehlert-SAM_2253.jpg 1637w\" sizes=\"auto, (max-width: 300px) 100vw, 300px\" \/><\/a><\/p>\r\n<p style=\"text-align: center;\" align=\"center\"><a href=\"http:\/\/www.patchworkmanufaktur.de\/wp-content\/uploads\/Sonja-Oehlert-Sonja-Oehlert-SAM_1726.jpg\"><img loading=\"lazy\" decoding=\"async\" class=\"aligncenter size-medium wp-image-1274\" src=\"http:\/\/www.patchworkmanufaktur.de\/wp-content\/uploads\/Sonja-Oehlert-Sonja-Oehlert-SAM_1726-300x225.jpg\" alt=\"Sonja Oehlert Sonja Oehlert SAM_1726\" width=\"300\" height=\"225\" srcset=\"https:\/\/www.patchworkmanufaktur.de\/wp-content\/uploads\/Sonja-Oehlert-Sonja-Oehlert-SAM_1726-300x225.jpg 300w, https:\/\/www.patchworkmanufaktur.de\/wp-content\/uploads\/Sonja-Oehlert-Sonja-Oehlert-SAM_1726-1024x767.jpg 1024w\" sizes=\"auto, (max-width: 300px) 100vw, 300px\" \/><\/a><\/p>\r\n<p style=\"text-align: center;\" align=\"center\">Und da ist noch diese Doppelbett &#8211; Decke mit applizierten Kreisen und dann auf der Longarm &#8211; Quitmaschine von Frau <span style=\"color: #0000ff;\"><a title=\"Anette Valtl - quiltstation.de\" href=\"http:\/\/quiltstation.de\/\" target=\"_blank\" rel=\"noopener noreferrer\"><span style=\"color: #0000ff;\">Anette Valtl<\/span><\/a><\/span> gequiltet. Die sieht man besonders gut auf der R\u00fcckseite.<\/p>\r\n<p style=\"text-align: center;\" align=\"center\"><a href=\"http:\/\/www.patchworkmanufaktur.de\/wp-content\/uploads\/Sonja-Oehlert-SAM_2270.jpg\"><img loading=\"lazy\" decoding=\"async\" class=\"aligncenter size-medium wp-image-1275\" src=\"http:\/\/www.patchworkmanufaktur.de\/wp-content\/uploads\/Sonja-Oehlert-SAM_2270-300x193.jpg\" alt=\"Sonja Oehlert SAM_2270\" width=\"300\" height=\"193\" srcset=\"https:\/\/www.patchworkmanufaktur.de\/wp-content\/uploads\/Sonja-Oehlert-SAM_2270-300x193.jpg 300w, https:\/\/www.patchworkmanufaktur.de\/wp-content\/uploads\/Sonja-Oehlert-SAM_2270-1024x660.jpg 1024w\" sizes=\"auto, (max-width: 300px) 100vw, 300px\" \/><\/a><\/p>\r\n<p style=\"text-align: center;\" align=\"center\"><a href=\"http:\/\/www.patchworkmanufaktur.de\/wp-content\/uploads\/Sonja-Oehlert-SAM_2272-2.jpg\"><img loading=\"lazy\" decoding=\"async\" class=\"aligncenter size-medium wp-image-1276\" src=\"http:\/\/www.patchworkmanufaktur.de\/wp-content\/uploads\/Sonja-Oehlert-SAM_2272-2-300x225.jpg\" alt=\"Sonja Oehlert SAM_2272 (2)\" width=\"300\" height=\"225\" srcset=\"https:\/\/www.patchworkmanufaktur.de\/wp-content\/uploads\/Sonja-Oehlert-SAM_2272-2-300x225.jpg 300w, https:\/\/www.patchworkmanufaktur.de\/wp-content\/uploads\/Sonja-Oehlert-SAM_2272-2-1024x768.jpg 1024w\" sizes=\"auto, (max-width: 300px) 100vw, 300px\" \/><\/a><\/p>\r\n<p style=\"text-align: center;\" align=\"center\">Auch Sonja gehen nie die Ideen aus \ud83d\ude42 aber auch f\u00fcr Sonja sind 24 Stunden Tag zu wenig<\/p>\r\n<p style=\"text-align: center;\" align=\"center\">um alle Ideen umzusetzen. Immer mahnen auch Sonja ein paar UFO`S an \ud83d\ude41<\/p>\r\n<p style=\"text-align: center;\" align=\"center\">UFO\u00b4s = <span style=\"color: #ff0000;\">U<\/span>n<span style=\"color: #ff0000;\">f<span style=\"color: #000000;\">ertige<\/span> O<\/span>bjekt<\/p>\r\n<p style=\"text-align: center;\" align=\"center\">****************************************************<\/p>\r\n<p style=\"text-align: center;\" align=\"center\"><strong>Sabine Lange<\/strong> stellt sich als erstes mit einem herrlichen Bodenkissen vor, ein echter Hingucker !<\/p>\r\n<p style=\"text-align: center;\" align=\"center\"><img loading=\"lazy\" decoding=\"async\" class=\"aligncenter size-medium wp-image-1169\" style=\"font-family: Georgia, 'Bitstream Charter', serif; color: #444444; line-height: 1.5; cursor: default; max-width: 640px; display: block; clear: both; margin: 0px auto 12px auto; border: 0px initial initial;\" src=\"http:\/\/www.patchworkmanufaktur.de\/wp-content\/uploads\/Sabine-Lange-Bodenkissen-1-P_20150906_151105-300x168.jpg\" alt=\"Jpeg\" width=\"300\" height=\"168\" srcset=\"https:\/\/www.patchworkmanufaktur.de\/wp-content\/uploads\/Sabine-Lange-Bodenkissen-1-P_20150906_151105-300x168.jpg 300w, https:\/\/www.patchworkmanufaktur.de\/wp-content\/uploads\/Sabine-Lange-Bodenkissen-1-P_20150906_151105-1024x576.jpg 1024w\" sizes=\"auto, (max-width: 300px) 100vw, 300px\" \/><\/p>\r\n<p style=\"text-align: center;\" align=\"center\">Nach einem erfolgreichen Kurs f\u00fcr Adventskalender stellt Sabine ihre gelungene Variante\u00a0vor.<\/p>\r\n<p><a href=\"http:\/\/www.patchworkmanufaktur.de\/wp-content\/uploads\/Sabine-Lange-P_20151111_142931.jpg\"><img loading=\"lazy\" decoding=\"async\" class=\"size-medium wp-image-1354 aligncenter\" src=\"http:\/\/www.patchworkmanufaktur.de\/wp-content\/uploads\/Sabine-Lange-P_20151111_142931-90x300.jpg\" alt=\"Jpeg\" width=\"90\" height=\"300\" srcset=\"https:\/\/www.patchworkmanufaktur.de\/wp-content\/uploads\/Sabine-Lange-P_20151111_142931-90x300.jpg 90w, https:\/\/www.patchworkmanufaktur.de\/wp-content\/uploads\/Sabine-Lange-P_20151111_142931.jpg 618w\" sizes=\"auto, (max-width: 90px) 100vw, 90px\" \/><\/a><\/p>\r\n<p style=\"text-align: center;\" align=\"center\">Sabine Lange ist noch voll berufst\u00e4tig und ihre Familie ist auch nicht klein, trotzdem n\u00e4ht sie unglaublich gerne und stiehlt sich immer wieder Zeit f\u00fcr dieses herrliche Hobby!<\/p>\r\n<div id=\"attachment_1447\" style=\"width: 310px\" class=\"wp-caption aligncenter\"><a href=\"http:\/\/www.patchworkmanufaktur.de\/wp-content\/uploads\/Sabine-Lange-P_20160117_161825.jpg\"><img loading=\"lazy\" decoding=\"async\" aria-describedby=\"caption-attachment-1447\" class=\"size-medium wp-image-1447\" src=\"http:\/\/www.patchworkmanufaktur.de\/wp-content\/uploads\/Sabine-Lange-P_20160117_161825-300x169.jpg\" alt=\"Jpeg\" width=\"300\" height=\"169\" srcset=\"https:\/\/www.patchworkmanufaktur.de\/wp-content\/uploads\/Sabine-Lange-P_20160117_161825-300x169.jpg 300w, https:\/\/www.patchworkmanufaktur.de\/wp-content\/uploads\/Sabine-Lange-P_20160117_161825-1024x576.jpg 1024w\" sizes=\"auto, (max-width: 300px) 100vw, 300px\" \/><\/a><p id=\"caption-attachment-1447\" class=\"wp-caption-text\">Dieser weihnachtliche Tischl\u00e4ufer wurde nach <span style=\"text-decoration: underline;\">einem<\/span> Kreativ &#8211; N\u00e4hkreis mit dieser Technik s zu Hause\u00a0\u00a0fertig gestellt. Und das Ergebnis ist ein\u00a0 toller Tischl\u00e4ufer in der Weihnachtszeit!<\/p><\/div>\r\n<div id=\"attachment_1450\" style=\"width: 310px\" class=\"wp-caption aligncenter\"><a href=\"http:\/\/www.patchworkmanufaktur.de\/wp-content\/uploads\/Sabine-LangeP_20160117_161836.jpg\"><img loading=\"lazy\" decoding=\"async\" aria-describedby=\"caption-attachment-1450\" class=\"size-medium wp-image-1450\" src=\"http:\/\/www.patchworkmanufaktur.de\/wp-content\/uploads\/Sabine-LangeP_20160117_161836-300x169.jpg\" alt=\"Jpeg\" width=\"300\" height=\"169\" srcset=\"https:\/\/www.patchworkmanufaktur.de\/wp-content\/uploads\/Sabine-LangeP_20160117_161836-300x169.jpg 300w, https:\/\/www.patchworkmanufaktur.de\/wp-content\/uploads\/Sabine-LangeP_20160117_161836-1024x576.jpg 1024w\" sizes=\"auto, (max-width: 300px) 100vw, 300px\" \/><\/a><p id=\"caption-attachment-1450\" class=\"wp-caption-text\">In dieser\u00a0Detailaufnahme sieht man ganz deutlich die saubere Arbeitstechnik &#8211; klasse !<\/p><\/div>\r\n<div id=\"attachment_1448\" style=\"width: 310px\" class=\"wp-caption aligncenter\"><a href=\"http:\/\/www.patchworkmanufaktur.de\/wp-content\/uploads\/Sabine-Lange-P_20160117_162018.jpg\"><img loading=\"lazy\" decoding=\"async\" aria-describedby=\"caption-attachment-1448\" class=\"size-medium wp-image-1448\" src=\"http:\/\/www.patchworkmanufaktur.de\/wp-content\/uploads\/Sabine-Lange-P_20160117_162018-300x169.jpg\" alt=\"Jpeg\" width=\"300\" height=\"169\" srcset=\"https:\/\/www.patchworkmanufaktur.de\/wp-content\/uploads\/Sabine-Lange-P_20160117_162018-300x169.jpg 300w, https:\/\/www.patchworkmanufaktur.de\/wp-content\/uploads\/Sabine-Lange-P_20160117_162018-1024x576.jpg 1024w\" sizes=\"auto, (max-width: 300px) 100vw, 300px\" \/><\/a><p id=\"caption-attachment-1448\" class=\"wp-caption-text\">Auch diese Patchworktechnik wurde \u00a0bis Weihnachten fertig. Diese Sternen &#8211; Variante ist nicht ganz einfach aber eine prima \u00dcbung f\u00fcr die \u00a0&#8220; Y &#8211; Naht !&#8220;<\/p><\/div>\r\n<div id=\"attachment_1449\" style=\"width: 310px\" class=\"wp-caption aligncenter\"><a href=\"http:\/\/www.patchworkmanufaktur.de\/wp-content\/uploads\/Sabine-Lange-P_20160117_162028.jpg\"><img loading=\"lazy\" decoding=\"async\" aria-describedby=\"caption-attachment-1449\" class=\"size-medium wp-image-1449\" src=\"http:\/\/www.patchworkmanufaktur.de\/wp-content\/uploads\/Sabine-Lange-P_20160117_162028-300x169.jpg\" alt=\"Jpeg\" width=\"300\" height=\"169\" srcset=\"https:\/\/www.patchworkmanufaktur.de\/wp-content\/uploads\/Sabine-Lange-P_20160117_162028-300x169.jpg 300w, https:\/\/www.patchworkmanufaktur.de\/wp-content\/uploads\/Sabine-Lange-P_20160117_162028-1024x576.jpg 1024w\" sizes=\"auto, (max-width: 300px) 100vw, 300px\" \/><\/a><p id=\"caption-attachment-1449\" class=\"wp-caption-text\">Diese Detailaufnahme zeigt noch mal das sch\u00f6ne \u00a0Quilting von Hand !! Diese N\u00e4htechnik ist etwas f\u00fcr Fortgeschrittene und erfordert etwas \u00dcbung und Geduld.<\/p><\/div>\r\n<p style=\"text-align: center;\" align=\"center\">******************************<\/p>\r\n<p style=\"text-align: center;\" align=\"center\">Begeistert arbeitet auch <strong>Hannelore Neuber<\/strong> aus K\u00f6ln in unserem Kreativ &#8211; N\u00e4hkreis mit.<\/p>\r\n<p style=\"text-align: center;\" align=\"center\">Sie liebet &#8220; Log &#8211; Cabin &#8220; und setzt diese Patchwork &#8211; N\u00e4htechnik immer wieder in unterschiedlichsten Varianten um.<\/p>\r\n<p style=\"text-align: center;\" align=\"center\">Auch Hexagon &#8211; Verzierung auf Handt\u00fcchern machen sich immer gut.<\/p>\r\n<p style=\"text-align: center;\" align=\"center\">Hier, an dieser Stelle einige Bilder &#8211; Impression von Hannelore.<\/p>\r\n<p style=\"text-align: center;\" align=\"center\">Sie ist gelernte Schneiderin und hat nun ihr Herz an Patchwork verloren.<\/p>\r\n<p style=\"text-align: center;\" align=\"center\">Nicht nur zu Dekoration sonder auch f\u00fcr viele n\u00fctzliche Dinge im Alltag.<\/p>\r\n<p style=\"text-align: center;\" align=\"center\"><a href=\"http:\/\/www.patchworkmanufaktur.de\/wp-content\/uploads\/Hannelore-Neuber-4-P1020079.jpeg\"><img loading=\"lazy\" decoding=\"async\" class=\"aligncenter size-medium wp-image-1324\" src=\"http:\/\/www.patchworkmanufaktur.de\/wp-content\/uploads\/Hannelore-Neuber-4-P1020079-225x300.jpeg\" alt=\"Hannelore Neuber 4 P1020079\" width=\"225\" height=\"300\" srcset=\"https:\/\/www.patchworkmanufaktur.de\/wp-content\/uploads\/Hannelore-Neuber-4-P1020079-225x300.jpeg 225w, https:\/\/www.patchworkmanufaktur.de\/wp-content\/uploads\/Hannelore-Neuber-4-P1020079.jpeg 615w\" sizes=\"auto, (max-width: 225px) 100vw, 225px\" \/><\/a><\/p>\r\n<p style=\"text-align: center;\" align=\"center\"><a href=\"http:\/\/www.patchworkmanufaktur.de\/wp-content\/uploads\/Hannelore-Neuber-3-P1020086.jpeg\"><img loading=\"lazy\" decoding=\"async\" class=\"aligncenter size-medium wp-image-1325\" src=\"http:\/\/www.patchworkmanufaktur.de\/wp-content\/uploads\/Hannelore-Neuber-3-P1020086-300x225.jpeg\" alt=\"Hannelore Neuber 3 P1020086\" width=\"300\" height=\"225\" srcset=\"https:\/\/www.patchworkmanufaktur.de\/wp-content\/uploads\/Hannelore-Neuber-3-P1020086-300x225.jpeg 300w, https:\/\/www.patchworkmanufaktur.de\/wp-content\/uploads\/Hannelore-Neuber-3-P1020086.jpeg 820w\" sizes=\"auto, (max-width: 300px) 100vw, 300px\" \/><\/a><\/p>\r\n<p style=\"text-align: center;\" align=\"center\"><a href=\"http:\/\/www.patchworkmanufaktur.de\/wp-content\/uploads\/Hannelore-Neuber-6-P1020082.jpeg\"><img loading=\"lazy\" decoding=\"async\" class=\"aligncenter size-medium wp-image-1327\" src=\"http:\/\/www.patchworkmanufaktur.de\/wp-content\/uploads\/Hannelore-Neuber-6-P1020082-225x300.jpeg\" alt=\"Hannelore Neuber 6 P1020082\" width=\"225\" height=\"300\" srcset=\"https:\/\/www.patchworkmanufaktur.de\/wp-content\/uploads\/Hannelore-Neuber-6-P1020082-225x300.jpeg 225w, https:\/\/www.patchworkmanufaktur.de\/wp-content\/uploads\/Hannelore-Neuber-6-P1020082.jpeg 615w\" sizes=\"auto, (max-width: 225px) 100vw, 225px\" \/><\/a><\/p>\r\n<p align=\"center\">2 Ergebnisse vom letzter Kreativ &#8211; N\u00e4hkreis in 2017 von Hannelore.<\/p>\r\n<p align=\"center\">Ein Christbaum der bis zum 1. Advent noch seinen letzten Schliff erh\u00e4lt.<\/p>\r\n<p align=\"center\"><a href=\"http:\/\/www.patchworkmanufaktur.de\/wp-content\/uploads\/Hannelore-Christbaum-2017-CIMG4749.jpg\"><img loading=\"lazy\" decoding=\"async\" class=\"aligncenter wp-image-2178\" src=\"http:\/\/www.patchworkmanufaktur.de\/wp-content\/uploads\/Hannelore-Christbaum-2017-CIMG4749-917x1024.jpg\" alt=\"\" width=\"271\" height=\"303\" srcset=\"https:\/\/www.patchworkmanufaktur.de\/wp-content\/uploads\/Hannelore-Christbaum-2017-CIMG4749-917x1024.jpg 917w, https:\/\/www.patchworkmanufaktur.de\/wp-content\/uploads\/Hannelore-Christbaum-2017-CIMG4749-269x300.jpg 269w, https:\/\/www.patchworkmanufaktur.de\/wp-content\/uploads\/Hannelore-Christbaum-2017-CIMG4749-768x857.jpg 768w, https:\/\/www.patchworkmanufaktur.de\/wp-content\/uploads\/Hannelore-Christbaum-2017-CIMG4749.jpg 1383w\" sizes=\"auto, (max-width: 271px) 100vw, 271px\" \/>und das sch\u00f6nes Tischband ist fast fertig geworden.<\/a><\/p>\r\n<p align=\"center\"><a href=\"http:\/\/www.patchworkmanufaktur.de\/wp-content\/uploads\/Hannelore-Tischband-2017-CIMG4750.jpg\"><img loading=\"lazy\" decoding=\"async\" class=\"aligncenter wp-image-2179\" src=\"http:\/\/www.patchworkmanufaktur.de\/wp-content\/uploads\/Hannelore-Tischband-2017-CIMG4750-321x1024.jpg\" alt=\"\" width=\"98\" height=\"312\" srcset=\"https:\/\/www.patchworkmanufaktur.de\/wp-content\/uploads\/Hannelore-Tischband-2017-CIMG4750-321x1024.jpg 321w, https:\/\/www.patchworkmanufaktur.de\/wp-content\/uploads\/Hannelore-Tischband-2017-CIMG4750-94x300.jpg 94w, https:\/\/www.patchworkmanufaktur.de\/wp-content\/uploads\/Hannelore-Tischband-2017-CIMG4750.jpg 625w\" sizes=\"auto, (max-width: 98px) 100vw, 98px\" \/><\/a><\/p>\r\n<p style=\"text-align: center;\" align=\"center\">***************************************************<\/p>\r\n<p style=\"text-align: center;\" align=\"center\">Hier\u00a0stellt sich <strong>Margarete<\/strong>\u00a0<strong>Schweinitz<\/strong> mit einer kleinen Auswahl vor.<\/p>\r\n<p style=\"text-align: center;\" align=\"center\"><a href=\"http:\/\/www.patchworkmanufaktur.de\/wp-content\/uploads\/Margarete-Tischl\u00e4ufer-weihnacht-2015-CIMG3933.jpg\"><img loading=\"lazy\" decoding=\"async\" class=\"aligncenter size-medium wp-image-1357\" src=\"http:\/\/www.patchworkmanufaktur.de\/wp-content\/uploads\/Margarete-Tischl\u00e4ufer-weihnacht-2015-CIMG3933-172x300.jpg\" alt=\"Margarete Tischl\u00e4ufer weihnacht 2015 CIMG3933\" width=\"172\" height=\"300\" srcset=\"https:\/\/www.patchworkmanufaktur.de\/wp-content\/uploads\/Margarete-Tischl\u00e4ufer-weihnacht-2015-CIMG3933-172x300.jpg 172w, https:\/\/www.patchworkmanufaktur.de\/wp-content\/uploads\/Margarete-Tischl\u00e4ufer-weihnacht-2015-CIMG3933-588x1024.jpg 588w, https:\/\/www.patchworkmanufaktur.de\/wp-content\/uploads\/Margarete-Tischl\u00e4ufer-weihnacht-2015-CIMG3933.jpg 1045w\" sizes=\"auto, (max-width: 172px) 100vw, 172px\" \/><\/a><\/p>\r\n<p style=\"text-align: center;\" align=\"center\"><a href=\"http:\/\/www.patchworkmanufaktur.de\/wp-content\/uploads\/Margarete-Tischl\u00e4ufer-weihnacht-2015-CIMG3933.jpg\">\u00a0<\/a><\/p>\r\n<p style=\"text-align: center;\" align=\"center\">Dieser weihnachtliche Tischl\u00e4ufer ist das j\u00fcngste Produkt ( 2015 )von Margarete.<\/p>\r\n<p style=\"text-align: center;\" align=\"center\">Und immer wieder sind Taschen ein gro\u00dfes Thema f\u00fcr Margarete, hier vier Varianten<\/p>\r\n<p style=\"text-align: center;\" align=\"center\"><a href=\"http:\/\/www.patchworkmanufaktur.de\/wp-content\/uploads\/Margarete-Tasche-1-CIMG3930.jpg\"><img loading=\"lazy\" decoding=\"async\" class=\"aligncenter size-medium wp-image-1347\" src=\"http:\/\/www.patchworkmanufaktur.de\/wp-content\/uploads\/Margarete-Tasche-1-CIMG3930-300x225.jpg\" alt=\"Margarete Tasche 1 CIMG3930\" width=\"300\" height=\"225\" srcset=\"https:\/\/www.patchworkmanufaktur.de\/wp-content\/uploads\/Margarete-Tasche-1-CIMG3930-300x225.jpg 300w, https:\/\/www.patchworkmanufaktur.de\/wp-content\/uploads\/Margarete-Tasche-1-CIMG3930-1024x768.jpg 1024w, https:\/\/www.patchworkmanufaktur.de\/wp-content\/uploads\/Margarete-Tasche-1-CIMG3930.jpg 2048w\" sizes=\"auto, (max-width: 300px) 100vw, 300px\" \/><\/a><\/p>\r\n<p style=\"text-align: center;\" align=\"center\"><a href=\"http:\/\/www.patchworkmanufaktur.de\/wp-content\/uploads\/Margarete-Tasche-3-CIMG3932.jpg\"><img loading=\"lazy\" decoding=\"async\" class=\"aligncenter size-medium wp-image-1346\" src=\"http:\/\/www.patchworkmanufaktur.de\/wp-content\/uploads\/Margarete-Tasche-3-CIMG3932-225x300.jpg\" alt=\"Margarete Tasche 3 CIMG3932\" width=\"225\" height=\"300\" srcset=\"https:\/\/www.patchworkmanufaktur.de\/wp-content\/uploads\/Margarete-Tasche-3-CIMG3932-225x300.jpg 225w, https:\/\/www.patchworkmanufaktur.de\/wp-content\/uploads\/Margarete-Tasche-3-CIMG3932-768x1024.jpg 768w, https:\/\/www.patchworkmanufaktur.de\/wp-content\/uploads\/Margarete-Tasche-3-CIMG3932.jpg 1536w\" sizes=\"auto, (max-width: 225px) 100vw, 225px\" \/><\/a><\/p>\r\n<p style=\"text-align: center;\" align=\"center\"><a href=\"http:\/\/www.patchworkmanufaktur.de\/wp-content\/uploads\/Margarete-Tasche-2-CIMG3931.jpg\"><img loading=\"lazy\" decoding=\"async\" class=\"aligncenter size-medium wp-image-1349\" src=\"http:\/\/www.patchworkmanufaktur.de\/wp-content\/uploads\/Margarete-Tasche-2-CIMG3931-300x244.jpg\" alt=\"Margarete Tasche 2 CIMG3931\" width=\"300\" height=\"244\" srcset=\"https:\/\/www.patchworkmanufaktur.de\/wp-content\/uploads\/Margarete-Tasche-2-CIMG3931-300x244.jpg 300w, https:\/\/www.patchworkmanufaktur.de\/wp-content\/uploads\/Margarete-Tasche-2-CIMG3931-1024x835.jpg 1024w, https:\/\/www.patchworkmanufaktur.de\/wp-content\/uploads\/Margarete-Tasche-2-CIMG3931.jpg 1877w\" sizes=\"auto, (max-width: 300px) 100vw, 300px\" \/><\/a><\/p>\r\n<p style=\"text-align: center;\" align=\"center\">Margarete arbeitet auch gern mit Material &#8211; Mix und bringt da Patchworktechniken zur Geltung und dies mit Erfolg !<\/p>\r\n<p style=\"text-align: center;\" align=\"center\">*********************************************************<\/p>\r\n<h1 style=\"text-align: center;\" align=\"center\"><strong>2016<\/strong><\/h1>\r\n<h1 style=\"text-align: center;\" align=\"center\"><strong>wir haben viel vor !<\/strong><\/h1>\r\n<p style=\"text-align: center;\" align=\"center\">Am 27.01. 2016 um 9 \u00a0&#8211; 12 h starten wir mit beliebten Themen.<\/p>\r\n<p style=\"text-align: center;\" align=\"center\">(oder\u00a015 &#8211; 18 h oder\u00a018\u00a0&#8211; 21 h)<\/p>\r\n<p style=\"text-align: center;\" align=\"center\"><strong>Unbedingt anmelden !! 02104 \/ 46613<\/strong><\/p>\r\n<h4 style=\"text-align: center;\" align=\"center\"><strong>unter anderem<\/strong>\u00a0werden, wer Lust hat, die Rester vom \u00a0 letztem Jahr\u00a0verarbeiten !!<\/h4>\r\n<p style=\"text-align: center;\">&#8211; \u00a0frei nach Eli Thomae &#8211;<\/p>\r\n<h4 style=\"text-align: center;\" align=\"center\"><a href=\"http:\/\/www.patchworkmanufaktur.de\/wp-content\/uploads\/Nach-den-Sternen-greigen-1-CIMG3975.jpg\"><img loading=\"lazy\" decoding=\"async\" class=\"aligncenter size-medium wp-image-1428\" src=\"http:\/\/www.patchworkmanufaktur.de\/wp-content\/uploads\/Nach-den-Sternen-greigen-1-CIMG3975-205x300.jpg\" alt=\"Nach den Sternen greigen 1 CIMG3975\" width=\"205\" height=\"300\" srcset=\"https:\/\/www.patchworkmanufaktur.de\/wp-content\/uploads\/Nach-den-Sternen-greigen-1-CIMG3975-205x300.jpg 205w, https:\/\/www.patchworkmanufaktur.de\/wp-content\/uploads\/Nach-den-Sternen-greigen-1-CIMG3975-699x1024.jpg 699w, https:\/\/www.patchworkmanufaktur.de\/wp-content\/uploads\/Nach-den-Sternen-greigen-1-CIMG3975.jpg 1104w\" sizes=\"auto, (max-width: 205px) 100vw, 205px\" \/><\/a><\/h4>\r\n<p style=\"text-align: center;\" align=\"center\">nicht erschrecken, diese Decke entwickelt sich \u00fcber einen gr\u00f6\u00dferen Zeitraum.<\/p>\r\n<p style=\"text-align: center;\" align=\"center\">Ein Block schaut, z.B. so aus :<\/p>\r\n<p style=\"text-align: center;\" align=\"center\"><a href=\"http:\/\/www.patchworkmanufaktur.de\/wp-content\/uploads\/Nach-den-Sternen-greifen-Detail-CIMG4003.jpg\"><img loading=\"lazy\" decoding=\"async\" class=\"aligncenter size-medium wp-image-1430\" src=\"http:\/\/www.patchworkmanufaktur.de\/wp-content\/uploads\/Nach-den-Sternen-greifen-Detail-CIMG4003-300x225.jpg\" alt=\"Nach den Sternen greifen Detail CIMG4003\" width=\"300\" height=\"225\" srcset=\"https:\/\/www.patchworkmanufaktur.de\/wp-content\/uploads\/Nach-den-Sternen-greifen-Detail-CIMG4003-300x225.jpg 300w, https:\/\/www.patchworkmanufaktur.de\/wp-content\/uploads\/Nach-den-Sternen-greifen-Detail-CIMG4003-1024x768.jpg 1024w, https:\/\/www.patchworkmanufaktur.de\/wp-content\/uploads\/Nach-den-Sternen-greifen-Detail-CIMG4003.jpg 2048w\" sizes=\"auto, (max-width: 300px) 100vw, 300px\" \/><\/a><\/p>\r\n<p style=\"text-align: center;\" align=\"center\">Unter anderen Themen werden auch wieder die <span style=\"text-decoration: underline;\">`Schnellen Dreiecke`<\/span>in einer anderen Variante\u00a0sein.<\/p>\r\n<p style=\"text-align: center;\" align=\"center\">Zum Beispiel wie hier in der praktischen K\u00fcchengardine mit Taschen f\u00fcr Krimskram.<\/p>\r\n<p style=\"text-align: center;\" align=\"center\">Oder der kleine Shopper.<\/p>\r\n<p style=\"text-align: center;\" align=\"center\"><a href=\"http:\/\/www.patchworkmanufaktur.de\/wp-content\/uploads\/K\u00fcchengardine-1-CIMG4014.jpg\"><img loading=\"lazy\" decoding=\"async\" class=\"aligncenter size-medium wp-image-1455\" src=\"http:\/\/www.patchworkmanufaktur.de\/wp-content\/uploads\/K\u00fcchengardine-1-CIMG4014-137x300.jpg\" alt=\"K\u00fcchengardine 1 CIMG4014\" width=\"137\" height=\"300\" srcset=\"https:\/\/www.patchworkmanufaktur.de\/wp-content\/uploads\/K\u00fcchengardine-1-CIMG4014-137x300.jpg 137w, https:\/\/www.patchworkmanufaktur.de\/wp-content\/uploads\/K\u00fcchengardine-1-CIMG4014-468x1024.jpg 468w, https:\/\/www.patchworkmanufaktur.de\/wp-content\/uploads\/K\u00fcchengardine-1-CIMG4014.jpg 888w\" sizes=\"auto, (max-width: 137px) 100vw, 137px\" \/><\/a><\/p>\r\n<p style=\"text-align: center;\" align=\"center\"><a href=\"http:\/\/www.patchworkmanufaktur.de\/wp-content\/uploads\/Tasche-Schnelle-Dreiecke-CIMG4029.jpg\"><img loading=\"lazy\" decoding=\"async\" class=\"aligncenter size-medium wp-image-1459\" src=\"http:\/\/www.patchworkmanufaktur.de\/wp-content\/uploads\/Tasche-Schnelle-Dreiecke-CIMG4029-271x300.jpg\" alt=\"Tasche Schnelle Dreiecke CIMG4029\" width=\"271\" height=\"300\" srcset=\"https:\/\/www.patchworkmanufaktur.de\/wp-content\/uploads\/Tasche-Schnelle-Dreiecke-CIMG4029-271x300.jpg 271w, https:\/\/www.patchworkmanufaktur.de\/wp-content\/uploads\/Tasche-Schnelle-Dreiecke-CIMG4029-927x1024.jpg 927w, https:\/\/www.patchworkmanufaktur.de\/wp-content\/uploads\/Tasche-Schnelle-Dreiecke-CIMG4029.jpg 1219w\" sizes=\"auto, (max-width: 271px) 100vw, 271px\" \/><\/a><\/p>\r\n<p style=\"text-align: center;\" align=\"center\">wenn die ersten Teile im Kreativ- N\u00e4hkreis wieder fertig sind kann man \u00a0hier vieles wieder sehen.<\/p>\r\n<p style=\"text-align: center;\" align=\"center\">**********************************<\/p>\r\n<p style=\"text-align: center;\" align=\"center\">Nun hat Sonja mal wieder etwas vorgezeit: eine tolle\u00a0Laptop &#8211; Tasche aus vielen Restern von Jeans ! Kreativer geht nicht! Und ganz korrekt den Rei\u00dfverschlu\u00df eingearbeitet.<\/p>\r\n<p style=\"text-align: center;\" align=\"center\"><a href=\"http:\/\/www.patchworkmanufaktur.de\/wp-content\/uploads\/Laptop-Tasche-Sonja-1-CIMG4216.jpg\"><img loading=\"lazy\" decoding=\"async\" class=\"aligncenter size-medium wp-image-1580\" src=\"http:\/\/www.patchworkmanufaktur.de\/wp-content\/uploads\/Laptop-Tasche-Sonja-1-CIMG4216-300x225.jpg\" alt=\"Laptop - Tasche Sonja 1 CIMG4216\" width=\"300\" height=\"225\" srcset=\"https:\/\/www.patchworkmanufaktur.de\/wp-content\/uploads\/Laptop-Tasche-Sonja-1-CIMG4216-300x225.jpg 300w, https:\/\/www.patchworkmanufaktur.de\/wp-content\/uploads\/Laptop-Tasche-Sonja-1-CIMG4216-1024x768.jpg 1024w, https:\/\/www.patchworkmanufaktur.de\/wp-content\/uploads\/Laptop-Tasche-Sonja-1-CIMG4216.jpg 2048w\" sizes=\"auto, (max-width: 300px) 100vw, 300px\" \/><\/a><\/p>\r\n<p style=\"text-align: center;\" align=\"center\">\u00a0<a href=\"http:\/\/www.patchworkmanufaktur.de\/wp-content\/uploads\/Laptop-Tasche-Sonja-2-CIMG4217.jpg\"><img loading=\"lazy\" decoding=\"async\" class=\"aligncenter size-medium wp-image-1582\" src=\"http:\/\/www.patchworkmanufaktur.de\/wp-content\/uploads\/Laptop-Tasche-Sonja-2-CIMG4217-300x225.jpg\" alt=\"Laptop - Tasche Sonja 2 CIMG4217\" width=\"300\" height=\"225\" srcset=\"https:\/\/www.patchworkmanufaktur.de\/wp-content\/uploads\/Laptop-Tasche-Sonja-2-CIMG4217-300x225.jpg 300w, https:\/\/www.patchworkmanufaktur.de\/wp-content\/uploads\/Laptop-Tasche-Sonja-2-CIMG4217-1024x768.jpg 1024w, https:\/\/www.patchworkmanufaktur.de\/wp-content\/uploads\/Laptop-Tasche-Sonja-2-CIMG4217.jpg 2048w\" sizes=\"auto, (max-width: 300px) 100vw, 300px\" \/><\/a>Und da Taschen ja immer wieder ein beliebtes Thema sind, hier auch diese kreativ gestaltete\u00a0\u00a0Tasche von Sonja !<\/p>\r\n<p style=\"text-align: center;\" align=\"center\"><a href=\"http:\/\/www.patchworkmanufaktur.de\/wp-content\/uploads\/Tasche-Sonja-1-CIMG4219.jpg\"><img loading=\"lazy\" decoding=\"async\" class=\"aligncenter size-medium wp-image-1583\" src=\"http:\/\/www.patchworkmanufaktur.de\/wp-content\/uploads\/Tasche-Sonja-1-CIMG4219-180x300.jpg\" alt=\"Tasche Sonja 1 CIMG4219\" width=\"180\" height=\"300\" srcset=\"https:\/\/www.patchworkmanufaktur.de\/wp-content\/uploads\/Tasche-Sonja-1-CIMG4219-180x300.jpg 180w, https:\/\/www.patchworkmanufaktur.de\/wp-content\/uploads\/Tasche-Sonja-1-CIMG4219-615x1024.jpg 615w, https:\/\/www.patchworkmanufaktur.de\/wp-content\/uploads\/Tasche-Sonja-1-CIMG4219.jpg 1018w\" sizes=\"auto, (max-width: 180px) 100vw, 180px\" \/><\/a><\/p>\r\n<p style=\"text-align: center;\" align=\"center\">Bald zeige ich auch noch mehr sch\u00f6ne Sachen.<\/p>\r\n<p style=\"text-align: center;\" align=\"center\">*******************<\/p>\r\n<p style=\"text-align: center;\" align=\"center\">Ein erfolgreiches Jahr mit dem &#8220; Kreativ &#8211; N\u00e4hkreis &#8222;lieget hinter uns.<\/p>\r\n<p style=\"text-align: center;\" align=\"center\">Viele Sachen sind fertig geworden \u00a0und leider nur wenige fotografiert:-\/<\/p>\r\n<p style=\"text-align: center;\" align=\"center\">Aber nun,\u00a0ganz zum Ende hat es Sabine noch geschafft Ihren Tannenbaum auf\u00b4s Bild zu bannen.<\/p>\r\n<p><span class=\"Apple-style-span\" style=\"font-size: 16px; color: #444444; font-family: Georgia, 'Bitstream Charter', serif; line-height: 24px;\"><a style=\"font-family: Georgia, 'Bitstream Charter', serif; color: #ff4b33; line-height: 1.5;\" href=\"http:\/\/www.patchworkmanufaktur.de\/wp-content\/uploads\/Sabine-Tannenbaum-2016-CIMG4438.jpg\"><img loading=\"lazy\" decoding=\"async\" class=\"aligncenter size-medium wp-image-1683\" style=\"font-family: Georgia, 'Bitstream Charter', serif; color: #444444; line-height: 1.5; height: auto; max-width: 640px; display: block; clear: both; outline-width: 1px; outline-style: solid; outline-color: #777777; resize: none; margin: 0px auto 12px auto;\" src=\"http:\/\/www.patchworkmanufaktur.de\/wp-content\/uploads\/Sabine-Tannenbaum-2016-CIMG4438-265x300.jpg\" alt=\"sabine-tannenbaum-2016-cimg4438\" width=\"265\" height=\"300\" srcset=\"https:\/\/www.patchworkmanufaktur.de\/wp-content\/uploads\/Sabine-Tannenbaum-2016-CIMG4438-265x300.jpg 265w, https:\/\/www.patchworkmanufaktur.de\/wp-content\/uploads\/Sabine-Tannenbaum-2016-CIMG4438-906x1024.jpg 906w, https:\/\/www.patchworkmanufaktur.de\/wp-content\/uploads\/Sabine-Tannenbaum-2016-CIMG4438.jpg 1197w\" sizes=\"auto, (max-width: 265px) 100vw, 265px\" \/><\/a><\/span><\/p>\r\n<p style=\"text-align: center;\" align=\"center\">************************************************<\/p>\r\n<h2 style=\"text-align: center;\" align=\"center\"><strong><span style=\"color: #ff0000;\">2017<\/span><\/strong><\/h2>\r\n<p style=\"text-align: center;\" align=\"center\">Gleich zum Jahresbeginn 2017 kamen von Sabine die fertigen Sachen vom letzten N\u00e4hkreis<\/p>\r\n<p><a href=\"http:\/\/www.patchworkmanufaktur.de\/wp-content\/uploads\/Sabine-Lange-Geschenkp\u00e4ckchen-P_20170117_152929_NT.jpg\"><img loading=\"lazy\" decoding=\"async\" class=\"wp-image-1695 size-medium aligncenter\" src=\"http:\/\/www.patchworkmanufaktur.de\/wp-content\/uploads\/Sabine-Lange-Geschenkp\u00e4ckchen-P_20170117_152929_NT-e1486318552953-169x300.jpg\" alt=\"Jpeg\" width=\"169\" height=\"300\" srcset=\"https:\/\/www.patchworkmanufaktur.de\/wp-content\/uploads\/Sabine-Lange-Geschenkp\u00e4ckchen-P_20170117_152929_NT-e1486318552953-169x300.jpg 169w, https:\/\/www.patchworkmanufaktur.de\/wp-content\/uploads\/Sabine-Lange-Geschenkp\u00e4ckchen-P_20170117_152929_NT-e1486318552953-576x1024.jpg 576w, https:\/\/www.patchworkmanufaktur.de\/wp-content\/uploads\/Sabine-Lange-Geschenkp\u00e4ckchen-P_20170117_152929_NT-e1486318552953.jpg 1440w\" sizes=\"auto, (max-width: 169px) 100vw, 169px\" \/><\/a><\/p>\r\n<p style=\"text-align: center;\">Geschenkbeutel<\/p>\r\n<p><a href=\"http:\/\/www.patchworkmanufaktur.de\/wp-content\/uploads\/Sabine-Lange-Resterverarbeitung-P_20170117_152726_NT.jpg\"><img loading=\"lazy\" decoding=\"async\" class=\"size-medium wp-image-1696 aligncenter\" src=\"http:\/\/www.patchworkmanufaktur.de\/wp-content\/uploads\/Sabine-Lange-Resterverarbeitung-P_20170117_152726_NT-300x169.jpg\" alt=\"Jpeg\" width=\"300\" height=\"169\" srcset=\"https:\/\/www.patchworkmanufaktur.de\/wp-content\/uploads\/Sabine-Lange-Resterverarbeitung-P_20170117_152726_NT-300x169.jpg 300w, https:\/\/www.patchworkmanufaktur.de\/wp-content\/uploads\/Sabine-Lange-Resterverarbeitung-P_20170117_152726_NT-1024x576.jpg 1024w\" sizes=\"auto, (max-width: 300px) 100vw, 300px\" \/><\/a><\/p>\r\n<p style=\"text-align: center;\" align=\"center\">Crazy &#8211; Technik<\/p>\r\n<p style=\"text-align: center;\" align=\"center\">**********************************************<\/p>\r\n<p style=\"text-align: center;\" align=\"center\">Nun ist auch die Sternendecke von Christine fertig!!<\/p>\r\n<p style=\"text-align: center;\" align=\"center\">Da freut sich wieder ein Kind ganz toll.<\/p>\r\n<p style=\"text-align: center;\" align=\"center\"><a href=\"http:\/\/www.patchworkmanufaktur.de\/wp-content\/uploads\/Christine-Hirsch-Sternendecke-P1050256.jpg\"><img loading=\"lazy\" decoding=\"async\" class=\"aligncenter size-medium wp-image-1727\" src=\"http:\/\/www.patchworkmanufaktur.de\/wp-content\/uploads\/Christine-Hirsch-Sternendecke-P1050256-300x225.jpg\" alt=\"Christine Hirsch Sternendecke P1050256\" width=\"300\" height=\"225\" srcset=\"https:\/\/www.patchworkmanufaktur.de\/wp-content\/uploads\/Christine-Hirsch-Sternendecke-P1050256-300x225.jpg 300w, https:\/\/www.patchworkmanufaktur.de\/wp-content\/uploads\/Christine-Hirsch-Sternendecke-P1050256-1024x768.jpg 1024w\" sizes=\"auto, (max-width: 300px) 100vw, 300px\" \/><\/a><\/p>\r\n<p style=\"text-align: center;\" align=\"center\">**********************************************************<\/p>\r\n<p style=\"text-align: center;\" align=\"center\">Wenn wieder Zeit ist, werden hier nie neusten Patchworkarbeiten vorgestellt- versprochen.<\/p>\r\n<p style=\"text-align: center;\" align=\"center\">***********<\/p>\r\n<p style=\"text-align: center;\" align=\"center\">Ein neues Gesicht im &#8220; Kreativ &#8211; N\u00e4hkreis&#8220; hat erste Arbeiten zur Verf\u00fcgung gestellt!<\/p>\r\n<p style=\"text-align: center;\" align=\"center\"><strong>Ute Drury erste Werke- Respekt!<\/strong><\/p>\r\n<div id=\"attachment_1900\" style=\"width: 235px\" class=\"wp-caption aligncenter\"><a href=\"http:\/\/www.patchworkmanufaktur.de\/wp-content\/uploads\/Ute-Drury-51d-e1493303312136.jpg\"><img loading=\"lazy\" decoding=\"async\" aria-describedby=\"caption-attachment-1900\" class=\"size-medium wp-image-1900\" src=\"http:\/\/www.patchworkmanufaktur.de\/wp-content\/uploads\/Ute-Drury-51d-e1493303312136-225x300.jpg\" alt=\"\" width=\"225\" height=\"300\" srcset=\"https:\/\/www.patchworkmanufaktur.de\/wp-content\/uploads\/Ute-Drury-51d-e1493303312136-225x300.jpg 225w, https:\/\/www.patchworkmanufaktur.de\/wp-content\/uploads\/Ute-Drury-51d-e1493303312136-768x1024.jpg 768w\" sizes=\"auto, (max-width: 225px) 100vw, 225px\" \/><\/a><p id=\"caption-attachment-1900\" class=\"wp-caption-text\">DIGITAL CAMERA<\/p><\/div>\r\n<p style=\"text-align: center;\">Einfach schick und wirkungsvoll.<\/p>\r\n<div id=\"attachment_1902\" style=\"width: 310px\" class=\"wp-caption aligncenter\"><a href=\"http:\/\/www.patchworkmanufaktur.de\/wp-content\/uploads\/Ute-Drury-59b.jpg\"><img loading=\"lazy\" decoding=\"async\" aria-describedby=\"caption-attachment-1902\" class=\"size-medium wp-image-1902\" src=\"http:\/\/www.patchworkmanufaktur.de\/wp-content\/uploads\/Ute-Drury-59b-300x174.jpg\" alt=\"\" width=\"300\" height=\"174\" srcset=\"https:\/\/www.patchworkmanufaktur.de\/wp-content\/uploads\/Ute-Drury-59b-300x174.jpg 300w, https:\/\/www.patchworkmanufaktur.de\/wp-content\/uploads\/Ute-Drury-59b-768x445.jpg 768w, https:\/\/www.patchworkmanufaktur.de\/wp-content\/uploads\/Ute-Drury-59b-1024x593.jpg 1024w\" sizes=\"auto, (max-width: 300px) 100vw, 300px\" \/><\/a><p id=\"caption-attachment-1902\" class=\"wp-caption-text\">DIGITAL CAMERA<\/p><\/div>\r\n<p style=\"text-align: center;\">&#8230;und toll gequilten!<\/p>\r\n<div id=\"attachment_2200\" style=\"width: 205px\" class=\"wp-caption aligncenter\"><a href=\"http:\/\/www.patchworkmanufaktur.de\/wp-content\/uploads\/Uta-Quillow-1-81c-e1513012538300.jpg\"><img loading=\"lazy\" decoding=\"async\" aria-describedby=\"caption-attachment-2200\" class=\" wp-image-2200\" src=\"http:\/\/www.patchworkmanufaktur.de\/wp-content\/uploads\/Uta-Quillow-1-81c-e1513012538300-768x1024.jpg\" alt=\"\" width=\"195\" height=\"260\" srcset=\"https:\/\/www.patchworkmanufaktur.de\/wp-content\/uploads\/Uta-Quillow-1-81c-e1513012538300-768x1024.jpg 768w, https:\/\/www.patchworkmanufaktur.de\/wp-content\/uploads\/Uta-Quillow-1-81c-e1513012538300-225x300.jpg 225w\" sizes=\"auto, (max-width: 195px) 100vw, 195px\" \/><\/a><p id=\"caption-attachment-2200\" class=\"wp-caption-text\">Ute Quillow 1<\/p><\/div>\r\n<p>Ute hat einen sch\u00f6nen blauen Quillow=Kissen und Kuscheldecke in Einem gen\u00e4ht.<\/p>\r\n<div id=\"attachment_2201\" style=\"width: 206px\" class=\"wp-caption aligncenter\"><a href=\"http:\/\/www.patchworkmanufaktur.de\/wp-content\/uploads\/Ute-Quillow-2-81d.jpg\"><img loading=\"lazy\" decoding=\"async\" aria-describedby=\"caption-attachment-2201\" class=\" wp-image-2201\" src=\"http:\/\/www.patchworkmanufaktur.de\/wp-content\/uploads\/Ute-Quillow-2-81d-1024x768.jpg\" alt=\"\" width=\"196\" height=\"147\" srcset=\"https:\/\/www.patchworkmanufaktur.de\/wp-content\/uploads\/Ute-Quillow-2-81d-1024x768.jpg 1024w, https:\/\/www.patchworkmanufaktur.de\/wp-content\/uploads\/Ute-Quillow-2-81d-300x225.jpg 300w, https:\/\/www.patchworkmanufaktur.de\/wp-content\/uploads\/Ute-Quillow-2-81d-768x576.jpg 768w\" sizes=\"auto, (max-width: 196px) 100vw, 196px\" \/><\/a><p id=\"caption-attachment-2201\" class=\"wp-caption-text\">Ute Quillow 2<\/p><\/div>\r\n<div id=\"attachment_2197\" style=\"width: 120px\" class=\"wp-caption aligncenter\"><a href=\"http:\/\/www.patchworkmanufaktur.de\/wp-content\/uploads\/Uta-Hexagon-Tasch-80c-e1513012512401.jpg\"><img loading=\"lazy\" decoding=\"async\" aria-describedby=\"caption-attachment-2197\" class=\" wp-image-2197\" src=\"http:\/\/www.patchworkmanufaktur.de\/wp-content\/uploads\/Uta-Hexagon-Tasch-80c-e1513012512401-768x1024.jpg\" alt=\"\" width=\"110\" height=\"146\" srcset=\"https:\/\/www.patchworkmanufaktur.de\/wp-content\/uploads\/Uta-Hexagon-Tasch-80c-e1513012512401-768x1024.jpg 768w, https:\/\/www.patchworkmanufaktur.de\/wp-content\/uploads\/Uta-Hexagon-Tasch-80c-e1513012512401-225x300.jpg 225w\" sizes=\"auto, (max-width: 110px) 100vw, 110px\" \/><\/a><p id=\"caption-attachment-2197\" class=\"wp-caption-text\">Ute Hexagon Tasche<\/p><\/div>\r\n<p style=\"text-align: center;\">Und die Tasche aus gro\u00dfen Hexagons k\u00f6nnen sich auch sehen lassen.<\/p>\r\n<p><a href=\"http:\/\/www.patchworkmanufaktur.de\/wp-content\/uploads\/Ute-der-Hahn-20190312_162721.jpg\"><img loading=\"lazy\" decoding=\"async\" class=\"aligncenter wp-image-2400\" src=\"http:\/\/www.patchworkmanufaktur.de\/wp-content\/uploads\/Ute-der-Hahn-20190312_162721-948x1024.jpg\" alt=\"\" width=\"309\" height=\"334\" srcset=\"https:\/\/www.patchworkmanufaktur.de\/wp-content\/uploads\/Ute-der-Hahn-20190312_162721-948x1024.jpg 948w, https:\/\/www.patchworkmanufaktur.de\/wp-content\/uploads\/Ute-der-Hahn-20190312_162721-278x300.jpg 278w, https:\/\/www.patchworkmanufaktur.de\/wp-content\/uploads\/Ute-der-Hahn-20190312_162721-768x830.jpg 768w\" sizes=\"auto, (max-width: 309px) 100vw, 309px\" \/><\/a><\/p>\r\n<p style=\"text-align: center;\">Aus Restern wurde dieser sch\u00f6ne Hahn gen\u00e4ht &#8211; tolles Ergebnis!!!<\/p>\r\n<p style=\"text-align: center;\">**************************************<\/p>\r\n<p style=\"text-align: center;\">Zum Thema Kranz in Log Cabin Technik dieser Quilt von Sabine.<\/p>\r\n<div id=\"attachment_1960\" style=\"width: 240px\" class=\"wp-caption aligncenter\"><a href=\"http:\/\/www.patchworkmanufaktur.de\/wp-content\/uploads\/Sabine-Lange-Kranz-P_20170707_104320.jpg\"><img loading=\"lazy\" decoding=\"async\" aria-describedby=\"caption-attachment-1960\" class=\"size-medium wp-image-1960\" src=\"http:\/\/www.patchworkmanufaktur.de\/wp-content\/uploads\/Sabine-Lange-Kranz-P_20170707_104320-230x300.jpg\" alt=\"\" width=\"230\" height=\"300\" srcset=\"https:\/\/www.patchworkmanufaktur.de\/wp-content\/uploads\/Sabine-Lange-Kranz-P_20170707_104320-230x300.jpg 230w, https:\/\/www.patchworkmanufaktur.de\/wp-content\/uploads\/Sabine-Lange-Kranz-P_20170707_104320-768x1002.jpg 768w, https:\/\/www.patchworkmanufaktur.de\/wp-content\/uploads\/Sabine-Lange-Kranz-P_20170707_104320-785x1024.jpg 785w, https:\/\/www.patchworkmanufaktur.de\/wp-content\/uploads\/Sabine-Lange-Kranz-P_20170707_104320.jpg 1424w\" sizes=\"auto, (max-width: 230px) 100vw, 230px\" \/><\/a><p id=\"caption-attachment-1960\" class=\"wp-caption-text\">Jpeg<\/p><\/div>\r\n<p style=\"text-align: center;\">Und hier eine schwarz\/wei\u00df Variante f\u00fcr die neue Couch in der Cathedral Window Technik von Sabine.<\/p>\r\n<div id=\"attachment_1961\" style=\"width: 310px\" class=\"wp-caption aligncenter\"><a href=\"http:\/\/www.patchworkmanufaktur.de\/wp-content\/uploads\/Sabine-Lange-Cadethral-Window-P_20170726_183116.jpg\"><img loading=\"lazy\" decoding=\"async\" aria-describedby=\"caption-attachment-1961\" class=\"size-medium wp-image-1961\" src=\"http:\/\/www.patchworkmanufaktur.de\/wp-content\/uploads\/Sabine-Lange-Cadethral-Window-P_20170726_183116-300x224.jpg\" alt=\"\" width=\"300\" height=\"224\" srcset=\"https:\/\/www.patchworkmanufaktur.de\/wp-content\/uploads\/Sabine-Lange-Cadethral-Window-P_20170726_183116-300x224.jpg 300w, https:\/\/www.patchworkmanufaktur.de\/wp-content\/uploads\/Sabine-Lange-Cadethral-Window-P_20170726_183116-768x575.jpg 768w, https:\/\/www.patchworkmanufaktur.de\/wp-content\/uploads\/Sabine-Lange-Cadethral-Window-P_20170726_183116-1024x766.jpg 1024w, https:\/\/www.patchworkmanufaktur.de\/wp-content\/uploads\/Sabine-Lange-Cadethral-Window-P_20170726_183116.jpg 1925w\" sizes=\"auto, (max-width: 300px) 100vw, 300px\" \/><\/a><p id=\"caption-attachment-1961\" class=\"wp-caption-text\">Jpeg<\/p><\/div>\r\n<p style=\"text-align: center;\" align=\"center\">***********************************************************<\/p>\r\n<p align=\"center\"><strong>Im letzten \u00b4Kreativ &#8211; N\u00e4hkreis \u00b4in 2017<\/strong><\/p>\r\n<p align=\"center\">wurden kleine Engel, Geschenkep\u00f6ttchen, Tischb\u00e4nder und Weihnachtsbaumanh\u00e4nger gen\u00e4ht.<\/p>\r\n<p align=\"center\">Auch Sterne in viele Formen ist immer wieder ein weihnachtliches Thema.<\/p>\r\n<p><a href=\"http:\/\/www.patchworkmanufaktur.de\/wp-content\/uploads\/CIMG4746.jpg\"><img loading=\"lazy\" decoding=\"async\" class=\" wp-image-2212 aligncenter\" src=\"http:\/\/www.patchworkmanufaktur.de\/wp-content\/uploads\/CIMG4746-1024x768.jpg\" alt=\"\" width=\"128\" height=\"96\" srcset=\"https:\/\/www.patchworkmanufaktur.de\/wp-content\/uploads\/CIMG4746-1024x768.jpg 1024w, https:\/\/www.patchworkmanufaktur.de\/wp-content\/uploads\/CIMG4746-300x225.jpg 300w, https:\/\/www.patchworkmanufaktur.de\/wp-content\/uploads\/CIMG4746-768x576.jpg 768w, https:\/\/www.patchworkmanufaktur.de\/wp-content\/uploads\/CIMG4746.jpg 2048w\" sizes=\"auto, (max-width: 128px) 100vw, 128px\" \/><\/a><\/p>\r\n<p><a href=\"http:\/\/www.patchworkmanufaktur.de\/wp-content\/uploads\/CIMG4759.jpg\"><img loading=\"lazy\" decoding=\"async\" class=\"wp-image-2213 aligncenter\" src=\"http:\/\/www.patchworkmanufaktur.de\/wp-content\/uploads\/CIMG4759-750x1024.jpg\" alt=\"\" width=\"70\" height=\"95\" srcset=\"https:\/\/www.patchworkmanufaktur.de\/wp-content\/uploads\/CIMG4759-750x1024.jpg 750w, https:\/\/www.patchworkmanufaktur.de\/wp-content\/uploads\/CIMG4759-220x300.jpg 220w, https:\/\/www.patchworkmanufaktur.de\/wp-content\/uploads\/CIMG4759-768x1049.jpg 768w, https:\/\/www.patchworkmanufaktur.de\/wp-content\/uploads\/CIMG4759.jpg 1125w\" sizes=\"auto, (max-width: 70px) 100vw, 70px\" \/><\/a><\/p>\r\n<p><a href=\"http:\/\/www.patchworkmanufaktur.de\/wp-content\/uploads\/CIMG4714.jpg\"><img loading=\"lazy\" decoding=\"async\" class=\"wp-image-2211 aligncenter\" src=\"http:\/\/www.patchworkmanufaktur.de\/wp-content\/uploads\/CIMG4714-1024x768.jpg\" alt=\"\" width=\"113\" height=\"84\" srcset=\"https:\/\/www.patchworkmanufaktur.de\/wp-content\/uploads\/CIMG4714-1024x768.jpg 1024w, https:\/\/www.patchworkmanufaktur.de\/wp-content\/uploads\/CIMG4714-300x225.jpg 300w, https:\/\/www.patchworkmanufaktur.de\/wp-content\/uploads\/CIMG4714-768x576.jpg 768w, https:\/\/www.patchworkmanufaktur.de\/wp-content\/uploads\/CIMG4714.jpg 2048w\" sizes=\"auto, (max-width: 113px) 100vw, 113px\" \/><\/a><\/p>\r\n<p><a href=\"http:\/\/www.patchworkmanufaktur.de\/wp-content\/uploads\/CIMG4414.jpg\"><img loading=\"lazy\" decoding=\"async\" class=\"wp-image-2210 aligncenter\" src=\"http:\/\/www.patchworkmanufaktur.de\/wp-content\/uploads\/CIMG4414-1024x962.jpg\" alt=\"\" width=\"111\" height=\"104\" srcset=\"https:\/\/www.patchworkmanufaktur.de\/wp-content\/uploads\/CIMG4414-1024x962.jpg 1024w, https:\/\/www.patchworkmanufaktur.de\/wp-content\/uploads\/CIMG4414-300x282.jpg 300w, https:\/\/www.patchworkmanufaktur.de\/wp-content\/uploads\/CIMG4414-768x722.jpg 768w, https:\/\/www.patchworkmanufaktur.de\/wp-content\/uploads\/CIMG4414.jpg 1470w\" sizes=\"auto, (max-width: 111px) 100vw, 111px\" \/><\/a><\/p>\r\n<p><a href=\"http:\/\/www.patchworkmanufaktur.de\/wp-content\/uploads\/CIMG1414.jpg\"><img loading=\"lazy\" decoding=\"async\" class=\"wp-image-2209 aligncenter\" src=\"http:\/\/www.patchworkmanufaktur.de\/wp-content\/uploads\/CIMG1414-1024x1009.jpg\" alt=\"\" width=\"108\" height=\"107\" srcset=\"https:\/\/www.patchworkmanufaktur.de\/wp-content\/uploads\/CIMG1414-1024x1009.jpg 1024w, https:\/\/www.patchworkmanufaktur.de\/wp-content\/uploads\/CIMG1414-150x150.jpg 150w, https:\/\/www.patchworkmanufaktur.de\/wp-content\/uploads\/CIMG1414-300x296.jpg 300w, https:\/\/www.patchworkmanufaktur.de\/wp-content\/uploads\/CIMG1414-768x757.jpg 768w, https:\/\/www.patchworkmanufaktur.de\/wp-content\/uploads\/CIMG1414.jpg 1215w\" sizes=\"auto, (max-width: 108px) 100vw, 108px\" \/><\/a><\/p>\r\n<p><a href=\"http:\/\/www.patchworkmanufaktur.de\/wp-content\/uploads\/CIMG1413.jpg\"><img loading=\"lazy\" decoding=\"async\" class=\"wp-image-2208 aligncenter\" src=\"http:\/\/www.patchworkmanufaktur.de\/wp-content\/uploads\/CIMG1413-1024x964.jpg\" alt=\"\" width=\"116\" height=\"109\" srcset=\"https:\/\/www.patchworkmanufaktur.de\/wp-content\/uploads\/CIMG1413-1024x964.jpg 1024w, https:\/\/www.patchworkmanufaktur.de\/wp-content\/uploads\/CIMG1413-300x282.jpg 300w, https:\/\/www.patchworkmanufaktur.de\/wp-content\/uploads\/CIMG1413-768x723.jpg 768w, https:\/\/www.patchworkmanufaktur.de\/wp-content\/uploads\/CIMG1413.jpg 1245w\" sizes=\"auto, (max-width: 116px) 100vw, 116px\" \/><\/a><\/p>\r\n<p align=\"center\">Aber schon im Januar geht es weiter mit interessanten Patchwork Techniken und was man alles daraus <strong>machen kann,<\/strong><\/p>\r\n<p align=\"center\"><span style=\"color: #ff0000;\">N\u00fctzliches <span style=\"color: #008000;\">und auch<\/span> <span style=\"color: #993366;\">nur f\u00fcr<\/span> \u00b4Sch\u00f6n\u00b4<\/span><\/p>\r\n<p align=\"center\"><a href=\"http:\/\/www.patchworkmanufaktur.de\/wp-content\/uploads\/Katzen-f.-Sch\u00f6n-CIMG3769.jpg\"><img loading=\"lazy\" decoding=\"async\" class=\"aligncenter wp-image-2217\" src=\"http:\/\/www.patchworkmanufaktur.de\/wp-content\/uploads\/Katzen-f.-Sch\u00f6n-CIMG3769-1024x719.jpg\" alt=\"\" width=\"257\" height=\"180\" srcset=\"https:\/\/www.patchworkmanufaktur.de\/wp-content\/uploads\/Katzen-f.-Sch\u00f6n-CIMG3769-1024x719.jpg 1024w, https:\/\/www.patchworkmanufaktur.de\/wp-content\/uploads\/Katzen-f.-Sch\u00f6n-CIMG3769-300x211.jpg 300w, https:\/\/www.patchworkmanufaktur.de\/wp-content\/uploads\/Katzen-f.-Sch\u00f6n-CIMG3769-768x539.jpg 768w, https:\/\/www.patchworkmanufaktur.de\/wp-content\/uploads\/Katzen-f.-Sch\u00f6n-CIMG3769.jpg 1752w\" sizes=\"auto, (max-width: 257px) 100vw, 257px\" \/><\/a><\/p>\r\n<p align=\"center\">***********************************<\/p>\r\n<p style=\"text-align: center;\"><strong><span style=\"color: #ff0000;\">Tsch\u00fc\u00df bis n\u00e4chstes Jahr<\/span><\/strong><\/p>\r\n<h2 style=\"text-align: center;\"><strong><span style=\"color: #0000ff;\">\u00a0 \u00a02018 \u00a0 \u00a0<\/span><\/strong><\/h2>\r\n<p style=\"text-align: center;\">Wir starten am 27. Januar mit wunderbaren Patchworkbl\u00f6cken!<\/p>\r\n<p style=\"text-align: center;\">( Quelle: Elli Thome)<\/p>\r\n<p style=\"text-align: center;\" align=\"center\"><a href=\"http:\/\/www.patchworkmanufaktur.de\/wp-content\/uploads\/CIMG4822.jpg\"><img loading=\"lazy\" decoding=\"async\" class=\"aligncenter wp-image-2230\" src=\"http:\/\/www.patchworkmanufaktur.de\/wp-content\/uploads\/CIMG4822-793x1024.jpg\" alt=\"\" width=\"133\" height=\"172\" srcset=\"https:\/\/www.patchworkmanufaktur.de\/wp-content\/uploads\/CIMG4822-793x1024.jpg 793w, https:\/\/www.patchworkmanufaktur.de\/wp-content\/uploads\/CIMG4822-232x300.jpg 232w, https:\/\/www.patchworkmanufaktur.de\/wp-content\/uploads\/CIMG4822-768x992.jpg 768w, https:\/\/www.patchworkmanufaktur.de\/wp-content\/uploads\/CIMG4822.jpg 1398w\" sizes=\"auto, (max-width: 133px) 100vw, 133px\" \/><\/a><\/p>\r\n<p style=\"text-align: center;\">***********************************<\/p>\r\n<p style=\"text-align: center;\">Ute hat ein<strong> gro\u00dfartiges Beispiel f\u00fcr \u00b4Kreatives N\u00e4hen\u00b4und Patchwork<\/strong> erarbeitet!<\/p>\r\n<p style=\"text-align: center;\">Es ist ein Papierplakat in Stoff nacharbeiten. <strong>Respekt<\/strong> &#8211; wir, der gesamte N\u00e4hkreis sind begeistert!<\/p>\r\n<div id=\"attachment_2248\" style=\"width: 250px\" class=\"wp-caption aligncenter\"><a href=\"http:\/\/www.patchworkmanufaktur.de\/wp-content\/uploads\/Ute-Kieler-Woche-I-92c.jpg\"><img loading=\"lazy\" decoding=\"async\" aria-describedby=\"caption-attachment-2248\" class=\" wp-image-2248\" src=\"http:\/\/www.patchworkmanufaktur.de\/wp-content\/uploads\/Ute-Kieler-Woche-I-92c-849x1024.jpg\" alt=\"\" width=\"240\" height=\"289\" srcset=\"https:\/\/www.patchworkmanufaktur.de\/wp-content\/uploads\/Ute-Kieler-Woche-I-92c-849x1024.jpg 849w, https:\/\/www.patchworkmanufaktur.de\/wp-content\/uploads\/Ute-Kieler-Woche-I-92c-249x300.jpg 249w, https:\/\/www.patchworkmanufaktur.de\/wp-content\/uploads\/Ute-Kieler-Woche-I-92c-768x926.jpg 768w\" sizes=\"auto, (max-width: 240px) 100vw, 240px\" \/><\/a><p id=\"caption-attachment-2248\" class=\"wp-caption-text\">DIGITAL CAMERA<\/p><\/div>\r\n<p style=\"text-align: center;\"><strong>Foto vom Plakat<\/strong><\/p>\r\n<div id=\"attachment_2249\" style=\"width: 237px\" class=\"wp-caption aligncenter\"><a href=\"http:\/\/www.patchworkmanufaktur.de\/wp-content\/uploads\/Ute-Kieler-Woche-II-93e.jpg\"><img loading=\"lazy\" decoding=\"async\" aria-describedby=\"caption-attachment-2249\" class=\" wp-image-2249\" src=\"http:\/\/www.patchworkmanufaktur.de\/wp-content\/uploads\/Ute-Kieler-Woche-II-93e-787x1024.jpg\" alt=\"\" width=\"227\" height=\"296\" srcset=\"https:\/\/www.patchworkmanufaktur.de\/wp-content\/uploads\/Ute-Kieler-Woche-II-93e-787x1024.jpg 787w, https:\/\/www.patchworkmanufaktur.de\/wp-content\/uploads\/Ute-Kieler-Woche-II-93e-231x300.jpg 231w, https:\/\/www.patchworkmanufaktur.de\/wp-content\/uploads\/Ute-Kieler-Woche-II-93e-768x999.jpg 768w, https:\/\/www.patchworkmanufaktur.de\/wp-content\/uploads\/Ute-Kieler-Woche-II-93e.jpg 1882w\" sizes=\"auto, (max-width: 227px) 100vw, 227px\" \/><\/a><p id=\"caption-attachment-2249\" class=\"wp-caption-text\">DIGITAL CAMERA<\/p><\/div>\r\n<p style=\"text-align: center;\"><strong>Aus Stoff gen\u00e4ht !!!<\/strong><\/p>\r\n<p style=\"text-align: center;\">***************************************<\/p>\r\n<p style=\"text-align: center;\">Auch von Hannelore wieder ein paar Arbeiten.<\/p>\r\n<p><a style=\"color: #ff4b33; font-size: 16px;\" href=\"http:\/\/www.patchworkmanufaktur.de\/wp-content\/uploads\/Hannelore-CIMG4914.jpg\"><img loading=\"lazy\" decoding=\"async\" class=\"aligncenter wp-image-2260\" src=\"http:\/\/www.patchworkmanufaktur.de\/wp-content\/uploads\/Hannelore-CIMG4914-1024x999.jpg\" alt=\"\" width=\"198\" height=\"193\" srcset=\"https:\/\/www.patchworkmanufaktur.de\/wp-content\/uploads\/Hannelore-CIMG4914-1024x999.jpg 1024w, https:\/\/www.patchworkmanufaktur.de\/wp-content\/uploads\/Hannelore-CIMG4914-300x293.jpg 300w, https:\/\/www.patchworkmanufaktur.de\/wp-content\/uploads\/Hannelore-CIMG4914-768x749.jpg 768w, https:\/\/www.patchworkmanufaktur.de\/wp-content\/uploads\/Hannelore-CIMG4914.jpg 1457w\" sizes=\"auto, (max-width: 198px) 100vw, 198px\" \/><\/a><\/p>\r\n<p style=\"text-align: center;\"><a href=\"http:\/\/www.patchworkmanufaktur.de\/wp-content\/uploads\/HanneloreCIMG4913.jpg\"><strong>Patchworktechnik beim<\/strong><\/a><\/p>\r\n<p style=\"text-align: center;\"><a href=\"http:\/\/www.patchworkmanufaktur.de\/wp-content\/uploads\/HanneloreCIMG4913.jpg\"><strong>\u00a0letzten Kreativ<\/strong><\/a><\/p>\r\n<p><img loading=\"lazy\" decoding=\"async\" class=\"aligncenter wp-image-2262\" src=\"http:\/\/www.patchworkmanufaktur.de\/wp-content\/uploads\/HanneloreCIMG4913-1024x727.jpg\" alt=\"\" width=\"207\" height=\"147\" srcset=\"https:\/\/www.patchworkmanufaktur.de\/wp-content\/uploads\/HanneloreCIMG4913-1024x727.jpg 1024w, https:\/\/www.patchworkmanufaktur.de\/wp-content\/uploads\/HanneloreCIMG4913-300x213.jpg 300w, https:\/\/www.patchworkmanufaktur.de\/wp-content\/uploads\/HanneloreCIMG4913-768x545.jpg 768w, https:\/\/www.patchworkmanufaktur.de\/wp-content\/uploads\/HanneloreCIMG4913.jpg 1836w\" sizes=\"auto, (max-width: 207px) 100vw, 207px\" \/><\/p>\r\n<p style=\"text-align: center;\"><a href=\"http:\/\/www.patchworkmanufaktur.de\/wp-content\/uploads\/HanneloreCIMG4913.jpg\"><strong>N\u00e4hkreis &#8211; Thema im M\u00e4rz<\/strong><\/a><\/p>\r\n<p><a href=\"http:\/\/www.patchworkmanufaktur.de\/wp-content\/uploads\/5-Streifen-Schnellschneidetechnik-CIMG4904.jpg\"><img loading=\"lazy\" decoding=\"async\" class=\"aligncenter wp-image-2265\" src=\"http:\/\/www.patchworkmanufaktur.de\/wp-content\/uploads\/5-Streifen-Schnellschneidetechnik-CIMG4904-363x1024.jpg\" alt=\"\" width=\"218\" height=\"615\" srcset=\"https:\/\/www.patchworkmanufaktur.de\/wp-content\/uploads\/5-Streifen-Schnellschneidetechnik-CIMG4904-363x1024.jpg 363w, https:\/\/www.patchworkmanufaktur.de\/wp-content\/uploads\/5-Streifen-Schnellschneidetechnik-CIMG4904-106x300.jpg 106w, https:\/\/www.patchworkmanufaktur.de\/wp-content\/uploads\/5-Streifen-Schnellschneidetechnik-CIMG4904.jpg 660w\" sizes=\"auto, (max-width: 218px) 100vw, 218px\" \/><\/a><\/p>\r\n<p style=\"text-align: center;\">Erste Variante von Hannelore ist fast fertig \ud83d\ude42<br \/><a href=\"http:\/\/www.patchworkmanufaktur.de\/wp-content\/uploads\/Hannelore-CIMG4915.jpg\"><img loading=\"lazy\" decoding=\"async\" class=\"aligncenter wp-image-2261\" src=\"http:\/\/www.patchworkmanufaktur.de\/wp-content\/uploads\/Hannelore-CIMG4915-1024x1022.jpg\" alt=\"\" width=\"222\" height=\"222\" srcset=\"https:\/\/www.patchworkmanufaktur.de\/wp-content\/uploads\/Hannelore-CIMG4915-1024x1022.jpg 1024w, https:\/\/www.patchworkmanufaktur.de\/wp-content\/uploads\/Hannelore-CIMG4915-150x150.jpg 150w, https:\/\/www.patchworkmanufaktur.de\/wp-content\/uploads\/Hannelore-CIMG4915-300x300.jpg 300w, https:\/\/www.patchworkmanufaktur.de\/wp-content\/uploads\/Hannelore-CIMG4915-768x766.jpg 768w, https:\/\/www.patchworkmanufaktur.de\/wp-content\/uploads\/Hannelore-CIMG4915.jpg 1445w\" sizes=\"auto, (max-width: 222px) 100vw, 222px\" \/><br \/><\/a><\/p>\r\n<p style=\"text-align: center;\">Ute l\u00e4\u00dft Ihren \u00b4Drachen steigen\u00b4 &#8211; in einer tollen Weste &#8211; Ragtime Technik<\/p>\r\n<p style=\"text-align: center;\">mit Jeansstoff verarbeitet.<\/p>\r\n<div id=\"attachment_2269\" style=\"width: 136px\" class=\"wp-caption aligncenter\"><img loading=\"lazy\" decoding=\"async\" aria-describedby=\"caption-attachment-2269\" class=\" wp-image-2269\" src=\"http:\/\/www.patchworkmanufaktur.de\/wp-content\/uploads\/Ute-Weste-BILD9878-928x1024.jpg\" alt=\"\" width=\"126\" height=\"139\" srcset=\"https:\/\/www.patchworkmanufaktur.de\/wp-content\/uploads\/Ute-Weste-BILD9878-928x1024.jpg 928w, https:\/\/www.patchworkmanufaktur.de\/wp-content\/uploads\/Ute-Weste-BILD9878-272x300.jpg 272w, https:\/\/www.patchworkmanufaktur.de\/wp-content\/uploads\/Ute-Weste-BILD9878-768x847.jpg 768w\" sizes=\"auto, (max-width: 126px) 100vw, 126px\" \/><p id=\"caption-attachment-2269\" class=\"wp-caption-text\">DIGITAL CAMERA<\/p><\/div>\r\n<div id=\"attachment_2271\" style=\"width: 145px\" class=\"wp-caption alignnone\"><a href=\"http:\/\/www.patchworkmanufaktur.de\/wp-content\/uploads\/Ute-Weste-BILD9877.jpg\"><img loading=\"lazy\" decoding=\"async\" aria-describedby=\"caption-attachment-2271\" class=\" wp-image-2271\" src=\"http:\/\/www.patchworkmanufaktur.de\/wp-content\/uploads\/Ute-Weste-BILD9877-876x1024.jpg\" alt=\"\" width=\"135\" height=\"158\" srcset=\"https:\/\/www.patchworkmanufaktur.de\/wp-content\/uploads\/Ute-Weste-BILD9877-876x1024.jpg 876w, https:\/\/www.patchworkmanufaktur.de\/wp-content\/uploads\/Ute-Weste-BILD9877-257x300.jpg 257w, https:\/\/www.patchworkmanufaktur.de\/wp-content\/uploads\/Ute-Weste-BILD9877-768x898.jpg 768w\" sizes=\"auto, (max-width: 135px) 100vw, 135px\" \/><\/a><p id=\"caption-attachment-2271\" class=\"wp-caption-text\">DIGITAL CAMERA<\/p><\/div>\r\n<p style=\"text-align: center;\">Und dazu noch der H\u00fchnerhof<\/p>\r\n<p><a href=\"http:\/\/www.patchworkmanufaktur.de\/wp-content\/uploads\/Ute-H\u00fchner-98b.jpg\"><img loading=\"lazy\" decoding=\"async\" class=\"wp-image-2272 aligncenter\" src=\"http:\/\/www.patchworkmanufaktur.de\/wp-content\/uploads\/Ute-H\u00fchner-98b-1024x768.jpg\" alt=\"\" width=\"96\" height=\"72\" srcset=\"https:\/\/www.patchworkmanufaktur.de\/wp-content\/uploads\/Ute-H\u00fchner-98b-1024x768.jpg 1024w, https:\/\/www.patchworkmanufaktur.de\/wp-content\/uploads\/Ute-H\u00fchner-98b-300x225.jpg 300w, https:\/\/www.patchworkmanufaktur.de\/wp-content\/uploads\/Ute-H\u00fchner-98b-768x576.jpg 768w\" sizes=\"auto, (max-width: 96px) 100vw, 96px\" \/><\/a><\/p>\r\n<p style=\"text-align: center;\">***********************************<\/p>\r\n<p style=\"text-align: center;\">Waltraud hat wieder eine sch\u00f6ne Katze als T\u00fcrstoppel gen\u00e4ht, hier hat sie sich in den Garten verlaufen<\/p>\r\n<p><a href=\"http:\/\/www.patchworkmanufaktur.de\/wp-content\/uploads\/W.M.-Katze-CIMG4917.jpg\"><img loading=\"lazy\" decoding=\"async\" class=\"aligncenter wp-image-2276\" src=\"http:\/\/www.patchworkmanufaktur.de\/wp-content\/uploads\/W.M.-Katze-CIMG4917-614x1024.jpg\" alt=\"\" width=\"168\" height=\"280\" srcset=\"https:\/\/www.patchworkmanufaktur.de\/wp-content\/uploads\/W.M.-Katze-CIMG4917-614x1024.jpg 614w, https:\/\/www.patchworkmanufaktur.de\/wp-content\/uploads\/W.M.-Katze-CIMG4917-180x300.jpg 180w, https:\/\/www.patchworkmanufaktur.de\/wp-content\/uploads\/W.M.-Katze-CIMG4917-768x1281.jpg 768w, https:\/\/www.patchworkmanufaktur.de\/wp-content\/uploads\/W.M.-Katze-CIMG4917.jpg 1016w\" sizes=\"auto, (max-width: 168px) 100vw, 168px\" \/><\/a><\/p>\r\n<p style=\"text-align: center;\"><a href=\"http:\/\/www.patchworkmanufaktur.de\/wp-content\/uploads\/W.M.-Katze-CIMG4917.jpg\">Und p\u00fcnktlich zu Ostern war auch noch das \u00b4DICKE HUHN\u00b4und das Ei fertig.<\/a><\/p>\r\n<p style=\"text-align: center;\"><a href=\"http:\/\/www.patchworkmanufaktur.de\/wp-content\/uploads\/W.M.-Osterei-CIMG4919.jpg\"><img loading=\"lazy\" decoding=\"async\" class=\"aligncenter wp-image-2280\" src=\"http:\/\/www.patchworkmanufaktur.de\/wp-content\/uploads\/W.M.-Osterei-CIMG4919-639x1024.jpg\" alt=\"\" width=\"144\" height=\"231\" srcset=\"https:\/\/www.patchworkmanufaktur.de\/wp-content\/uploads\/W.M.-Osterei-CIMG4919-639x1024.jpg 639w, https:\/\/www.patchworkmanufaktur.de\/wp-content\/uploads\/W.M.-Osterei-CIMG4919-187x300.jpg 187w, https:\/\/www.patchworkmanufaktur.de\/wp-content\/uploads\/W.M.-Osterei-CIMG4919-768x1230.jpg 768w, https:\/\/www.patchworkmanufaktur.de\/wp-content\/uploads\/W.M.-Osterei-CIMG4919.jpg 1259w\" sizes=\"auto, (max-width: 144px) 100vw, 144px\" \/><\/a><a href=\"http:\/\/www.patchworkmanufaktur.de\/wp-content\/uploads\/W.M.-Huhn-CIMG4918.jpg\"><img loading=\"lazy\" decoding=\"async\" class=\"aligncenter wp-image-2278\" src=\"http:\/\/www.patchworkmanufaktur.de\/wp-content\/uploads\/W.M.-Huhn-CIMG4918-636x1024.jpg\" alt=\"\" width=\"174\" height=\"280\" srcset=\"https:\/\/www.patchworkmanufaktur.de\/wp-content\/uploads\/W.M.-Huhn-CIMG4918-636x1024.jpg 636w, https:\/\/www.patchworkmanufaktur.de\/wp-content\/uploads\/W.M.-Huhn-CIMG4918-186x300.jpg 186w, https:\/\/www.patchworkmanufaktur.de\/wp-content\/uploads\/W.M.-Huhn-CIMG4918-768x1237.jpg 768w, https:\/\/www.patchworkmanufaktur.de\/wp-content\/uploads\/W.M.-Huhn-CIMG4918.jpg 1150w\" sizes=\"auto, (max-width: 174px) 100vw, 174px\" \/>**************************************<\/a><\/p>\r\n<p style=\"text-align: center;\">\u00a0Ute stellt wieder 2 sch\u00f6ne Arbeiten vor, die <strong>&#8222;Keltische Knoten&#8220;<\/strong> ist<strong>\u00a0<\/strong>perfekt gelungen!<\/p>\r\n<div id=\"attachment_2287\" style=\"width: 254px\" class=\"wp-caption aligncenter\"><a href=\"http:\/\/www.patchworkmanufaktur.de\/wp-content\/uploads\/Ute-Keltischer-Knoten-95b.jpg\"><img loading=\"lazy\" decoding=\"async\" aria-describedby=\"caption-attachment-2287\" class=\" wp-image-2287\" src=\"http:\/\/www.patchworkmanufaktur.de\/wp-content\/uploads\/Ute-Keltischer-Knoten-95b-1024x1017.jpg\" alt=\"\" width=\"244\" height=\"242\" srcset=\"https:\/\/www.patchworkmanufaktur.de\/wp-content\/uploads\/Ute-Keltischer-Knoten-95b-1024x1017.jpg 1024w, https:\/\/www.patchworkmanufaktur.de\/wp-content\/uploads\/Ute-Keltischer-Knoten-95b-150x150.jpg 150w, https:\/\/www.patchworkmanufaktur.de\/wp-content\/uploads\/Ute-Keltischer-Knoten-95b-300x298.jpg 300w, https:\/\/www.patchworkmanufaktur.de\/wp-content\/uploads\/Ute-Keltischer-Knoten-95b-768x762.jpg 768w\" sizes=\"auto, (max-width: 244px) 100vw, 244px\" \/><\/a><p id=\"caption-attachment-2287\" class=\"wp-caption-text\">DIGITAL CAMERA<\/p><\/div>\r\n<p style=\"text-align: center;\">Und ein sch\u00f6ner Tischl\u00e4ufer im Thema des letzten \u00b4Kreativ-N\u00e4hkreises\u00b4<\/p>\r\n<p style=\"text-align: center;\">mit 2 Untersetzern aus den Restern.<\/p>\r\n<div id=\"attachment_2289\" style=\"width: 241px\" class=\"wp-caption aligncenter\"><a href=\"http:\/\/www.patchworkmanufaktur.de\/wp-content\/uploads\/Ute-Kursergebnis-102a.jpg\"><img loading=\"lazy\" decoding=\"async\" aria-describedby=\"caption-attachment-2289\" class=\" wp-image-2289\" src=\"http:\/\/www.patchworkmanufaktur.de\/wp-content\/uploads\/Ute-Kursergebnis-102a-1024x768.jpg\" alt=\"\" width=\"231\" height=\"173\" srcset=\"https:\/\/www.patchworkmanufaktur.de\/wp-content\/uploads\/Ute-Kursergebnis-102a-1024x768.jpg 1024w, https:\/\/www.patchworkmanufaktur.de\/wp-content\/uploads\/Ute-Kursergebnis-102a-300x225.jpg 300w, https:\/\/www.patchworkmanufaktur.de\/wp-content\/uploads\/Ute-Kursergebnis-102a-768x576.jpg 768w\" sizes=\"auto, (max-width: 231px) 100vw, 231px\" \/><\/a><p id=\"caption-attachment-2289\" class=\"wp-caption-text\">DIGITAL CAMERA<\/p><\/div>\r\n<p style=\"text-align: center;\"><strong>**********************************************************************<\/strong><\/p>\r\n<p style=\"text-align: center;\">Waltraud hat ein toll gepatche \u00a0Mitteldecke fertig gestellt.<\/p>\r\n<p style=\"text-align: center;\">Noch 2 &#8211; 3&#8230;.. Quiltstiche\u00a0m\u00fcssen gemacht werden.<\/p>\r\n<p style=\"text-align: center;\"><a href=\"http:\/\/www.patchworkmanufaktur.de\/wp-content\/uploads\/Waltraud-M\u00fcller-CIMG4942.jpg\"><br \/><img loading=\"lazy\" decoding=\"async\" class=\"aligncenter wp-image-2293\" src=\"http:\/\/www.patchworkmanufaktur.de\/wp-content\/uploads\/Waltraud-M\u00fcller-CIMG4942-1024x1018.jpg\" alt=\"\" width=\"265\" height=\"264\" srcset=\"https:\/\/www.patchworkmanufaktur.de\/wp-content\/uploads\/Waltraud-M\u00fcller-CIMG4942-1024x1018.jpg 1024w, https:\/\/www.patchworkmanufaktur.de\/wp-content\/uploads\/Waltraud-M\u00fcller-CIMG4942-150x150.jpg 150w, https:\/\/www.patchworkmanufaktur.de\/wp-content\/uploads\/Waltraud-M\u00fcller-CIMG4942-300x298.jpg 300w, https:\/\/www.patchworkmanufaktur.de\/wp-content\/uploads\/Waltraud-M\u00fcller-CIMG4942-768x764.jpg 768w, https:\/\/www.patchworkmanufaktur.de\/wp-content\/uploads\/Waltraud-M\u00fcller-CIMG4942.jpg 1288w\" sizes=\"auto, (max-width: 265px) 100vw, 265px\" \/><br \/><\/a><\/p>\r\n<p style=\"text-align: center;\">************************************************************************<\/p>\r\n<p style=\"text-align: center;\"><strong><span style=\"color: #ff0000;\">Nach einer Sommer &#8211; N\u00e4h &#8211; Pause sind alle wieder mit dabei!<\/span><\/strong><\/p>\r\n<p style=\"text-align: center;\"><a href=\"http:\/\/www.patchworkmanufaktur.de\/wp-content\/uploads\/Hannelore-Tischdeko-weihnachtlich-image3.jpg\">Hannelore hat schon f\u00fcr weihnachtliche Stimmung 2018 vorgesorgt.<\/a><\/p>\r\n<p style=\"text-align: center;\"><a href=\"http:\/\/www.patchworkmanufaktur.de\/wp-content\/uploads\/Hannelore-Tischdeko-weihnachtlich-image3.jpg\"><img loading=\"lazy\" decoding=\"async\" class=\"aligncenter wp-image-2355\" src=\"http:\/\/www.patchworkmanufaktur.de\/wp-content\/uploads\/Hannelore-Tischdeko-weihnachtlich-image3.jpg\" alt=\"\" width=\"146\" height=\"169\" srcset=\"https:\/\/www.patchworkmanufaktur.de\/wp-content\/uploads\/Hannelore-Tischdeko-weihnachtlich-image3.jpg 480w, https:\/\/www.patchworkmanufaktur.de\/wp-content\/uploads\/Hannelore-Tischdeko-weihnachtlich-image3-259x300.jpg 259w\" sizes=\"auto, (max-width: 146px) 100vw, 146px\" \/><\/a><a href=\"http:\/\/www.patchworkmanufaktur.de\/wp-content\/uploads\/Hannelore-Kosmetikt\u00e4schchen-image2.jpg\"><img loading=\"lazy\" decoding=\"async\" class=\"aligncenter wp-image-2359\" src=\"http:\/\/www.patchworkmanufaktur.de\/wp-content\/uploads\/Hannelore-Kosmetikt\u00e4schchen-image2.jpg\" alt=\"\" width=\"94\" height=\"96\" srcset=\"https:\/\/www.patchworkmanufaktur.de\/wp-content\/uploads\/Hannelore-Kosmetikt\u00e4schchen-image2.jpg 465w, https:\/\/www.patchworkmanufaktur.de\/wp-content\/uploads\/Hannelore-Kosmetikt\u00e4schchen-image2-293x300.jpg 293w\" sizes=\"auto, (max-width: 94px) 100vw, 94px\" \/>Und ein Kosmetikt\u00e4schen f\u00fcr den n\u00e4chsten Urlaub ist auch schon fertig.<\/a><\/p>\r\n<p style=\"text-align: center;\"><a href=\"http:\/\/www.patchworkmanufaktur.de\/wp-content\/uploads\/Waltraud-Tischdeko-weihn-CIMG5042.jpg\"><img loading=\"lazy\" decoding=\"async\" class=\"aligncenter wp-image-2364\" src=\"http:\/\/www.patchworkmanufaktur.de\/wp-content\/uploads\/Waltraud-Tischdeko-weihn-CIMG5042-1024x820.jpg\" alt=\"\" width=\"220\" height=\"176\" srcset=\"https:\/\/www.patchworkmanufaktur.de\/wp-content\/uploads\/Waltraud-Tischdeko-weihn-CIMG5042-1024x820.jpg 1024w, https:\/\/www.patchworkmanufaktur.de\/wp-content\/uploads\/Waltraud-Tischdeko-weihn-CIMG5042-300x240.jpg 300w, https:\/\/www.patchworkmanufaktur.de\/wp-content\/uploads\/Waltraud-Tischdeko-weihn-CIMG5042-768x615.jpg 768w, https:\/\/www.patchworkmanufaktur.de\/wp-content\/uploads\/Waltraud-Tischdeko-weihn-CIMG5042.jpg 1723w\" sizes=\"auto, (max-width: 220px) 100vw, 220px\" \/><\/a><\/p>\r\n<p style=\"text-align: center;\">Nun ist auch schon Waltrauds weihnachtlicher Tischschmuck f\u00fcr eine Kerze \u00a0fertig!<\/p>\r\n<p style=\"text-align: center;\"><span style=\"color: #0000ff;\"><strong>*************************************<\/strong><\/span><\/p>\r\n<p style=\"text-align: center;\">Im Sommer hatte ich in der sch\u00f6nen Lausitz eine tolle Leinenweberei<\/p>\r\n<p style=\"text-align: center;\">\u00a0<a href=\"http:\/\/www.vonklei.st\">http:\/\/www.vonklei.st<\/a><\/p>\r\n<p style=\"text-align: center;\">gefunden und nat\u00fcrlich an die Damen des &#8220; Kreativ &#8211; N\u00e4hkreises &#8220; gedacht.<\/p>\r\n<p style=\"text-align: center;\">Aus der umfangreichen Restekiste konnte ich zum Kilopreis wunderbare Leinenrester erwerben.<\/p>\r\n<p style=\"text-align: center;\">An Ideen mangelt es nicht, Zeit zum Umsetzen mu\u00df gefunden werden.<\/p>\r\n<p style=\"text-align: center;\"><a href=\"http:\/\/www.patchworkmanufaktur.de\/wp-content\/uploads\/Leinenn\u00e4htag-2018-CIMG5072.jpg\"><img loading=\"lazy\" decoding=\"async\" class=\"aligncenter wp-image-2378\" src=\"http:\/\/www.patchworkmanufaktur.de\/wp-content\/uploads\/Leinenn\u00e4htag-2018-CIMG5072-1024x821.jpg\" alt=\"\" width=\"269\" height=\"215\" srcset=\"https:\/\/www.patchworkmanufaktur.de\/wp-content\/uploads\/Leinenn\u00e4htag-2018-CIMG5072-1024x821.jpg 1024w, https:\/\/www.patchworkmanufaktur.de\/wp-content\/uploads\/Leinenn\u00e4htag-2018-CIMG5072-300x241.jpg 300w, https:\/\/www.patchworkmanufaktur.de\/wp-content\/uploads\/Leinenn\u00e4htag-2018-CIMG5072-768x616.jpg 768w, https:\/\/www.patchworkmanufaktur.de\/wp-content\/uploads\/Leinenn\u00e4htag-2018-CIMG5072.jpg 1606w\" sizes=\"auto, (max-width: 269px) 100vw, 269px\" \/>3 Projekte fast fertig!<\/a><\/p>\r\n<p style=\"text-align: center;\"><a href=\"http:\/\/www.patchworkmanufaktur.de\/wp-content\/uploads\/Ute-D.-Dresdener-Teller-aus-Leinen-20181130_091601_resized.jpg\"><img loading=\"lazy\" decoding=\"async\" class=\"aligncenter wp-image-2380\" src=\"http:\/\/www.patchworkmanufaktur.de\/wp-content\/uploads\/Ute-D.-Dresdener-Teller-aus-Leinen-20181130_091601_resized-768x1024.jpg\" alt=\"\" width=\"219\" height=\"292\" srcset=\"https:\/\/www.patchworkmanufaktur.de\/wp-content\/uploads\/Ute-D.-Dresdener-Teller-aus-Leinen-20181130_091601_resized-768x1024.jpg 768w, https:\/\/www.patchworkmanufaktur.de\/wp-content\/uploads\/Ute-D.-Dresdener-Teller-aus-Leinen-20181130_091601_resized-225x300.jpg 225w\" sizes=\"auto, (max-width: 219px) 100vw, 219px\" \/>Ute\u00b4s \u00b4 Dresdener Teller \u00b4aus Leinen und auf ca 100 Jahre altes Leinentuch appliziert.<\/a><\/p>\r\n<p>\u00a0 \u00a0 \u00a0 \u00a0 \u00a0 \u00a0 \u00a0 \u00a0 \u00a0 \u00a0 \u00a0 \u00a0 \u00a0 \u00a0 \u00a0 \u00a0 \u00a0 \u00a0Hier hat Ute zu Recht auf das Quilting verzichtet.<\/p>\r\n<p>*******************************************************************<\/p>\r\n<p style=\"text-align: center;\"><a href=\"http:\/\/www.patchworkmanufaktur.de\/wp-content\/uploads\/IHannelore-Weihnachtsquilt-2018-MG_1057.jpg\"><img loading=\"lazy\" decoding=\"async\" class=\"aligncenter wp-image-2382\" src=\"http:\/\/www.patchworkmanufaktur.de\/wp-content\/uploads\/IHannelore-Weihnachtsquilt-2018-MG_1057.jpg\" alt=\"\" width=\"240\" height=\"240\" srcset=\"https:\/\/www.patchworkmanufaktur.de\/wp-content\/uploads\/IHannelore-Weihnachtsquilt-2018-MG_1057.jpg 361w, https:\/\/www.patchworkmanufaktur.de\/wp-content\/uploads\/IHannelore-Weihnachtsquilt-2018-MG_1057-150x150.jpg 150w, https:\/\/www.patchworkmanufaktur.de\/wp-content\/uploads\/IHannelore-Weihnachtsquilt-2018-MG_1057-300x300.jpg 300w\" sizes=\"auto, (max-width: 240px) 100vw, 240px\" \/>Hannelore\u00b4s Weihnachtsquitt Leinen\/ Baumwollmix<\/a><\/p>\r\n<p style=\"text-align: center;\"><a href=\"http:\/\/www.patchworkmanufaktur.de\/wp-content\/uploads\/Waltraud-Leinen-2018-IMG_1053.jpg\"><img loading=\"lazy\" decoding=\"async\" class=\"aligncenter wp-image-2384\" src=\"http:\/\/www.patchworkmanufaktur.de\/wp-content\/uploads\/Waltraud-Leinen-2018-IMG_1053.jpg\" alt=\"\" width=\"224\" height=\"315\" srcset=\"https:\/\/www.patchworkmanufaktur.de\/wp-content\/uploads\/Waltraud-Leinen-2018-IMG_1053.jpg 311w, https:\/\/www.patchworkmanufaktur.de\/wp-content\/uploads\/Waltraud-Leinen-2018-IMG_1053-213x300.jpg 213w\" sizes=\"auto, (max-width: 224px) 100vw, 224px\" \/><span style=\"color: #ff0000;\">Waltraud\u00b4s Badematte Baumwollmotiv \u00a0mit edlem Leinenrand<\/span><\/a><\/p>\r\n<p style=\"text-align: center;\"><span style=\"color: #ff0000;\">auf Frottee gearbeitet.<\/span><\/p>\r\n<p style=\"text-align: center;\"><a href=\"http:\/\/www.patchworkmanufaktur.de\/wp-content\/uploads\/Hannrlore-Jelly-Roll-Quilt-IMG_1054.jpg\"><img loading=\"lazy\" decoding=\"async\" class=\"aligncenter wp-image-2383\" src=\"http:\/\/www.patchworkmanufaktur.de\/wp-content\/uploads\/Hannrlore-Jelly-Roll-Quilt-IMG_1054.jpg\" alt=\"\" width=\"191\" height=\"243\" srcset=\"https:\/\/www.patchworkmanufaktur.de\/wp-content\/uploads\/Hannrlore-Jelly-Roll-Quilt-IMG_1054.jpg 363w, https:\/\/www.patchworkmanufaktur.de\/wp-content\/uploads\/Hannrlore-Jelly-Roll-Quilt-IMG_1054-236x300.jpg 236w\" sizes=\"auto, (max-width: 191px) 100vw, 191px\" \/><\/a><\/p>\r\n<p style=\"text-align: center;\">Hannelore\u00b4s Jelly Roll ist auch diese Jahr noch fertig geworden.<\/p>\r\n<p><a href=\"http:\/\/www.patchworkmanufaktur.de\/wp-content\/uploads\/Sonja-N\u00e4hm.-abdeckung-2018-IMG_1059.jpg\"><img loading=\"lazy\" decoding=\"async\" class=\"aligncenter wp-image-2385\" src=\"http:\/\/www.patchworkmanufaktur.de\/wp-content\/uploads\/Sonja-N\u00e4hm.-abdeckung-2018-IMG_1059.jpg\" alt=\"\" width=\"280\" height=\"299\" srcset=\"https:\/\/www.patchworkmanufaktur.de\/wp-content\/uploads\/Sonja-N\u00e4hm.-abdeckung-2018-IMG_1059.jpg 416w, https:\/\/www.patchworkmanufaktur.de\/wp-content\/uploads\/Sonja-N\u00e4hm.-abdeckung-2018-IMG_1059-281x300.jpg 281w\" sizes=\"auto, (max-width: 280px) 100vw, 280px\" \/><\/a><\/p>\r\n<p style=\"text-align: center;\">Sonja hat auch ein `UFO\u00b4noch zur Vollendung gebracht.<\/p>\r\n<p style=\"text-align: center;\">Die N\u00e4hmaschine hat nun eine wundersch\u00f6ne Haube!<\/p>\r\n<p>\u00a0 \u00a0 \u00a0 \u00a0 \u00a0 \u00a0 Im neuen Jahr wird sicher das \u00a0Leinenunikat fertig.<\/p>\r\n<p style=\"text-align: center;\">****************<\/p>\r\n<p style=\"text-align: center;\">Zum Jahresabschluss wurden die\u00b4 angesagten\u00b4 &#8222;Clutch &#8220; gen\u00e4ht.<\/p>\r\n<p style=\"text-align: center;\"><a href=\"http:\/\/www.patchworkmanufaktur.de\/wp-content\/uploads\/Clutch-I-CIMG5088-1.jpg\"><img loading=\"lazy\" decoding=\"async\" class=\"aligncenter wp-image-2388\" src=\"http:\/\/www.patchworkmanufaktur.de\/wp-content\/uploads\/Clutch-I-CIMG5088-1-1024x486.jpg\" alt=\"\" width=\"175\" height=\"83\" srcset=\"https:\/\/www.patchworkmanufaktur.de\/wp-content\/uploads\/Clutch-I-CIMG5088-1-1024x486.jpg 1024w, https:\/\/www.patchworkmanufaktur.de\/wp-content\/uploads\/Clutch-I-CIMG5088-1-300x142.jpg 300w, https:\/\/www.patchworkmanufaktur.de\/wp-content\/uploads\/Clutch-I-CIMG5088-1-768x364.jpg 768w, https:\/\/www.patchworkmanufaktur.de\/wp-content\/uploads\/Clutch-I-CIMG5088-1.jpg 1772w\" sizes=\"auto, (max-width: 175px) 100vw, 175px\" \/>Clutch I<\/a> <a href=\"http:\/\/www.patchworkmanufaktur.de\/wp-content\/uploads\/Clutch-II-CIMG5089-1.jpg\"><img loading=\"lazy\" decoding=\"async\" class=\"aligncenter wp-image-2389\" src=\"http:\/\/www.patchworkmanufaktur.de\/wp-content\/uploads\/Clutch-II-CIMG5089-1-1024x735.jpg\" alt=\"\" width=\"176\" height=\"126\" srcset=\"https:\/\/www.patchworkmanufaktur.de\/wp-content\/uploads\/Clutch-II-CIMG5089-1-1024x735.jpg 1024w, https:\/\/www.patchworkmanufaktur.de\/wp-content\/uploads\/Clutch-II-CIMG5089-1-300x215.jpg 300w, https:\/\/www.patchworkmanufaktur.de\/wp-content\/uploads\/Clutch-II-CIMG5089-1-768x551.jpg 768w, https:\/\/www.patchworkmanufaktur.de\/wp-content\/uploads\/Clutch-II-CIMG5089-1.jpg 1773w\" sizes=\"auto, (max-width: 176px) 100vw, 176px\" \/>Clutch II<\/a><\/p>\r\n<p style=\"text-align: center;\"><a href=\"http:\/\/www.patchworkmanufaktur.de\/wp-content\/uploads\/Clutch-III-CIMG5090-1.jpg\"><img loading=\"lazy\" decoding=\"async\" class=\"aligncenter wp-image-2390\" src=\"http:\/\/www.patchworkmanufaktur.de\/wp-content\/uploads\/Clutch-III-CIMG5090-1-1024x707.jpg\" alt=\"\" width=\"174\" height=\"120\" srcset=\"https:\/\/www.patchworkmanufaktur.de\/wp-content\/uploads\/Clutch-III-CIMG5090-1-1024x707.jpg 1024w, https:\/\/www.patchworkmanufaktur.de\/wp-content\/uploads\/Clutch-III-CIMG5090-1-300x207.jpg 300w, https:\/\/www.patchworkmanufaktur.de\/wp-content\/uploads\/Clutch-III-CIMG5090-1-768x530.jpg 768w, https:\/\/www.patchworkmanufaktur.de\/wp-content\/uploads\/Clutch-III-CIMG5090-1.jpg 1761w\" sizes=\"auto, (max-width: 174px) 100vw, 174px\" \/>ClutchIII<\/a><\/p>\r\n<p style=\"text-align: center;\">Noch weiter Clutch-Beispiele werden folgen.<\/p>\r\n<p style=\"text-align: center;\"><strong>Ein erfolgreiches Patchwork und kreatives N\u00e4hjahr geht zu Ende.\u00a0<\/strong><\/p>\r\n<p style=\"text-align: center;\"><strong>Ich w\u00fcnsche allen Besuchern dieser Seite einen <\/strong><\/p>\r\n<p style=\"text-align: center;\"><strong>***** \u00a0GUTEN RUTSCH! \u00a0*****<\/strong><\/p>\r\n<p style=\"text-align: center;\"><strong><span style=\"color: #ff0000;\">Wir sehen uns 2019 auf dieser Seite \u00a0wieder &#8211;<\/span><\/strong><\/p>\r\n<p style=\"text-align: center;\"><strong><span style=\"color: #ff0000;\">versprochen!<\/span><\/strong><\/p>\r\n<p style=\"text-align: center;\"><a href=\"http:\/\/www.patchworkmanufaktur.de\/wp-content\/uploads\/Hannelore-Clutch-IMG_1060.jpg\"><img loading=\"lazy\" decoding=\"async\" class=\"aligncenter wp-image-2395\" src=\"http:\/\/www.patchworkmanufaktur.de\/wp-content\/uploads\/Hannelore-Clutch-IMG_1060.jpg\" alt=\"\" width=\"224\" height=\"168\" srcset=\"https:\/\/www.patchworkmanufaktur.de\/wp-content\/uploads\/Hannelore-Clutch-IMG_1060.jpg 640w, https:\/\/www.patchworkmanufaktur.de\/wp-content\/uploads\/Hannelore-Clutch-IMG_1060-300x225.jpg 300w\" sizes=\"auto, (max-width: 224px) 100vw, 224px\" \/>Hannelores CLUCH ist auch fertig<\/a><\/p>\r\n<p>******************************************************************************<\/p>\r\n<p style=\"text-align: center;\">Thema &#8220; Die Lunch Box&#8220; \u00a0<a href=\"http:\/\/www.patchworkmanufaktur.de\/wp-content\/uploads\/Lunch-Box-II-CIMG5130.jpg\"><img loading=\"lazy\" decoding=\"async\" class=\"aligncenter wp-image-2402\" src=\"http:\/\/www.patchworkmanufaktur.de\/wp-content\/uploads\/Lunch-Box-II-CIMG5130-872x1024.jpg\" alt=\"\" width=\"207\" height=\"243\" srcset=\"https:\/\/www.patchworkmanufaktur.de\/wp-content\/uploads\/Lunch-Box-II-CIMG5130-872x1024.jpg 872w, https:\/\/www.patchworkmanufaktur.de\/wp-content\/uploads\/Lunch-Box-II-CIMG5130-255x300.jpg 255w, https:\/\/www.patchworkmanufaktur.de\/wp-content\/uploads\/Lunch-Box-II-CIMG5130-768x902.jpg 768w, https:\/\/www.patchworkmanufaktur.de\/wp-content\/uploads\/Lunch-Box-II-CIMG5130.jpg 1008w\" sizes=\"auto, (max-width: 207px) 100vw, 207px\" \/><\/a><a href=\"http:\/\/www.patchworkmanufaktur.de\/wp-content\/uploads\/Lunch-Box-kleone-schnelle-Tasche-II-CIMG5131.jpg\"><img loading=\"lazy\" decoding=\"async\" class=\"aligncenter wp-image-2404\" src=\"http:\/\/www.patchworkmanufaktur.de\/wp-content\/uploads\/Lunch-Box-kleone-schnelle-Tasche-II-CIMG5131-668x1024.jpg\" alt=\"\" width=\"102\" height=\"156\" srcset=\"https:\/\/www.patchworkmanufaktur.de\/wp-content\/uploads\/Lunch-Box-kleone-schnelle-Tasche-II-CIMG5131-668x1024.jpg 668w, https:\/\/www.patchworkmanufaktur.de\/wp-content\/uploads\/Lunch-Box-kleone-schnelle-Tasche-II-CIMG5131-196x300.jpg 196w, https:\/\/www.patchworkmanufaktur.de\/wp-content\/uploads\/Lunch-Box-kleone-schnelle-Tasche-II-CIMG5131-768x1177.jpg 768w, https:\/\/www.patchworkmanufaktur.de\/wp-content\/uploads\/Lunch-Box-kleone-schnelle-Tasche-II-CIMG5131.jpg 1316w\" sizes=\"auto, (max-width: 102px) 100vw, 102px\" \/>,Wunerbare Unikate wurden gen\u00e4ht!<\/a><\/p>\r\n<p>\u00a0 \u00a0 \u00a0 \u00a0 \u00a0 \u00a0 \u00a0 \u00a0 \u00a0 \u00a0 \u00a0 \u00a0 \u00a0 \u00a0 \u00a0 \u00a0 \u00a0 **********************************************<\/p>\r\n<p style=\"text-align: center;\">Waltraud`s Variante zum Thema &#8222;Venezianische Fliesen&#8220;<\/p>\r\n<p><a href=\"http:\/\/www.patchworkmanufaktur.de\/wp-content\/uploads\/Waltraud-M\u00fcller-Kursvariante-CIMG5144.jpg\"><img loading=\"lazy\" decoding=\"async\" class=\"aligncenter  wp-image-2414\" src=\"http:\/\/www.patchworkmanufaktur.de\/wp-content\/uploads\/Waltraud-M\u00fcller-Kursvariante-CIMG5144-1024x975.jpg\" alt=\"\" width=\"216\" height=\"206\" srcset=\"https:\/\/www.patchworkmanufaktur.de\/wp-content\/uploads\/Waltraud-M\u00fcller-Kursvariante-CIMG5144-1024x975.jpg 1024w, https:\/\/www.patchworkmanufaktur.de\/wp-content\/uploads\/Waltraud-M\u00fcller-Kursvariante-CIMG5144-300x286.jpg 300w, https:\/\/www.patchworkmanufaktur.de\/wp-content\/uploads\/Waltraud-M\u00fcller-Kursvariante-CIMG5144-768x731.jpg 768w, https:\/\/www.patchworkmanufaktur.de\/wp-content\/uploads\/Waltraud-M\u00fcller-Kursvariante-CIMG5144.jpg 1399w\" sizes=\"auto, (max-width: 216px) 100vw, 216px\" \/><\/a><\/p>\r\n<p style=\"text-align: center;\">Und Utes Varianten zum gleichen Thema:<\/p>\r\n<p><a href=\"http:\/\/www.patchworkmanufaktur.de\/wp-content\/uploads\/Ute-Venezianische-Fliesen-20190405_180135.jpg\"><img loading=\"lazy\" decoding=\"async\" class=\"aligncenter  wp-image-2417\" src=\"http:\/\/www.patchworkmanufaktur.de\/wp-content\/uploads\/Ute-Venezianische-Fliesen-20190405_180135-1024x768.jpg\" alt=\"\" width=\"332\" height=\"249\" srcset=\"https:\/\/www.patchworkmanufaktur.de\/wp-content\/uploads\/Ute-Venezianische-Fliesen-20190405_180135-1024x768.jpg 1024w, https:\/\/www.patchworkmanufaktur.de\/wp-content\/uploads\/Ute-Venezianische-Fliesen-20190405_180135-300x225.jpg 300w, https:\/\/www.patchworkmanufaktur.de\/wp-content\/uploads\/Ute-Venezianische-Fliesen-20190405_180135-768x576.jpg 768w\" sizes=\"auto, (max-width: 332px) 100vw, 332px\" \/><\/a><\/p>\r\n<p><a href=\"http:\/\/www.patchworkmanufaktur.de\/wp-content\/uploads\/Ute-Venezianische-Fliesen-20190405_180039.jpg\"><img loading=\"lazy\" decoding=\"async\" class=\"aligncenter  wp-image-2416\" src=\"http:\/\/www.patchworkmanufaktur.de\/wp-content\/uploads\/Ute-Venezianische-Fliesen-20190405_180039-1024x768.jpg\" alt=\"\" width=\"270\" height=\"203\" srcset=\"https:\/\/www.patchworkmanufaktur.de\/wp-content\/uploads\/Ute-Venezianische-Fliesen-20190405_180039-1024x768.jpg 1024w, https:\/\/www.patchworkmanufaktur.de\/wp-content\/uploads\/Ute-Venezianische-Fliesen-20190405_180039-300x225.jpg 300w, https:\/\/www.patchworkmanufaktur.de\/wp-content\/uploads\/Ute-Venezianische-Fliesen-20190405_180039-768x576.jpg 768w\" sizes=\"auto, (max-width: 270px) 100vw, 270px\" \/><\/a><\/p>\r\n<p style=\"text-align: center;\">Die anderen Arbeiten sind noch nicht so weit.<\/p>\r\n<p>*******************************************************************<\/p>\r\n<p style=\"text-align: center;\">Hannelore hat auch ihre &#8222;Venezianischen Fliesen&#8220; fertig.<br \/><a href=\"http:\/\/www.patchworkmanufaktur.de\/wp-content\/uploads\/Hannelore-Venezianische-Fiesen-CIMG5174.jpg\"><img loading=\"lazy\" decoding=\"async\" class=\"aligncenter  wp-image-2422\" src=\"http:\/\/www.patchworkmanufaktur.de\/wp-content\/uploads\/Hannelore-Venezianische-Fiesen-CIMG5174-1024x881.jpg\" alt=\"\" width=\"182\" height=\"157\" srcset=\"https:\/\/www.patchworkmanufaktur.de\/wp-content\/uploads\/Hannelore-Venezianische-Fiesen-CIMG5174-1024x881.jpg 1024w, https:\/\/www.patchworkmanufaktur.de\/wp-content\/uploads\/Hannelore-Venezianische-Fiesen-CIMG5174-300x258.jpg 300w, https:\/\/www.patchworkmanufaktur.de\/wp-content\/uploads\/Hannelore-Venezianische-Fiesen-CIMG5174-768x661.jpg 768w, https:\/\/www.patchworkmanufaktur.de\/wp-content\/uploads\/Hannelore-Venezianische-Fiesen-CIMG5174.jpg 1498w\" sizes=\"auto, (max-width: 182px) 100vw, 182px\" \/><\/a><\/p>\r\n<p style=\"text-align: center;\">Und auch noch aus sch\u00f6nen Stoffen diese Arbeiten geschafft.<a href=\"http:\/\/www.patchworkmanufaktur.de\/wp-content\/uploads\/Hannelore-Blockhaus-varianten-CIMG5175.jpg\"><br \/><img loading=\"lazy\" decoding=\"async\" class=\"aligncenter  wp-image-2421\" src=\"http:\/\/www.patchworkmanufaktur.de\/wp-content\/uploads\/Hannelore-Blockhaus-varianten-CIMG5175-1024x640.jpg\" alt=\"\" width=\"258\" height=\"161\" srcset=\"https:\/\/www.patchworkmanufaktur.de\/wp-content\/uploads\/Hannelore-Blockhaus-varianten-CIMG5175-1024x640.jpg 1024w, https:\/\/www.patchworkmanufaktur.de\/wp-content\/uploads\/Hannelore-Blockhaus-varianten-CIMG5175-300x188.jpg 300w, https:\/\/www.patchworkmanufaktur.de\/wp-content\/uploads\/Hannelore-Blockhaus-varianten-CIMG5175-768x480.jpg 768w, https:\/\/www.patchworkmanufaktur.de\/wp-content\/uploads\/Hannelore-Blockhaus-varianten-CIMG5175-320x200.jpg 320w, https:\/\/www.patchworkmanufaktur.de\/wp-content\/uploads\/Hannelore-Blockhaus-varianten-CIMG5175.jpg 1737w\" sizes=\"auto, (max-width: 258px) 100vw, 258px\" \/><\/a><\/p>\r\n<p style=\"text-align: center;\">****************************************************<\/p>\r\n<p style=\"text-align: center;\"><a href=\"http:\/\/www.patchworkmanufaktur.de\/wp-content\/uploads\/Waltraud-M\u00fcller-Babydecke-CIMG5220.jpg\">Waltraud hat f\u00fcr eine neue Erdenb\u00fcrgerin eine Babydecke gen\u00e4ht!<img loading=\"lazy\" decoding=\"async\" class=\"aligncenter  wp-image-2457\" src=\"http:\/\/www.patchworkmanufaktur.de\/wp-content\/uploads\/Waltraud-M\u00fcller-Babydecke-CIMG5220-1024x1024.jpg\" alt=\"\" width=\"149\" height=\"149\" srcset=\"https:\/\/www.patchworkmanufaktur.de\/wp-content\/uploads\/Waltraud-M\u00fcller-Babydecke-CIMG5220-1024x1024.jpg 1024w, https:\/\/www.patchworkmanufaktur.de\/wp-content\/uploads\/Waltraud-M\u00fcller-Babydecke-CIMG5220-150x150.jpg 150w, https:\/\/www.patchworkmanufaktur.de\/wp-content\/uploads\/Waltraud-M\u00fcller-Babydecke-CIMG5220-300x300.jpg 300w, https:\/\/www.patchworkmanufaktur.de\/wp-content\/uploads\/Waltraud-M\u00fcller-Babydecke-CIMG5220-768x768.jpg 768w, https:\/\/www.patchworkmanufaktur.de\/wp-content\/uploads\/Waltraud-M\u00fcller-Babydecke-CIMG5220.jpg 1422w\" sizes=\"auto, (max-width: 149px) 100vw, 149px\" \/><\/a><\/p>\r\n<p><a href=\"http:\/\/www.patchworkmanufaktur.de\/wp-content\/uploads\/Waltraud-M\u00fcller-Babydecke-R\u00fcckseite-CIMG5221-1.jpg\">\u00a0 \u00a0 \u00a0 \u00a0 \u00a0 \u00a0Vorderseite und R\u00fcckseite ist gepatcht ! \u00a0 \u00a0 \u00a0 \u00a0 \u00a0 \u00a0\u00a0<\/a><a href=\"http:\/\/www.patchworkmanufaktur.de\/wp-content\/uploads\/Waltraud-M\u00fcller-Babydecke-R\u00fcckseite-CIMG5221-1.jpg\"><img loading=\"lazy\" decoding=\"async\" class=\"aligncenter  wp-image-2459\" src=\"http:\/\/www.patchworkmanufaktur.de\/wp-content\/uploads\/Waltraud-M\u00fcller-Babydecke-R\u00fcckseite-CIMG5221-1-1024x1009.jpg\" alt=\"\" width=\"152\" height=\"150\" srcset=\"https:\/\/www.patchworkmanufaktur.de\/wp-content\/uploads\/Waltraud-M\u00fcller-Babydecke-R\u00fcckseite-CIMG5221-1-1024x1009.jpg 1024w, https:\/\/www.patchworkmanufaktur.de\/wp-content\/uploads\/Waltraud-M\u00fcller-Babydecke-R\u00fcckseite-CIMG5221-1-300x295.jpg 300w, https:\/\/www.patchworkmanufaktur.de\/wp-content\/uploads\/Waltraud-M\u00fcller-Babydecke-R\u00fcckseite-CIMG5221-1-768x756.jpg 768w, https:\/\/www.patchworkmanufaktur.de\/wp-content\/uploads\/Waltraud-M\u00fcller-Babydecke-R\u00fcckseite-CIMG5221-1.jpg 1462w\" sizes=\"auto, (max-width: 152px) 100vw, 152px\" \/><\/a><\/p>\r\n<p>\u00a0 \u00a0 \u00a0 \u00a0 \u00a0 \u00a0 \u00a0 \u00a0 Und auf der Haushaltn\u00e4hmaschine gequ\u00e4lte.<\/p>\r\n<p style=\"text-align: center;\">**************************************<\/p>\r\n<p style=\"text-align: center;\">Sylvia wird auch stolze Oma!<\/p>\r\n<p style=\"text-align: center;\">Das ist der \u00a0<span style=\"color: #ff0000;\">erste Quilt von Silvia<\/span> f\u00fcr den neuen Erdenb\u00fcrger!<\/p>\r\n<p>&nbsp;<\/p>\r\n<p><a href=\"http:\/\/www.patchworkmanufaktur.de\/wp-content\/uploads\/Babydecke-\u00b4Sylvia2019-DSF7802.jpg\"><img loading=\"lazy\" decoding=\"async\" class=\"aligncenter  wp-image-2439\" src=\"http:\/\/www.patchworkmanufaktur.de\/wp-content\/uploads\/Babydecke-\u00b4Sylvia2019-DSF7802-1024x682.jpg\" alt=\"\" width=\"244\" height=\"162\" srcset=\"https:\/\/www.patchworkmanufaktur.de\/wp-content\/uploads\/Babydecke-\u00b4Sylvia2019-DSF7802-1024x682.jpg 1024w, https:\/\/www.patchworkmanufaktur.de\/wp-content\/uploads\/Babydecke-\u00b4Sylvia2019-DSF7802-300x200.jpg 300w, https:\/\/www.patchworkmanufaktur.de\/wp-content\/uploads\/Babydecke-\u00b4Sylvia2019-DSF7802-768x512.jpg 768w, https:\/\/www.patchworkmanufaktur.de\/wp-content\/uploads\/Babydecke-\u00b4Sylvia2019-DSF7802.jpg 1280w\" sizes=\"auto, (max-width: 244px) 100vw, 244px\" \/><\/a><\/p>\r\n\r\n<p class=\"has-text-align-center\"><strong>Gelungen schlicht und super exakt gen\u00e4ht, Respekt !<\/strong><\/p>\r\n\r\n\r\n\r\n<figure class=\"wp-block-image is-resized\"><img loading=\"lazy\" decoding=\"async\" class=\"wp-image-2570\" src=\"http:\/\/www.patchworkmanufaktur.de\/wp-content\/uploads\/Silvias-K\u00fcrbis-IMG_20190929_142440342.jpg\" alt=\"\" width=\"200\" height=\"169\" srcset=\"https:\/\/www.patchworkmanufaktur.de\/wp-content\/uploads\/Silvias-K\u00fcrbis-IMG_20190929_142440342.jpg 653w, https:\/\/www.patchworkmanufaktur.de\/wp-content\/uploads\/Silvias-K\u00fcrbis-IMG_20190929_142440342-300x254.jpg 300w\" sizes=\"auto, (max-width: 200px) 100vw, 200px\" \/>\r\n<figcaption><strong>Passend zum herbstlichen Wetter ist der lustige K\u00fcrbis fertig geworden!<\/strong><\/figcaption>\r\n<\/figure>\r\n\r\n\r\n\r\n<p>***********************************************************<\/p>\r\n\r\n\r\n\r\n<div class=\"wp-block-image\">\r\n<figure class=\"aligncenter is-resized\"><img loading=\"lazy\" decoding=\"async\" class=\"wp-image-2523\" src=\"http:\/\/www.patchworkmanufaktur.de\/wp-content\/uploads\/Hannelore-kl.Tischdecke-CIMG5242-1024x1007.jpg\" alt=\"\" width=\"178\" height=\"175\" srcset=\"https:\/\/www.patchworkmanufaktur.de\/wp-content\/uploads\/Hannelore-kl.Tischdecke-CIMG5242-1024x1007.jpg 1024w, https:\/\/www.patchworkmanufaktur.de\/wp-content\/uploads\/Hannelore-kl.Tischdecke-CIMG5242-300x295.jpg 300w, https:\/\/www.patchworkmanufaktur.de\/wp-content\/uploads\/Hannelore-kl.Tischdecke-CIMG5242-768x755.jpg 768w, https:\/\/www.patchworkmanufaktur.de\/wp-content\/uploads\/Hannelore-kl.Tischdecke-CIMG5242.jpg 1423w\" sizes=\"auto, (max-width: 178px) 100vw, 178px\" \/>\r\n<figcaption>Hannelore hat zu Hause flei\u00dfig gen\u00e4ht &#8211; eine gelungene Mitteldecke.<\/figcaption>\r\n<\/figure>\r\n<\/div>\r\n\r\n\r\n\r\n<div class=\"wp-block-image\">\r\n<figure class=\"aligncenter is-resized\"><img loading=\"lazy\" decoding=\"async\" class=\"wp-image-2525\" src=\"http:\/\/www.patchworkmanufaktur.de\/wp-content\/uploads\/Hannelore-Umh\u00e4ngetasche-CIMG5243-478x1024.jpg\" alt=\"\" width=\"79\" height=\"170\" srcset=\"https:\/\/www.patchworkmanufaktur.de\/wp-content\/uploads\/Hannelore-Umh\u00e4ngetasche-CIMG5243-478x1024.jpg 478w, https:\/\/www.patchworkmanufaktur.de\/wp-content\/uploads\/Hannelore-Umh\u00e4ngetasche-CIMG5243-140x300.jpg 140w, https:\/\/www.patchworkmanufaktur.de\/wp-content\/uploads\/Hannelore-Umh\u00e4ngetasche-CIMG5243.jpg 534w\" sizes=\"auto, (max-width: 79px) 100vw, 79px\" \/>\r\n<figcaption>und eine Umh\u00e4ngetasche in eleganten Grau und schwarz T\u00f6nen.<\/figcaption>\r\n<\/figure>\r\n<\/div>\r\n\r\n\r\n\r\n<p>***********************************************************<\/p>\r\n\r\n\r\n\r\n<div class=\"wp-block-image\">\r\n<figure class=\"aligncenter is-resized\"><img loading=\"lazy\" decoding=\"async\" class=\"wp-image-2541\" src=\"http:\/\/www.patchworkmanufaktur.de\/wp-content\/uploads\/Waltraud-M\u00fcllerCIMG5271-3-1024x820.jpg\" alt=\"\" width=\"265\" height=\"211\" srcset=\"https:\/\/www.patchworkmanufaktur.de\/wp-content\/uploads\/Waltraud-M\u00fcllerCIMG5271-3-1024x820.jpg 1024w, https:\/\/www.patchworkmanufaktur.de\/wp-content\/uploads\/Waltraud-M\u00fcllerCIMG5271-3-300x240.jpg 300w, https:\/\/www.patchworkmanufaktur.de\/wp-content\/uploads\/Waltraud-M\u00fcllerCIMG5271-3-768x615.jpg 768w, https:\/\/www.patchworkmanufaktur.de\/wp-content\/uploads\/Waltraud-M\u00fcllerCIMG5271-3.jpg 1439w\" sizes=\"auto, (max-width: 265px) 100vw, 265px\" \/><\/figure>\r\n<\/div>\r\n\r\n\r\n\r\n<p>Waltraud stellt Ihre neue N\u00e4hmaschinen &#8211; Haube vor. Alles Streifenf\u00e4hnchen und oben mit langem Rei\u00dfverschlu\u00df um die Haube auch mit Maschine zu tragen; so einfach und doch soooooooo wirkungsvoll ist das Unikat nun fertig!!<\/p>\r\n\r\n\r\n\r\n<p>***********************************************************<\/p>\r\n\r\n\r\n\r\n<div class=\"wp-block-image\">\r\n<figure class=\"aligncenter is-resized\"><img loading=\"lazy\" decoding=\"async\" class=\"wp-image-2581\" src=\"http:\/\/www.patchworkmanufaktur.de\/wp-content\/uploads\/Ute-Stern-12-LC-20191027_144600-830x1024.jpg\" alt=\"\" width=\"280\" height=\"345\" srcset=\"https:\/\/www.patchworkmanufaktur.de\/wp-content\/uploads\/Ute-Stern-12-LC-20191027_144600-830x1024.jpg 830w, https:\/\/www.patchworkmanufaktur.de\/wp-content\/uploads\/Ute-Stern-12-LC-20191027_144600-243x300.jpg 243w, https:\/\/www.patchworkmanufaktur.de\/wp-content\/uploads\/Ute-Stern-12-LC-20191027_144600-768x947.jpg 768w\" sizes=\"auto, (max-width: 280px) 100vw, 280px\" \/><\/figure>\r\n<\/div>\r\n\r\n\r\n\r\n<p>&nbsp;<\/p>\r\n\r\n\r\n\r\n<p class=\"has-text-align-center\">Oktober- \u00b4Kreativ N\u00e4hkreis\u00b4<\/p>\r\n\r\n\r\n\r\n<p class=\"has-text-align-center\">Erster Quilt ist fast fertig geworden. Blau ist eine sehr sch\u00f6ne Winterfarbe. Diese Arbeit hat Ute gen\u00e4ht. Bis 1. Advent ist dieser Stern dann sicher fertig gequilten sein!<\/p>\r\n\r\n\r\n\r\n<p>***********************************************************************<\/p>\r\n\r\n\r\n\r\n<p><strong>Danny<\/strong> hat beim 1. <span style=\"color: #23282d; font-family: Menlo, Consolas, monaco, monospace;\"><span style=\"caret-color: #23282d;\">Kreativ-N\u00e4hkreis<\/span><\/span> 2020 eine schwierige Aufgabe in Angriff genommen und prompt mit <strong>1a<\/strong> bestanden!<\/p>\r\n\r\n\r\n\r\n<div class=\"wp-block-image\">\r\n<figure class=\"aligncenter size-medium is-resized\"><img loading=\"lazy\" decoding=\"async\" class=\"wp-image-2642\" src=\"http:\/\/www.patchworkmanufaktur.de\/wp-content\/uploads\/Danny-Schmidke-Verschnitt-Technik-20200126_203213-169x300.jpg\" alt=\"\" width=\"213\" height=\"378\" srcset=\"https:\/\/www.patchworkmanufaktur.de\/wp-content\/uploads\/Danny-Schmidke-Verschnitt-Technik-20200126_203213-169x300.jpg 169w, https:\/\/www.patchworkmanufaktur.de\/wp-content\/uploads\/Danny-Schmidke-Verschnitt-Technik-20200126_203213-576x1024.jpg 576w, https:\/\/www.patchworkmanufaktur.de\/wp-content\/uploads\/Danny-Schmidke-Verschnitt-Technik-20200126_203213-768x1365.jpg 768w, https:\/\/www.patchworkmanufaktur.de\/wp-content\/uploads\/Danny-Schmidke-Verschnitt-Technik-20200126_203213-864x1536.jpg 864w, https:\/\/www.patchworkmanufaktur.de\/wp-content\/uploads\/Danny-Schmidke-Verschnitt-Technik-20200126_203213-1152x2048.jpg 1152w, https:\/\/www.patchworkmanufaktur.de\/wp-content\/uploads\/Danny-Schmidke-Verschnitt-Technik-20200126_203213-scaled.jpg 1440w\" sizes=\"auto, (max-width: 213px) 100vw, 213px\" \/>\r\n<figcaption><strong><em>Gratulation!!<\/em><\/strong><br \/><br \/>*******************************************************************<\/figcaption>\r\n<\/figure>\r\n<\/div>\r\n\r\n\r\n\r\n<div class=\"wp-block-image\">\r\n<figure class=\"aligncenter size-large is-resized\"><img loading=\"lazy\" decoding=\"async\" class=\"wp-image-2648\" src=\"http:\/\/www.patchworkmanufaktur.de\/wp-content\/uploads\/Ute-Fr\u00fchlink-2020-20200201_131150-937x1024.jpg\" alt=\"\" width=\"368\" height=\"401\" srcset=\"https:\/\/www.patchworkmanufaktur.de\/wp-content\/uploads\/Ute-Fr\u00fchlink-2020-20200201_131150-937x1024.jpg 937w, https:\/\/www.patchworkmanufaktur.de\/wp-content\/uploads\/Ute-Fr\u00fchlink-2020-20200201_131150-275x300.jpg 275w, https:\/\/www.patchworkmanufaktur.de\/wp-content\/uploads\/Ute-Fr\u00fchlink-2020-20200201_131150-768x839.jpg 768w, https:\/\/www.patchworkmanufaktur.de\/wp-content\/uploads\/Ute-Fr\u00fchlink-2020-20200201_131150-1406x1536.jpg 1406w, https:\/\/www.patchworkmanufaktur.de\/wp-content\/uploads\/Ute-Fr\u00fchlink-2020-20200201_131150-1875x2048.jpg 1875w\" sizes=\"auto, (max-width: 368px) 100vw, 368px\" \/><\/figure>\r\n<\/div>\r\n\r\n\r\n\r\n<p class=\"has-text-align-center\"><strong>Ute stellt den Fr\u00fchling 2020 vor. <\/strong><\/p>\r\n\r\n\r\n\r\n<p class=\"has-text-align-center\">Verschnitt Techniken machen immer wieder Spa\u00df !<\/p>\r\n\r\n\r\n\r\n<p>Und passend zu Utes Hobby, eine <strong>1a Reisetasche <\/strong>mit <em>perfekt eingesetzten <\/em>Rei\u00dfverschluss!<\/p>\r\n\r\n\r\n\r\n<p>Das macht doch immer solche Probleme, doch wie man sieht<\/p>\r\n\r\n\r\n\r\n<p><strong> GEHT DOCH !!<\/strong><\/p>\r\n\r\n\r\n\r\n<div class=\"wp-block-image\">\r\n<figure class=\"aligncenter size-large is-resized\"><img loading=\"lazy\" decoding=\"async\" class=\"wp-image-2669\" src=\"http:\/\/www.patchworkmanufaktur.de\/wp-content\/uploads\/Ute-Reisetasche-20200301_114021-1-911x1024.jpg\" alt=\"\" width=\"498\" height=\"559\" srcset=\"https:\/\/www.patchworkmanufaktur.de\/wp-content\/uploads\/Ute-Reisetasche-20200301_114021-1-911x1024.jpg 911w, https:\/\/www.patchworkmanufaktur.de\/wp-content\/uploads\/Ute-Reisetasche-20200301_114021-1-267x300.jpg 267w, https:\/\/www.patchworkmanufaktur.de\/wp-content\/uploads\/Ute-Reisetasche-20200301_114021-1-768x863.jpg 768w, https:\/\/www.patchworkmanufaktur.de\/wp-content\/uploads\/Ute-Reisetasche-20200301_114021-1-1367x1536.jpg 1367w, https:\/\/www.patchworkmanufaktur.de\/wp-content\/uploads\/Ute-Reisetasche-20200301_114021-1-1822x2048.jpg 1822w\" sizes=\"auto, (max-width: 498px) 100vw, 498px\" \/><\/figure>\r\n<\/div>\r\n\r\n\r\n\r\n<blockquote class=\"wp-block-quote has-text-align-center is-layout-flow wp-block-quote-is-layout-flow\">\r\n<p>Ute traute sich ein Riesenarbeit zu&#8230;..<\/p>\r\n<\/blockquote>\r\n\r\n\r\n\r\n<div class=\"wp-block-image\">\r\n<figure class=\"aligncenter size-large is-resized\"><img loading=\"lazy\" decoding=\"async\" class=\"wp-image-2700\" src=\"https:\/\/www.patchworkmanufaktur.de\/wp-content\/uploads\/Ute-Kaffe-Fassett-2020-II-187c-3-scaled.jpg\" alt=\"\" width=\"452\" height=\"603\" \/><\/figure>\r\n<\/div>\r\n\r\n\r\n\r\n<div class=\"wp-block-image\">\r\n<figure class=\"aligncenter size-large is-resized\"><img loading=\"lazy\" decoding=\"async\" class=\"wp-image-2703\" src=\"https:\/\/www.patchworkmanufaktur.de\/wp-content\/uploads\/Ute-Kaffe-Fassett-III-187c-4-scaled.jpg\" alt=\"\" width=\"491\" height=\"655\" \/>\r\n<figcaption><strong>Ute <\/strong>hat im Fr\u00fchjahr 2020 eine Projekt von <strong>&#8222;Kaffe Fassett &#8220; <\/strong>mit den &#8222;original Kaffe Fassett&#8220; Stoffen, in der kontaktarmen Zeit zuhause gen\u00e4ht!! <strong>Unglaublich sch\u00f6n<\/strong> &#8211; und Sie hat die Gr\u00f6\u00dfe des Quilts auf das Ma\u00df des Bettes erweitert!<br \/><strong>Hut ab<\/strong>! <br \/>Gro\u00dfes Kompliment<br \/>**********************************<br \/><br \/>\u00dcber lange Winterabende hat Waltraud <strong>&#8222;Gelieselt&#8220; <\/strong><br \/>Das hei\u00dft, Stoffst\u00fcckchen \u00fcber Schablonen n\u00e4hen und anschlie\u00dfend zu einem Quilt zusammen f\u00fcgen!<br \/>Der Tischl\u00e4ufer kann sich sehen lassen!! <br \/>Kompliment zu dieser sch\u00f6nen Flei\u00dfarbeit.<\/figcaption>\r\n<\/figure>\r\n<\/div>\r\n\r\n\r\n\r\n\r\n\r\n<div class=\"wp-block-image\">\r\n<figure class=\"aligncenter size-large is-resized\"><img loading=\"lazy\" decoding=\"async\" class=\"wp-image-2707\" src=\"https:\/\/www.patchworkmanufaktur.de\/wp-content\/uploads\/Waltraud-Winter-2019-2020IMG_1654-1-611x1024.jpg\" alt=\"\" width=\"269\" height=\"450\" srcset=\"https:\/\/www.patchworkmanufaktur.de\/wp-content\/uploads\/Waltraud-Winter-2019-2020IMG_1654-1-611x1024.jpg 611w, https:\/\/www.patchworkmanufaktur.de\/wp-content\/uploads\/Waltraud-Winter-2019-2020IMG_1654-1-179x300.jpg 179w, https:\/\/www.patchworkmanufaktur.de\/wp-content\/uploads\/Waltraud-Winter-2019-2020IMG_1654-1-768x1288.jpg 768w, https:\/\/www.patchworkmanufaktur.de\/wp-content\/uploads\/Waltraud-Winter-2019-2020IMG_1654-1-916x1536.jpg 916w, https:\/\/www.patchworkmanufaktur.de\/wp-content\/uploads\/Waltraud-Winter-2019-2020IMG_1654-1.jpg 1048w\" sizes=\"auto, (max-width: 269px) 100vw, 269px\" \/><\/figure>\r\n<\/div>\r\n\r\n\r\n\r\n<ul class=\"wp-block-list\">\r\n<li>&#8222;Lieseln&#8220; fordert Geduld, Geduld und nochmals Geduld<\/li>\r\n<\/ul>\r\n\r\n\r\n\r\n<h2 class=\"has-text-align-center wp-block-heading\">Wir haben alle Corona gesund \u00fcberstanden und freuen uns auf den n\u00e4chsten Kreativ &#8211; N\u00e4hkreis<\/h2>\r\n\r\n\r\n\r\n<p>*********************************************************************<\/p>\r\n","protected":false},"excerpt":{"rendered":"<p>\u00a0 PATCHWORK &amp; QUILTEN\u00a0\u00a0IN MEINEM\u00a0 KREATIV &#8211;\u00a0N\u00c4HKREIS\u00a0 Patchwork &amp; Quilten in meinem &#8222;Kreativ \u2013 N\u00e4hkreis&#8220; \u00a0k\u00f6nnen Sie mit meiner Hilfe aus den unterschiedlichsten Materialien im Mix\u00a0 kreative Dinge f\u00fcr den t\u00e4glichen Gebrauch, zur pers\u00f6nlichen Freude und Lust entwickeln. Dabei bildet &hellip; <a href=\"https:\/\/www.patchworkmanufaktur.de\/?page_id=4\">Weiterlesen <span class=\"meta-nav\">&rarr;<\/span><\/a><\/p>\n","protected":false},"author":2,"featured_media":307,"parent":0,"menu_order":9,"comment_status":"closed","ping_status":"closed","template":"","meta":{"footnotes":"","_links_to":"","_links_to_target":""},"class_list":["post-4","page","type-page","status-publish","has-post-thumbnail","hentry"],"_links":{"self":[{"href":"https:\/\/www.patchworkmanufaktur.de\/index.php?rest_route=\/wp\/v2\/pages\/4","targetHints":{"allow":["GET"]}}],"collection":[{"href":"https:\/\/www.patchworkmanufaktur.de\/index.php?rest_route=\/wp\/v2\/pages"}],"about":[{"href":"https:\/\/www.patchworkmanufaktur.de\/index.php?rest_route=\/wp\/v2\/types\/page"}],"author":[{"embeddable":true,"href":"https:\/\/www.patchworkmanufaktur.de\/index.php?rest_route=\/wp\/v2\/users\/2"}],"replies":[{"embeddable":true,"href":"https:\/\/www.patchworkmanufaktur.de\/index.php?rest_route=%2Fwp%2Fv2%2Fcomments&post=4"}],"version-history":[{"count":332,"href":"https:\/\/www.patchworkmanufaktur.de\/index.php?rest_route=\/wp\/v2\/pages\/4\/revisions"}],"predecessor-version":[{"id":2834,"href":"https:\/\/www.patchworkmanufaktur.de\/index.php?rest_route=\/wp\/v2\/pages\/4\/revisions\/2834"}],"wp:featuredmedia":[{"embeddable":true,"href":"https:\/\/www.patchworkmanufaktur.de\/index.php?rest_route=\/wp\/v2\/media\/307"}],"wp:attachment":[{"href":"https:\/\/www.patchworkmanufaktur.de\/index.php?rest_route=%2Fwp%2Fv2%2Fmedia&parent=4"}],"curies":[{"name":"wp","href":"https:\/\/api.w.org\/{rel}","templated":true}]}}